{"id":5063,"date":"2019-05-06T09:37:11","date_gmt":"2019-05-06T09:37:11","guid":{"rendered":"http:\/\/demo.ovathemes.com\/lifevent\/?page_id=5063"},"modified":"2022-05-08T17:46:56","modified_gmt":"2022-05-08T17:46:56","slug":"inicio","status":"publish","type":"page","link":"https:\/\/congreso.autismosevilla.org\/","title":{"rendered":"Inicio"},"content":{"rendered":"\t\t<div data-elementor-type=\"wp-post\" data-elementor-id=\"5063\" class=\"elementor elementor-5063\" data-elementor-settings=\"[]\">\n\t\t\t\t\t\t\t<div class=\"elementor-section-wrap\">\n\t\t\t\t\t\t\t<section class=\"elementor-section elementor-top-section elementor-element elementor-element-4b790e06 elementor-section-full_width elementor-section-height-default elementor-section-height-default\" data-id=\"4b790e06\" data-element_type=\"section\">\n\t\t\t\t\t\t<div class=\"elementor-container elementor-column-gap-no\">\n\t\t\t\t\t<div class=\"elementor-column elementor-col-100 elementor-top-column elementor-element elementor-element-4c6883a0\" data-id=\"4c6883a0\" data-element_type=\"column\">\n\t\t\t<div class=\"elementor-widget-wrap elementor-element-populated\">\n\t\t\t\t\t\t\t\t<div class=\"elementor-element elementor-element-75228e5 elementor-widget elementor-widget-ova_slideshow\" data-id=\"75228e5\" data-element_type=\"widget\" data-widget_type=\"ova_slideshow.default\">\n\t\t\t\t<div class=\"elementor-widget-container\">\n\t\t\t\t\t<div class=\"ova_slideshow elementor-slides-wrapper dots_style \" dir=\"ltr\">\n\t\t\t<div class=\"elementor-slides owl-carousel owl-theme owl-loaded arrows-inside arrows-show-always dots-bottom animated owl-animated-out owl-animated-in\" data-owl_carousel=\"{&quot;items&quot;:1,&quot;singleItem&quot;:1,&quot;autoplayTimeout&quot;:10000,&quot;autoplay&quot;:false,&quot;loop&quot;:false,&quot;nav&quot;:true,&quot;dots&quot;:true,&quot;rtl&quot;:false,&quot;dotsClass&quot;:&quot;owl-dots&quot;,&quot;mouseDrag&quot;:false,&quot;navText&quot;:[&quot;&lt;i class=\\&quot;ti-angle-left\\&quot;&gt;&lt;\\\/i&gt;&quot;,&quot;&lt;i class=\\&quot;ti-angle-right\\&quot;&gt;&lt;\\\/i&gt;&quot;]}\">\n\t\t\t\t<div class=\" elementor-repeater-item-741fb1a items\" data-dot=\" <div>Slide 1<\/div> <button><span><\/span><\/button>\"><div class=\" slide-bg\" ><\/div>\n\t\t\t<div class=\"slide-inner\"><div class=\"elementor-background-overlay\"><\/div><div class=\"container\"><div class=\"row\"><div class=\"elementor-slide-content\"><div class=\"second_font elementor-slide-subtitle\"><span class=\"second_font elementor-slide-date\"><i class=\"ti-calendar\"><\/i>12 y 13 de Mayo, 2022<\/span><span class=\"second_font elementor-slide-location\"><i class=\"ti-location-pin\"><\/i>Sevilla<\/span><\/div><div class=\"second_font elementor-slide-title \">II Congreso Internacional Autismo Sevilla<\/div><div class=\"elementor-slide-description\"><\/div><a href=\"https:\/\/form.jotform.com\/autismosevilla\/inscripciones-congreso\" target=\"_blank\" rel=\"nofollow\" class=\"elementor-slide-button style_2\">Inscripciones<\/a><\/div><\/div><\/div><\/div><\/div>\t\t\t<\/div>\n\t\t<\/div>\n\t\t\t\t<\/div>\n\t\t\t\t<\/div>\n\t\t\t\t\t<\/div>\n\t\t<\/div>\n\t\t\t\t\t\t\t<\/div>\n\t\t<\/section>\n\t\t\t\t<section class=\"elementor-section elementor-top-section elementor-element elementor-element-6f117214 elementor-section-boxed elementor-section-height-default elementor-section-height-default\" data-id=\"6f117214\" data-element_type=\"section\">\n\t\t\t\t\t\t<div class=\"elementor-container elementor-column-gap-default\">\n\t\t\t\t\t<div class=\"elementor-column elementor-col-100 elementor-top-column elementor-element elementor-element-252c6e5c\" data-id=\"252c6e5c\" data-element_type=\"column\">\n\t\t\t<div class=\"elementor-widget-wrap elementor-element-populated\">\n\t\t\t\t\t\t\t\t<div class=\"elementor-element elementor-element-1f4fd464 elementor-widget elementor-widget-ova_time_countdown\" data-id=\"1f4fd464\" data-element_type=\"widget\" data-widget_type=\"ova_time_countdown.default\">\n\t\t\t\t<div class=\"elementor-widget-container\">\n\t\t\t\t\t<div class=\"ova_time_countdown\">\n\t\t\t<div class=\"due_date\" data-day=\"2022-05-12 15:00\"><\/div>\n\t\t<\/div>\n\t\t\t\t<\/div>\n\t\t\t\t<\/div>\n\t\t\t\t\t<\/div>\n\t\t<\/div>\n\t\t\t\t\t\t\t<\/div>\n\t\t<\/section>\n\t\t\t\t<section class=\"elementor-section elementor-top-section elementor-element elementor-element-22f3671 elementor-section-boxed elementor-section-height-default elementor-section-height-default\" data-id=\"22f3671\" data-element_type=\"section\">\n\t\t\t\t\t\t<div class=\"elementor-container elementor-column-gap-default\">\n\t\t\t\t\t<div class=\"elementor-column elementor-col-100 elementor-top-column elementor-element elementor-element-c2bc3c3\" data-id=\"c2bc3c3\" data-element_type=\"column\">\n\t\t\t<div class=\"elementor-widget-wrap elementor-element-populated\">\n\t\t\t\t\t\t\t\t<div class=\"elementor-element elementor-element-07fab7c elementor-widget elementor-widget-ova_heading\" data-id=\"07fab7c\" data-element_type=\"widget\" data-widget_type=\"ova_heading.default\">\n\t\t\t\t<div class=\"elementor-widget-container\">\n\t\t\t\t\t<div class=\"ova_heading\">\n\t\t\t\t\t\t\t<h1 class=\"heading_title second_font\">Colaboradores<\/h1>\n\t\t\t\t\t\t\t\t<\/div>\n\t\t\t\t<\/div>\n\t\t\t\t<\/div>\n\t\t\t\t\t<\/div>\n\t\t<\/div>\n\t\t\t\t\t\t\t<\/div>\n\t\t<\/section>\n\t\t\t\t<section class=\"elementor-section elementor-top-section elementor-element elementor-element-12f1bfe1 elementor-section-boxed elementor-section-height-default elementor-section-height-default\" data-id=\"12f1bfe1\" data-element_type=\"section\">\n\t\t\t\t\t\t<div class=\"elementor-container elementor-column-gap-default\">\n\t\t\t\t\t<div class=\"elementor-column elementor-col-100 elementor-top-column elementor-element elementor-element-c0514a2\" data-id=\"c0514a2\" data-element_type=\"column\">\n\t\t\t<div class=\"elementor-widget-wrap elementor-element-populated\">\n\t\t\t\t\t\t\t\t<div class=\"elementor-element elementor-element-3014cd8 mobile-border-right-none elementor-widget elementor-widget-image\" data-id=\"3014cd8\" data-element_type=\"widget\" data-widget_type=\"image.default\">\n\t\t\t\t<div class=\"elementor-widget-container\">\n\t\t\t\t\t\t\t\t\t\t\t\t\t\t\t\t<a href=\"https:\/\/fundacionlacaixa.org\/es\/home\">\n\t\t\t\t\t\t\t<img decoding=\"async\" width=\"768\" height=\"371\" src=\"https:\/\/congreso.autismosevilla.org\/wp-content\/uploads\/2022\/01\/FC2-CMYK-cast-1-768x371.jpg\" class=\"attachment-medium_large size-medium_large\" alt=\"\" loading=\"lazy\" srcset=\"https:\/\/congreso.autismosevilla.org\/wp-content\/uploads\/2022\/01\/FC2-CMYK-cast-1-768x371.jpg 768w, https:\/\/congreso.autismosevilla.org\/wp-content\/uploads\/2022\/01\/FC2-CMYK-cast-1-300x145.jpg 300w, https:\/\/congreso.autismosevilla.org\/wp-content\/uploads\/2022\/01\/FC2-CMYK-cast-1.jpg 896w\" sizes=\"(max-width: 768px) 100vw, 768px\" \/>\t\t\t\t\t\t\t\t<\/a>\n\t\t\t\t\t\t\t\t\t\t\t\t\t\t\t<\/div>\n\t\t\t\t<\/div>\n\t\t\t\t<div class=\"elementor-element elementor-element-a11a26a elementor-widget-divider--view-line elementor-widget elementor-widget-divider\" data-id=\"a11a26a\" data-element_type=\"widget\" data-widget_type=\"divider.default\">\n\t\t\t\t<div class=\"elementor-widget-container\">\n\t\t\t\t\t<div class=\"elementor-divider\">\n\t\t\t<span class=\"elementor-divider-separator\">\n\t\t\t\t\t\t<\/span>\n\t\t<\/div>\n\t\t\t\t<\/div>\n\t\t\t\t<\/div>\n\t\t\t\t\t<\/div>\n\t\t<\/div>\n\t\t\t\t\t\t\t<\/div>\n\t\t<\/section>\n\t\t\t\t<section class=\"elementor-section elementor-top-section elementor-element elementor-element-898dbb0 elementor-section-boxed elementor-section-height-default elementor-section-height-default\" data-id=\"898dbb0\" data-element_type=\"section\">\n\t\t\t\t\t\t<div class=\"elementor-container elementor-column-gap-default\">\n\t\t\t\t\t<div class=\"elementor-column elementor-col-20 elementor-top-column elementor-element elementor-element-5cd0708\" data-id=\"5cd0708\" data-element_type=\"column\">\n\t\t\t<div class=\"elementor-widget-wrap elementor-element-populated\">\n\t\t\t\t\t\t\t\t<div class=\"elementor-element elementor-element-8bb8b1e mobile-border-right-none elementor-widget elementor-widget-image\" data-id=\"8bb8b1e\" data-element_type=\"widget\" data-widget_type=\"image.default\">\n\t\t\t\t<div class=\"elementor-widget-container\">\n\t\t\t\t\t\t\t\t\t\t\t\t\t\t\t<img decoding=\"async\" width=\"188\" height=\"268\" src=\"https:\/\/congreso.autismosevilla.org\/wp-content\/uploads\/2022\/04\/images-1.png\" class=\"attachment-full size-full\" alt=\"\" loading=\"lazy\" \/>\t\t\t\t\t\t\t\t\t\t\t\t\t\t\t<\/div>\n\t\t\t\t<\/div>\n\t\t\t\t\t<\/div>\n\t\t<\/div>\n\t\t\t\t<div class=\"elementor-column elementor-col-20 elementor-top-column elementor-element elementor-element-d81c5dc\" data-id=\"d81c5dc\" data-element_type=\"column\">\n\t\t\t<div class=\"elementor-widget-wrap elementor-element-populated\">\n\t\t\t\t\t\t\t\t<div class=\"elementor-element elementor-element-b466422 mobile-border-right-none elementor-widget elementor-widget-image\" data-id=\"b466422\" data-element_type=\"widget\" data-widget_type=\"image.default\">\n\t\t\t\t<div class=\"elementor-widget-container\">\n\t\t\t\t\t\t\t\t\t\t\t\t\t\t\t\t<a href=\"https:\/\/www.us.es\/\">\n\t\t\t\t\t\t\t<img decoding=\"async\" width=\"233\" height=\"52\" src=\"https:\/\/congreso.autismosevilla.org\/wp-content\/uploads\/2022\/03\/Recurso-1@2x.png\" class=\"attachment-large size-large\" alt=\"\" loading=\"lazy\" \/>\t\t\t\t\t\t\t\t<\/a>\n\t\t\t\t\t\t\t\t\t\t\t\t\t\t\t<\/div>\n\t\t\t\t<\/div>\n\t\t\t\t\t<\/div>\n\t\t<\/div>\n\t\t\t\t<div class=\"elementor-column elementor-col-20 elementor-top-column elementor-element elementor-element-2f07f1d\" data-id=\"2f07f1d\" data-element_type=\"column\">\n\t\t\t<div class=\"elementor-widget-wrap elementor-element-populated\">\n\t\t\t\t\t\t\t\t<div class=\"elementor-element elementor-element-3b241b2 mobile-border-right-none elementor-widget elementor-widget-image\" data-id=\"3b241b2\" data-element_type=\"widget\" data-widget_type=\"image.default\">\n\t\t\t\t<div class=\"elementor-widget-container\">\n\t\t\t\t\t\t\t\t\t\t\t\t\t\t\t\t<a href=\"https:\/\/www.us.es\/\">\n\t\t\t\t\t\t\t<img decoding=\"async\" width=\"150\" height=\"145\" src=\"https:\/\/congreso.autismosevilla.org\/wp-content\/uploads\/2022\/01\/US-150x145.png\" class=\"attachment-thumbnail size-thumbnail\" alt=\"\" loading=\"lazy\" \/>\t\t\t\t\t\t\t\t<\/a>\n\t\t\t\t\t\t\t\t\t\t\t\t\t\t\t<\/div>\n\t\t\t\t<\/div>\n\t\t\t\t\t<\/div>\n\t\t<\/div>\n\t\t\t\t<div class=\"elementor-column elementor-col-20 elementor-top-column elementor-element elementor-element-e5f4524\" data-id=\"e5f4524\" data-element_type=\"column\">\n\t\t\t<div class=\"elementor-widget-wrap elementor-element-populated\">\n\t\t\t\t\t\t\t\t<div class=\"elementor-element elementor-element-46b839b mobile-border-right-none elementor-widget elementor-widget-image\" data-id=\"46b839b\" data-element_type=\"widget\" data-widget_type=\"image.default\">\n\t\t\t\t<div class=\"elementor-widget-container\">\n\t\t\t\t\t\t\t\t\t\t\t\t\t\t\t\t<a href=\"https:\/\/fundacionlacaixa.org\/es\/home\">\n\t\t\t\t\t\t\t<img decoding=\"async\" width=\"300\" height=\"169\" src=\"https:\/\/congreso.autismosevilla.org\/wp-content\/uploads\/2022\/03\/Logo-Bidafarma-300x169.jpg\" class=\"attachment-medium size-medium\" alt=\"\" loading=\"lazy\" srcset=\"https:\/\/congreso.autismosevilla.org\/wp-content\/uploads\/2022\/03\/Logo-Bidafarma-300x169.jpg 300w, https:\/\/congreso.autismosevilla.org\/wp-content\/uploads\/2022\/03\/Logo-Bidafarma-1024x576.jpg 1024w, https:\/\/congreso.autismosevilla.org\/wp-content\/uploads\/2022\/03\/Logo-Bidafarma-768x432.jpg 768w, https:\/\/congreso.autismosevilla.org\/wp-content\/uploads\/2022\/03\/Logo-Bidafarma-1536x864.jpg 1536w, https:\/\/congreso.autismosevilla.org\/wp-content\/uploads\/2022\/03\/Logo-Bidafarma.jpg 1920w\" sizes=\"(max-width: 300px) 100vw, 300px\" \/>\t\t\t\t\t\t\t\t<\/a>\n\t\t\t\t\t\t\t\t\t\t\t\t\t\t\t<\/div>\n\t\t\t\t<\/div>\n\t\t\t\t\t<\/div>\n\t\t<\/div>\n\t\t\t\t<div class=\"elementor-column elementor-col-20 elementor-top-column elementor-element elementor-element-06446c9\" data-id=\"06446c9\" data-element_type=\"column\">\n\t\t\t<div class=\"elementor-widget-wrap elementor-element-populated\">\n\t\t\t\t\t\t\t\t<div class=\"elementor-element elementor-element-82e348b mobile-border-right-none elementor-widget elementor-widget-image\" data-id=\"82e348b\" data-element_type=\"widget\" data-widget_type=\"image.default\">\n\t\t\t\t<div class=\"elementor-widget-container\">\n\t\t\t\t\t\t\t\t\t\t\t\t\t\t\t\t<a href=\"https:\/\/fundacionlacaixa.org\/es\/home\">\n\t\t\t\t\t\t\t<img decoding=\"async\" width=\"768\" height=\"289\" src=\"https:\/\/congreso.autismosevilla.org\/wp-content\/uploads\/2022\/05\/Q-HOSP-AND_HOS-SAGRADO-CORAZON-VERT_positivo-COLOR_CMYK-768x289.jpg\" class=\"attachment-medium_large size-medium_large\" alt=\"\" loading=\"lazy\" srcset=\"https:\/\/congreso.autismosevilla.org\/wp-content\/uploads\/2022\/05\/Q-HOSP-AND_HOS-SAGRADO-CORAZON-VERT_positivo-COLOR_CMYK-768x289.jpg 768w, https:\/\/congreso.autismosevilla.org\/wp-content\/uploads\/2022\/05\/Q-HOSP-AND_HOS-SAGRADO-CORAZON-VERT_positivo-COLOR_CMYK-300x113.jpg 300w, https:\/\/congreso.autismosevilla.org\/wp-content\/uploads\/2022\/05\/Q-HOSP-AND_HOS-SAGRADO-CORAZON-VERT_positivo-COLOR_CMYK-1024x385.jpg 1024w, https:\/\/congreso.autismosevilla.org\/wp-content\/uploads\/2022\/05\/Q-HOSP-AND_HOS-SAGRADO-CORAZON-VERT_positivo-COLOR_CMYK.jpg 1268w\" sizes=\"(max-width: 768px) 100vw, 768px\" \/>\t\t\t\t\t\t\t\t<\/a>\n\t\t\t\t\t\t\t\t\t\t\t\t\t\t\t<\/div>\n\t\t\t\t<\/div>\n\t\t\t\t\t<\/div>\n\t\t<\/div>\n\t\t\t\t\t\t\t<\/div>\n\t\t<\/section>\n\t\t\t\t<section class=\"elementor-section elementor-top-section elementor-element elementor-element-044bfea elementor-section-boxed elementor-section-height-default elementor-section-height-default\" data-id=\"044bfea\" data-element_type=\"section\">\n\t\t\t\t\t\t<div class=\"elementor-container elementor-column-gap-default\">\n\t\t\t\t\t<div class=\"elementor-column elementor-col-50 elementor-top-column elementor-element elementor-element-7674731\" data-id=\"7674731\" data-element_type=\"column\">\n\t\t\t<div class=\"elementor-widget-wrap elementor-element-populated\">\n\t\t\t\t\t\t\t\t<div class=\"elementor-element elementor-element-c8845d2 elementor-widget elementor-widget-image\" data-id=\"c8845d2\" data-element_type=\"widget\" data-widget_type=\"image.default\">\n\t\t\t\t<div class=\"elementor-widget-container\">\n\t\t\t\t\t\t\t\t\t\t\t\t\t\t\t<img decoding=\"async\" width=\"1024\" height=\"683\" src=\"https:\/\/congreso.autismosevilla.org\/wp-content\/uploads\/2021\/11\/congreso-internacional-2-1024x683.jpg\" class=\"attachment-large size-large\" alt=\"\" loading=\"lazy\" srcset=\"https:\/\/congreso.autismosevilla.org\/wp-content\/uploads\/2021\/11\/congreso-internacional-2-1024x683.jpg 1024w, https:\/\/congreso.autismosevilla.org\/wp-content\/uploads\/2021\/11\/congreso-internacional-2-300x200.jpg 300w, https:\/\/congreso.autismosevilla.org\/wp-content\/uploads\/2021\/11\/congreso-internacional-2-768x512.jpg 768w, https:\/\/congreso.autismosevilla.org\/wp-content\/uploads\/2021\/11\/congreso-internacional-2-1536x1024.jpg 1536w, https:\/\/congreso.autismosevilla.org\/wp-content\/uploads\/2021\/11\/congreso-internacional-2-2048x1365.jpg 2048w\" sizes=\"(max-width: 1024px) 100vw, 1024px\" \/>\t\t\t\t\t\t\t\t\t\t\t\t\t\t\t<\/div>\n\t\t\t\t<\/div>\n\t\t\t\t\t<\/div>\n\t\t<\/div>\n\t\t\t\t<div class=\"elementor-column elementor-col-50 elementor-top-column elementor-element elementor-element-5d22f65\" data-id=\"5d22f65\" data-element_type=\"column\">\n\t\t\t<div class=\"elementor-widget-wrap elementor-element-populated\">\n\t\t\t\t\t\t\t\t<div class=\"elementor-element elementor-element-f7aaa6a elementor-widget elementor-widget-ova_heading\" data-id=\"f7aaa6a\" data-element_type=\"widget\" data-widget_type=\"ova_heading.default\">\n\t\t\t\t<div class=\"elementor-widget-container\">\n\t\t\t\t\t<div class=\"ova_heading\">\n\t\t\t\t\t\t\t<h1 class=\"heading_title second_font\">II Congreso Internacional<\/h1>\n\t\t\t\t\t\t\t\t\t\t<h2 class=\"sub_title second_font\">\nAutismo Sevilla celebra su II Congreso Internacional con la presencia de ponentes de gran renombre.<\/h2>\n\t\t\t\t\t<\/div>\n\t\t\t\t<\/div>\n\t\t\t\t<\/div>\n\t\t\t\t<div class=\"elementor-element elementor-element-197bfc4 elementor-widget elementor-widget-text-editor\" data-id=\"197bfc4\" data-element_type=\"widget\" data-widget_type=\"text-editor.default\">\n\t\t\t\t<div class=\"elementor-widget-container\">\n\t\t\t\t\t\t\t<p style=\"font-weight: 400;\">Los d\u00edas 12 y 13 de mayo y celebrado desde el Sal\u00f3n de Actos de la Facultad de Psicolog\u00eda de Sevilla, se emitir\u00e1 tambi\u00e9n en streaming para todos aquellos que elijan esa modalidad.<\/p>\t\t\t\t\t\t<\/div>\n\t\t\t\t<\/div>\n\t\t\t\t<section class=\"elementor-section elementor-inner-section elementor-element elementor-element-77dc8f3 elementor-section-boxed elementor-section-height-default elementor-section-height-default\" data-id=\"77dc8f3\" data-element_type=\"section\">\n\t\t\t\t\t\t<div class=\"elementor-container elementor-column-gap-default\">\n\t\t\t\t\t<div class=\"elementor-column elementor-col-100 elementor-inner-column elementor-element elementor-element-c9cfa18\" data-id=\"c9cfa18\" data-element_type=\"column\">\n\t\t\t<div class=\"elementor-widget-wrap elementor-element-populated\">\n\t\t\t\t\t\t\t\t<div class=\"elementor-element elementor-element-813b446 elementor-widget__width-auto elementor-widget elementor-widget-button\" data-id=\"813b446\" data-element_type=\"widget\" data-widget_type=\"button.default\">\n\t\t\t\t<div class=\"elementor-widget-container\">\n\t\t\t\t\t<div class=\"elementor-button-wrapper\">\n\t\t\t<a href=\"https:\/\/form.jotform.com\/autismosevilla\/inscripciones-congreso\" class=\"elementor-button-link elementor-button elementor-size-sm\" role=\"button\">\n\t\t\t\t\t\t<span class=\"elementor-button-content-wrapper\">\n\t\t\t\t\t\t<span class=\"elementor-button-icon elementor-align-icon-left\">\n\t\t\t\t<i aria-hidden=\"true\" class=\"fas fa-ticket-alt\"><\/i>\t\t\t<\/span>\n\t\t\t\t\t\t<span class=\"elementor-button-text\">Inscripciones<\/span>\n\t\t<\/span>\n\t\t\t\t\t<\/a>\n\t\t<\/div>\n\t\t\t\t<\/div>\n\t\t\t\t<\/div>\n\t\t\t\t\t<\/div>\n\t\t<\/div>\n\t\t\t\t\t\t\t<\/div>\n\t\t<\/section>\n\t\t\t\t\t<\/div>\n\t\t<\/div>\n\t\t\t\t\t\t\t<\/div>\n\t\t<\/section>\n\t\t\t\t<section class=\"elementor-section elementor-top-section elementor-element elementor-element-247c8724 elementor-section-boxed elementor-section-height-default elementor-section-height-default\" data-id=\"247c8724\" data-element_type=\"section\" data-settings=\"{&quot;background_background&quot;:&quot;classic&quot;}\">\n\t\t\t\t\t\t\t<div class=\"elementor-background-overlay\"><\/div>\n\t\t\t\t\t\t\t<div class=\"elementor-container elementor-column-gap-default\">\n\t\t\t\t\t<div class=\"elementor-column elementor-col-25 elementor-top-column elementor-element elementor-element-58f95fbc\" data-id=\"58f95fbc\" data-element_type=\"column\">\n\t\t\t<div class=\"elementor-widget-wrap elementor-element-populated\">\n\t\t\t\t\t\t\t\t<div class=\"elementor-element elementor-element-7ecbbac elementor-widget elementor-widget-ova_icon_lifevent\" data-id=\"7ecbbac\" data-element_type=\"widget\" data-widget_type=\"ova_icon_lifevent.default\">\n\t\t\t\t<div class=\"elementor-widget-container\">\n\t\t\t\t\t<div class=\"ova-icon-lifevent\">\n\t\t\t<i class=\"fa fa-globe\"><\/i>\n\t\t<\/div>\n\t\t\t<\/div>\n\t\t\t\t<\/div>\n\t\t\t\t<div class=\"elementor-element elementor-element-327048c5 lifevent-couter-number elementor-widget elementor-widget-counter\" data-id=\"327048c5\" data-element_type=\"widget\" data-widget_type=\"counter.default\">\n\t\t\t\t<div class=\"elementor-widget-container\">\n\t\t\t\t\t<div class=\"elementor-counter\">\n\t\t\t<div class=\"elementor-counter-number-wrapper\">\n\t\t\t\t<span class=\"elementor-counter-number-prefix\"><\/span>\n\t\t\t\t<span class=\"elementor-counter-number\" data-duration=\"2000\" data-to-value=\"4\" data-from-value=\"0\" data-delimiter=\",\">0<\/span>\n\t\t\t\t<span class=\"elementor-counter-number-suffix\"><\/span>\n\t\t\t<\/div>\n\t\t\t\t\t\t\t<div class=\"elementor-counter-title\">Ponentes <br> Internacionales<\/div>\n\t\t\t\t\t<\/div>\n\t\t\t\t<\/div>\n\t\t\t\t<\/div>\n\t\t\t\t\t<\/div>\n\t\t<\/div>\n\t\t\t\t<div class=\"elementor-column elementor-col-25 elementor-top-column elementor-element elementor-element-670b8acd\" data-id=\"670b8acd\" data-element_type=\"column\">\n\t\t\t<div class=\"elementor-widget-wrap elementor-element-populated\">\n\t\t\t\t\t\t\t\t<div class=\"elementor-element elementor-element-4792b93 elementor-widget elementor-widget-ova_icon_lifevent\" data-id=\"4792b93\" data-element_type=\"widget\" data-widget_type=\"ova_icon_lifevent.default\">\n\t\t\t\t<div class=\"elementor-widget-container\">\n\t\t\t\t\t<div class=\"ova-icon-lifevent\">\n\t\t\t<i class=\"fa fa-users\"><\/i>\n\t\t<\/div>\n\t\t\t<\/div>\n\t\t\t\t<\/div>\n\t\t\t\t<div class=\"elementor-element elementor-element-761938c4 lifevent-couter-number elementor-widget elementor-widget-counter\" data-id=\"761938c4\" data-element_type=\"widget\" data-widget_type=\"counter.default\">\n\t\t\t\t<div class=\"elementor-widget-container\">\n\t\t\t\t\t<div class=\"elementor-counter\">\n\t\t\t<div class=\"elementor-counter-number-wrapper\">\n\t\t\t\t<span class=\"elementor-counter-number-prefix\"><\/span>\n\t\t\t\t<span class=\"elementor-counter-number\" data-duration=\"2000\" data-to-value=\"15\" data-from-value=\"0\" data-delimiter=\",\">0<\/span>\n\t\t\t\t<span class=\"elementor-counter-number-suffix\"><\/span>\n\t\t\t<\/div>\n\t\t\t\t\t\t\t<div class=\"elementor-counter-title\">Ponentes <br> Nacionales<\/div>\n\t\t\t\t\t<\/div>\n\t\t\t\t<\/div>\n\t\t\t\t<\/div>\n\t\t\t\t\t<\/div>\n\t\t<\/div>\n\t\t\t\t<div class=\"elementor-column elementor-col-25 elementor-top-column elementor-element elementor-element-62d982ef\" data-id=\"62d982ef\" data-element_type=\"column\">\n\t\t\t<div class=\"elementor-widget-wrap elementor-element-populated\">\n\t\t\t\t\t\t\t\t<div class=\"elementor-element elementor-element-04ca8a6 elementor-widget elementor-widget-ova_icon_lifevent\" data-id=\"04ca8a6\" data-element_type=\"widget\" data-widget_type=\"ova_icon_lifevent.default\">\n\t\t\t\t<div class=\"elementor-widget-container\">\n\t\t\t\t\t<div class=\"ova-icon-lifevent\">\n\t\t\t<i class=\"fa fa-graduation-cap\"><\/i>\n\t\t<\/div>\n\t\t\t<\/div>\n\t\t\t\t<\/div>\n\t\t\t\t<div class=\"elementor-element elementor-element-13ffcfb lifevent-couter-number elementor-widget elementor-widget-counter\" data-id=\"13ffcfb\" data-element_type=\"widget\" data-widget_type=\"counter.default\">\n\t\t\t\t<div class=\"elementor-widget-container\">\n\t\t\t\t\t<div class=\"elementor-counter\">\n\t\t\t<div class=\"elementor-counter-number-wrapper\">\n\t\t\t\t<span class=\"elementor-counter-number-prefix\">+<\/span>\n\t\t\t\t<span class=\"elementor-counter-number\" data-duration=\"2000\" data-to-value=\"12\" data-from-value=\"0\" data-delimiter=\",\">0<\/span>\n\t\t\t\t<span class=\"elementor-counter-number-suffix\"><\/span>\n\t\t\t<\/div>\n\t\t\t\t\t\t\t<div class=\"elementor-counter-title\">Horas de <br\/> Formaci\u00f3n<\/div>\n\t\t\t\t\t<\/div>\n\t\t\t\t<\/div>\n\t\t\t\t<\/div>\n\t\t\t\t\t<\/div>\n\t\t<\/div>\n\t\t\t\t<div class=\"elementor-column elementor-col-25 elementor-top-column elementor-element elementor-element-27f29639\" data-id=\"27f29639\" data-element_type=\"column\">\n\t\t\t<div class=\"elementor-widget-wrap elementor-element-populated\">\n\t\t\t\t\t\t\t\t<div class=\"elementor-element elementor-element-459fb1b elementor-widget elementor-widget-ova_icon_lifevent\" data-id=\"459fb1b\" data-element_type=\"widget\" data-widget_type=\"ova_icon_lifevent.default\">\n\t\t\t\t<div class=\"elementor-widget-container\">\n\t\t\t\t\t<div class=\"ova-icon-lifevent\">\n\t\t\t<i class=\"fa fa-ticket\"><\/i>\n\t\t<\/div>\n\t\t\t<\/div>\n\t\t\t\t<\/div>\n\t\t\t\t<div class=\"elementor-element elementor-element-6bff102 lifevent-couter-number elementor-widget elementor-widget-counter\" data-id=\"6bff102\" data-element_type=\"widget\" data-widget_type=\"counter.default\">\n\t\t\t\t<div class=\"elementor-widget-container\">\n\t\t\t\t\t<div class=\"elementor-counter\">\n\t\t\t<div class=\"elementor-counter-number-wrapper\">\n\t\t\t\t<span class=\"elementor-counter-number-prefix\"><\/span>\n\t\t\t\t<span class=\"elementor-counter-number\" data-duration=\"2000\" data-to-value=\"300\" data-from-value=\"0\" data-delimiter=\",\">0<\/span>\n\t\t\t\t<span class=\"elementor-counter-number-suffix\"><\/span>\n\t\t\t<\/div>\n\t\t\t\t\t\t\t<div class=\"elementor-counter-title\">Entradas <br> disponibles<\/div>\n\t\t\t\t\t<\/div>\n\t\t\t\t<\/div>\n\t\t\t\t<\/div>\n\t\t\t\t\t<\/div>\n\t\t<\/div>\n\t\t\t\t\t\t\t<\/div>\n\t\t<\/section>\n\t\t\t\t<section class=\"elementor-section elementor-top-section elementor-element elementor-element-71841093 elementor-section-full_width elementor-section-content-middle elementor-section-height-default elementor-section-height-default\" data-id=\"71841093\" data-element_type=\"section\" data-settings=\"{&quot;background_background&quot;:&quot;classic&quot;}\">\n\t\t\t\t\t\t<div class=\"elementor-container elementor-column-gap-default\">\n\t\t\t\t\t<div class=\"elementor-column elementor-col-50 elementor-top-column elementor-element elementor-element-409ef2d2\" data-id=\"409ef2d2\" data-element_type=\"column\" data-settings=\"{&quot;background_background&quot;:&quot;classic&quot;}\">\n\t\t\t<div class=\"elementor-widget-wrap\">\n\t\t\t\t\t<div class=\"elementor-background-overlay\"><\/div>\n\t\t\t\t\t\t\t\t\t<\/div>\n\t\t<\/div>\n\t\t\t\t<div class=\"elementor-column elementor-col-50 elementor-top-column elementor-element elementor-element-21014a24\" data-id=\"21014a24\" data-element_type=\"column\" data-settings=\"{&quot;background_background&quot;:&quot;classic&quot;}\">\n\t\t\t<div class=\"elementor-widget-wrap elementor-element-populated\">\n\t\t\t\t\t<div class=\"elementor-background-overlay\"><\/div>\n\t\t\t\t\t\t\t\t<div class=\"elementor-element elementor-element-618869ce elementor-widget elementor-widget-heading\" data-id=\"618869ce\" data-element_type=\"widget\" data-widget_type=\"heading.default\">\n\t\t\t\t<div class=\"elementor-widget-container\">\n\t\t\t<h2 class=\"elementor-heading-title elementor-size-default\">Autismo Sevilla<\/h2>\t\t<\/div>\n\t\t\t\t<\/div>\n\t\t\t\t<div class=\"elementor-element elementor-element-69cb4247 white_color elementor-widget elementor-widget-text-editor\" data-id=\"69cb4247\" data-element_type=\"widget\" data-widget_type=\"text-editor.default\">\n\t\t\t\t<div class=\"elementor-widget-container\">\n\t\t\t\t\t\t\t<p>A lo largo de 25 a\u00f1os se ha consolidado como referente especializado en Trastornos del Espectro del Autismo en la provincia de Sevilla, con un Centro Integral de Recursos que forma a m\u00e1s de 2.500 personas al a\u00f1o.<\/p>\t\t\t\t\t\t<\/div>\n\t\t\t\t<\/div>\n\t\t\t\t<div class=\"elementor-element elementor-element-e3b02a1 elementor-icon-list--layout-traditional elementor-list-item-link-full_width elementor-widget elementor-widget-icon-list\" data-id=\"e3b02a1\" data-element_type=\"widget\" data-widget_type=\"icon-list.default\">\n\t\t\t\t<div class=\"elementor-widget-container\">\n\t\t\t\t\t<ul class=\"elementor-icon-list-items\">\n\t\t\t\t\t\t\t<li class=\"elementor-icon-list-item\">\n\t\t\t\t\t\t\t\t\t\t\t<span class=\"elementor-icon-list-icon\">\n\t\t\t\t\t\t\t<i aria-hidden=\"true\" class=\"fas fa-circle\"><\/i>\t\t\t\t\t\t<\/span>\n\t\t\t\t\t\t\t\t\t\t<span class=\"elementor-icon-list-text\">Ofert\u00f3 m\u00e1s de 1.500 h. de formaci\u00f3n para profesionales en el curso 20\/21.<\/span>\n\t\t\t\t\t\t\t\t\t<\/li>\n\t\t\t\t\t\t\t\t<li class=\"elementor-icon-list-item\">\n\t\t\t\t\t\t\t\t\t\t\t<span class=\"elementor-icon-list-icon\">\n\t\t\t\t\t\t\t<i aria-hidden=\"true\" class=\"fas fa-circle\"><\/i>\t\t\t\t\t\t<\/span>\n\t\t\t\t\t\t\t\t\t\t<span class=\"elementor-icon-list-text\">Un grupo de profesionales especializado en atender y formar en TEA.<\/span>\n\t\t\t\t\t\t\t\t\t<\/li>\n\t\t\t\t\t\t\t\t<li class=\"elementor-icon-list-item\">\n\t\t\t\t\t\t\t\t\t\t\t<span class=\"elementor-icon-list-icon\">\n\t\t\t\t\t\t\t<i aria-hidden=\"true\" class=\"fas fa-circle\"><\/i>\t\t\t\t\t\t<\/span>\n\t\t\t\t\t\t\t\t\t\t<span class=\"elementor-icon-list-text\">Comprometidos con el Proyecto de Vida de las personas con TEA.<\/span>\n\t\t\t\t\t\t\t\t\t<\/li>\n\t\t\t\t\t\t<\/ul>\n\t\t\t\t<\/div>\n\t\t\t\t<\/div>\n\t\t\t\t<div class=\"elementor-element elementor-element-79cad944 elementor-align-left elementor-widget elementor-widget-button\" data-id=\"79cad944\" data-element_type=\"widget\" data-widget_type=\"button.default\">\n\t\t\t\t<div class=\"elementor-widget-container\">\n\t\t\t\t\t<div class=\"elementor-button-wrapper\">\n\t\t\t<a href=\"https:\/\/www.autismosevilla.org\" target=\"_blank\" class=\"elementor-button-link elementor-button elementor-size-sm\" role=\"button\">\n\t\t\t\t\t\t<span class=\"elementor-button-content-wrapper\">\n\t\t\t\t\t\t<span class=\"elementor-button-icon elementor-align-icon-left\">\n\t\t\t\t<i aria-hidden=\"true\" class=\"fas fa-globe\"><\/i>\t\t\t<\/span>\n\t\t\t\t\t\t<span class=\"elementor-button-text\">Saber m\u00e1s<\/span>\n\t\t<\/span>\n\t\t\t\t\t<\/a>\n\t\t<\/div>\n\t\t\t\t<\/div>\n\t\t\t\t<\/div>\n\t\t\t\t\t<\/div>\n\t\t<\/div>\n\t\t\t\t\t\t\t<\/div>\n\t\t<\/section>\n\t\t\t\t<section class=\"elementor-section elementor-top-section elementor-element elementor-element-69bd655a elementor-section-boxed elementor-section-height-default elementor-section-height-default\" data-id=\"69bd655a\" data-element_type=\"section\" id=\"schedule\">\n\t\t\t\t\t\t<div class=\"elementor-container elementor-column-gap-default\">\n\t\t\t\t\t<div class=\"elementor-column elementor-col-33 elementor-top-column elementor-element elementor-element-40a30f08 home_sticky\" data-id=\"40a30f08\" data-element_type=\"column\">\n\t\t\t<div class=\"elementor-widget-wrap elementor-element-populated\">\n\t\t\t\t\t\t\t\t<div class=\"elementor-element elementor-element-3f545617 elementor-widget elementor-widget-heading\" data-id=\"3f545617\" data-element_type=\"widget\" data-widget_type=\"heading.default\">\n\t\t\t\t<div class=\"elementor-widget-container\">\n\t\t\t<h2 class=\"elementor-heading-title elementor-size-default\">El Programa<\/h2>\t\t<\/div>\n\t\t\t\t<\/div>\n\t\t\t\t<div class=\"elementor-element elementor-element-646de24b elementor-widget elementor-widget-text-editor\" data-id=\"646de24b\" data-element_type=\"widget\" data-widget_type=\"text-editor.default\">\n\t\t\t\t<div class=\"elementor-widget-container\">\n\t\t\t\t\t\t\t\t\t\t\t\t\t<\/div>\n\t\t\t\t<\/div>\n\t\t\t\t<div class=\"elementor-element elementor-element-42f0ca49 schedule elementor-hidden-tablet elementor-hidden-phone elementor-widget elementor-widget-button\" data-id=\"42f0ca49\" data-element_type=\"widget\" data-widget_type=\"button.default\">\n\t\t\t\t<div class=\"elementor-widget-container\">\n\t\t\t\t\t<div class=\"elementor-button-wrapper\">\n\t\t\t<a href=\"#schedule1\" class=\"elementor-button-link elementor-button elementor-size-sm\" role=\"button\">\n\t\t\t\t\t\t<span class=\"elementor-button-content-wrapper\">\n\t\t\t\t\t\t<span class=\"elementor-button-text\">Jueves 12 (Tarde)<\/span>\n\t\t<\/span>\n\t\t\t\t\t<\/a>\n\t\t<\/div>\n\t\t\t\t<\/div>\n\t\t\t\t<\/div>\n\t\t\t\t<div class=\"elementor-element elementor-element-5dfc9440 schedule elementor-hidden-tablet elementor-hidden-phone elementor-widget elementor-widget-button\" data-id=\"5dfc9440\" data-element_type=\"widget\" data-widget_type=\"button.default\">\n\t\t\t\t<div class=\"elementor-widget-container\">\n\t\t\t\t\t<div class=\"elementor-button-wrapper\">\n\t\t\t<a href=\"#schedule2\" class=\"elementor-button-link elementor-button elementor-size-sm\" role=\"button\">\n\t\t\t\t\t\t<span class=\"elementor-button-content-wrapper\">\n\t\t\t\t\t\t<span class=\"elementor-button-text\">Viernes 13 (Ma\u00f1ana)<\/span>\n\t\t<\/span>\n\t\t\t\t\t<\/a>\n\t\t<\/div>\n\t\t\t\t<\/div>\n\t\t\t\t<\/div>\n\t\t\t\t<div class=\"elementor-element elementor-element-35dde1d3 schedule elementor-hidden-tablet elementor-hidden-phone elementor-widget elementor-widget-button\" data-id=\"35dde1d3\" data-element_type=\"widget\" data-widget_type=\"button.default\">\n\t\t\t\t<div class=\"elementor-widget-container\">\n\t\t\t\t\t<div class=\"elementor-button-wrapper\">\n\t\t\t<a href=\"#schedule3\" class=\"elementor-button-link elementor-button elementor-size-sm\" role=\"button\">\n\t\t\t\t\t\t<span class=\"elementor-button-content-wrapper\">\n\t\t\t\t\t\t<span class=\"elementor-button-text\">Viernes 13 (Tarde)<\/span>\n\t\t<\/span>\n\t\t\t\t\t<\/a>\n\t\t<\/div>\n\t\t\t\t<\/div>\n\t\t\t\t<\/div>\n\t\t\t\t\t<\/div>\n\t\t<\/div>\n\t\t\t\t<div class=\"elementor-column elementor-col-66 elementor-top-column elementor-element elementor-element-46ec5ddc\" data-id=\"46ec5ddc\" data-element_type=\"column\">\n\t\t\t<div class=\"elementor-widget-wrap elementor-element-populated\">\n\t\t\t\t\t\t\t\t<div class=\"elementor-element elementor-element-39e18f57 schedule-1 schedule elementor-widget elementor-widget-heading\" data-id=\"39e18f57\" data-element_type=\"widget\" id=\"schedule1\" data-widget_type=\"heading.default\">\n\t\t\t\t<div class=\"elementor-widget-container\">\n\t\t\t<h2 class=\"elementor-heading-title elementor-size-default\">Jueves, 12 Mayo 2022<\/h2>\t\t<\/div>\n\t\t\t\t<\/div>\n\t\t\t\t<div class=\"elementor-element elementor-element-176f2e5f elementor-widget elementor-widget-ova_lifevent_according_image\" data-id=\"176f2e5f\" data-element_type=\"widget\" data-widget_type=\"ova_lifevent_according_image.default\">\n\t\t\t\t<div class=\"elementor-widget-container\">\n\t\t\t\n\t\t<div class=\"ova_lifevent_according_image wp-ova-according-393 version_1\">\n\t\t\t\n\n\n\t\t\t\t\t\t\t\t<div class=\"item-room room_filter_1 day_filter_1\">\n\t\t\t\t\t\t<div class=\"accor-lifevent-content-image  hide  \">\n\t\t\t\t\t\t\t<div class=\"wp-time\">\n\t\t\t\t\t\t\t\t<span>16:15 - 16:30<\/span>\n\t\t\t\t\t\t\t<\/div>\n\t\t\t\t\t\t\t<div class=\"wp-content\">\n\n\t\t\t\t\t\t\t\t\n\t\t\t\t\t\t\t\t<div class=\"sub-content\">\n\t\t\t\t\t\t\t\t\t<div class=\"wp-title\" data-option=\"393\">\n\t\t\t\t\t\t\t\t\t\t\n\t\t\t\t\t\t\t\t\t\t\n\n\t\t\t\t\t\t\t\t\t\t<span class=\"title\" >Presentaci\u00f3n y bienvenida al Congreso.<\/span>\n\n\t\t\t\t\t\t\t\t\t\t\n\t\t\t\t\t\t\t\t\t\t\n\t\t\t\t\t\t\t\t\t\t\n\n\t\t\t\t\t\t\t\t\t\t\t\t\t\t\t\t\t\t\t\t\t<span class=\"icon-accor\" ><i class=\" fa fa-angle-down \" id=\"394\" ><\/i><\/span>\n\t\t\t\t\t\t\t\t\t\t\t\t\t\t\t\t\t\t\t<\/div>\n\t\t\t\t\t\t\t\t\t\n\t\t\t\t\t\t\t\t<\/div>\n\t\t\t\t\t\t\t\t<!-- end sub-content -->\n\t\t\t\t\t\t\t<\/div>\n\t\t\t\t\t\t\t<div id=\"slide-394\" class=\"content \" >\n\t\t\t\t\t\t\t\t\n\t\t\t\t\t\t\t\t\t\t\t\t\t\t\t\t\t\t\t\t\t\t\t<\/div>\n\n\t\t\t\t\t\t\t<!-- end wp-content -->\n\t\t\t\t\t\t<\/div>\n\t\t\t\t\t<\/div>\n\t\t\t\t\t\t\t\t\t\t<div class=\"item-room room_filter_1 day_filter_1\">\n\t\t\t\t\t\t<div class=\"accor-lifevent-content-image  hide  \">\n\t\t\t\t\t\t\t<div class=\"wp-time\">\n\t\t\t\t\t\t\t\t<span>16:30 - 17:00<\/span>\n\t\t\t\t\t\t\t<\/div>\n\t\t\t\t\t\t\t<div class=\"wp-content\">\n\n\t\t\t\t\t\t\t\t\t\t\t\t\t\t\t\t\t<div class=\"speaker_imgs owl-carousel\">\n\n\t\t\t\t\t\t\t\t\t\t\t\t\t\t\t\t\t\t\t\t\t<img decoding=\"async\" src=\"https:\/\/congreso.autismosevilla.org\/wp-content\/uploads\/2022\/01\/ico-150x150.jpg\" alt=\"\">\n\t\t\t\t\t\t\t\t\t\t\n\t\t\t\t\t\t\t\t\t\t\n\t\t\t\t\t\t\t\t\t\t\n\t\t\t\t\t\t\t\t\t\t\n\n\t\t\t\t\t\t\t\t\t<\/div>\n\t\t\t\t\t\t\t\t\n\t\t\t\t\t\t\t\t<div class=\"sub-content\">\n\t\t\t\t\t\t\t\t\t<div class=\"wp-title\" data-option=\"393\">\n\t\t\t\t\t\t\t\t\t\t\n\t\t\t\t\t\t\t\t\t\t\n\n\t\t\t\t\t\t\t\t\t\t<span class=\"title\" >Autismo Sevilla - 25 Aniversario<\/span>\n\n\t\t\t\t\t\t\t\t\t\t\n\t\t\t\t\t\t\t\t\t\t\n\t\t\t\t\t\t\t\t\t\t\n\n\t\t\t\t\t\t\t\t\t\t\t\t\t\t\t\t\t\t\t\t\t<span class=\"icon-accor\" ><i class=\" fa fa-angle-down \" id=\"395\" ><\/i><\/span>\n\t\t\t\t\t\t\t\t\t\t\t\t\t\t\t\t\t\t\t<\/div>\n\t\t\t\t\t\t\t\t\t\n\t\t\t\t\t\t\t\t<\/div>\n\t\t\t\t\t\t\t\t<!-- end sub-content -->\n\t\t\t\t\t\t\t<\/div>\n\t\t\t\t\t\t\t<div id=\"slide-395\" class=\"content \" >\n\t\t\t\t\t\t\t\t\n\t\t\t\t\t\t\t\t\t\t\t\t\t\t\t\t\t\t\t\t\t\t\t<\/div>\n\n\t\t\t\t\t\t\t<!-- end wp-content -->\n\t\t\t\t\t\t<\/div>\n\t\t\t\t\t<\/div>\n\t\t\t\t\t\t\t\t\t\t<div class=\"item-room room_filter_1 day_filter_1\">\n\t\t\t\t\t\t<div class=\"accor-lifevent-content-image  hide  \">\n\t\t\t\t\t\t\t<div class=\"wp-time\">\n\t\t\t\t\t\t\t\t<span>17:00 - 18:00<\/span>\n\t\t\t\t\t\t\t<\/div>\n\t\t\t\t\t\t\t<div class=\"wp-content\">\n\n\t\t\t\t\t\t\t\t\t\t\t\t\t\t\t\t\t<div class=\"speaker_imgs owl-carousel\">\n\n\t\t\t\t\t\t\t\t\t\t\t\t\t\t\t\t\t\t\t\t\t<img decoding=\"async\" src=\"https:\/\/congreso.autismosevilla.org\/wp-content\/uploads\/2021\/11\/jr-alonso-150x150.jpg\" alt=\"\">\n\t\t\t\t\t\t\t\t\t\t\n\t\t\t\t\t\t\t\t\t\t\n\t\t\t\t\t\t\t\t\t\t\n\t\t\t\t\t\t\t\t\t\t\n\n\t\t\t\t\t\t\t\t\t<\/div>\n\t\t\t\t\t\t\t\t\n\t\t\t\t\t\t\t\t<div class=\"sub-content\">\n\t\t\t\t\t\t\t\t\t<div class=\"wp-title\" data-option=\"393\">\n\t\t\t\t\t\t\t\t\t\t\n\t\t\t\t\t\t\t\t\t\t\n\n\t\t\t\t\t\t\t\t\t\t<span class=\"title\" >El valor de la Neurodiversidad<\/span>\n\n\t\t\t\t\t\t\t\t\t\t\n\t\t\t\t\t\t\t\t\t\t\t\t\t\t\t\t\t\t\t\t\t<span class=\"level\">\n\t\t\t\t\t\t\t\t\t\t\t\t\t\t\t\t\t\t\t\t\t\t\t\t\t<i class=\"ti-user\"><\/i>\n\t\t\t\t\t\t\t\t\t\t\t\t\t\t\t\t\t\t\t\t\t\t\t\tJos\u00e9 Ram\u00f3n Alonso\t\t\t\t\t\t\t\t\t\t\t<\/span>\n\t\t\t\t\t\t\t\t\t\t\n\t\t\t\t\t\t\t\t\t\t\n\n\t\t\t\t\t\t\t\t\t\t\t\t\t\t\t\t\t\t\t\t\t<span class=\"icon-accor\" ><i class=\" fa fa-angle-down \" id=\"396\" ><\/i><\/span>\n\t\t\t\t\t\t\t\t\t\t\t\t\t\t\t\t\t\t\t<\/div>\n\t\t\t\t\t\t\t\t\t\n\t\t\t\t\t\t\t\t<\/div>\n\t\t\t\t\t\t\t\t<!-- end sub-content -->\n\t\t\t\t\t\t\t<\/div>\n\t\t\t\t\t\t\t<div id=\"slide-396\" class=\"content \" >\n\t\t\t\t\t\t\t\t\n\t\t\t\t\t\t\t\t\t\t\t\t\t\t\t\t\t<div class=\"item-conten\">\n\t\t\t\t\t\t\t\t\t\t<p><em><strong>*Est\u00e1 sesi\u00f3n se orientar\u00e1 en base a las preguntas y cuestiones realizadas previamente por los <\/strong><\/em><em><strong>asistentes que se\u00a0 inscriban en el\u00a0 formulario de inscripci\u00f3n. <\/strong><\/em><\/p><p><em><strong>\u00a1Haz tus preguntas en el formulario de inscripci\u00f3n!<\/strong><\/em><\/p>\t\t\t\t\t\t\t\t\t<\/div>\n\t\t\t\t\t\t\t\t\t\t\t\t\t\t\t\t\t\t\t\t\t\t\t<\/div>\n\n\t\t\t\t\t\t\t<!-- end wp-content -->\n\t\t\t\t\t\t<\/div>\n\t\t\t\t\t<\/div>\n\t\t\t\t\t\t\t\t\n\t\t\t\t\t\t<div class=\"time-title\">\n\t\t\t\t<div class=\"time\">\n\t\t\t\t\t<span>18:00 - 18:15<\/span>\n\t\t\t\t<\/div>\n\t\t\t\t<div class=\"title-element\">\n\t\t\t\t\t<span>Descanso<\/span>\n\t\t\t\t<\/div>\n\t\t\t<\/div>\n\t\t\t<\/div>\n\t\t\t<\/div>\n\t\t\t\t<\/div>\n\t\t\t\t<div class=\"elementor-element elementor-element-4a41c909 elementor-widget elementor-widget-ova_lifevent_according_image\" data-id=\"4a41c909\" data-element_type=\"widget\" data-widget_type=\"ova_lifevent_according_image.default\">\n\t\t\t\t<div class=\"elementor-widget-container\">\n\t\t\t\n\t\t<div class=\"ova_lifevent_according_image wp-ova-according-124 version_1\">\n\t\t\t\n\n\n\t\t\t\t\t\t\t\t<div class=\"item-room room_filter_1 day_filter_1\">\n\t\t\t\t\t\t<div class=\"accor-lifevent-content-image  hide  \">\n\t\t\t\t\t\t\t<div class=\"wp-time\">\n\t\t\t\t\t\t\t\t<span>18:15 - 19:15<\/span>\n\t\t\t\t\t\t\t<\/div>\n\t\t\t\t\t\t\t<div class=\"wp-content\">\n\n\t\t\t\t\t\t\t\t\t\t\t\t\t\t\t\t\t<div class=\"speaker_imgs owl-carousel\">\n\n\t\t\t\t\t\t\t\t\t\t\t\t\t\t\t\t\t\t\t\t\t<img decoding=\"async\" src=\"https:\/\/congreso.autismosevilla.org\/wp-content\/uploads\/2022\/01\/Foto_RubenPalomo_2022-150x150.jpg\" alt=\"Rub\u00e9n Palomo\">\n\t\t\t\t\t\t\t\t\t\t\n\t\t\t\t\t\t\t\t\t\t\t\t\t\t\t\t\t\t\t\t\t<img decoding=\"async\" src=\"https:\/\/congreso.autismosevilla.org\/wp-content\/uploads\/2021\/12\/javier-150x150.jpg\" alt=\"Javier Arn\u00e1iz\">\t\n\t\t\t\t\t\t\t\t\t\t\n\t\t\t\t\t\t\t\t\t\t\t\t\t\t\t\t\t\t\t\t\t<img decoding=\"async\" src=\"https:\/\/congreso.autismosevilla.org\/wp-content\/uploads\/2021\/12\/Ruth-150x150.jpg\" alt=\"Ruth Vidriales.\">\t\n\t\t\t\t\t\t\t\t\t\t\n\t\t\t\t\t\t\t\t\t\t\t\t\t\t\t\t\t\t\t\t\t<img decoding=\"async\" src=\"https:\/\/congreso.autismosevilla.org\/wp-content\/uploads\/2021\/11\/marcos-150x150.jpg\" alt=\"Marcos Zamora\">\t\n\t\t\t\t\t\t\t\t\t\t\n\n\t\t\t\t\t\t\t\t\t<\/div>\n\t\t\t\t\t\t\t\t\n\t\t\t\t\t\t\t\t<div class=\"sub-content\">\n\t\t\t\t\t\t\t\t\t<div class=\"wp-title\" data-option=\"124\">\n\t\t\t\t\t\t\t\t\t\t\n\t\t\t\t\t\t\t\t\t\t\n\n\t\t\t\t\t\t\t\t\t\t<span class=\"title\" >Avances en los procesos y herramientas para la detecci\u00f3n precoz.<\/span>\n\n\t\t\t\t\t\t\t\t\t\t\t\t\t\t\t\t\t\t\t\t\t<span class=\"location\">\n\t\t\t\t\t\t\t\t\t\t\t\t\t\t\t\t\t\t\t\t\t\t\t\t\t<i class=\"ti-location-pin\"><\/i>\n\t\t\t\t\t\t\t\t\t\t\t\t\t\t\t\t\t\t\t\t\t\t\t\tRub\u00e9n Palomo, Javier Arnaiz, Ruth Vidriales y Marcos Zamora\t\t\t\t\t\t\t\t\t\t\t<\/span>\n\t\t\t\t\t\t\t\t\t\t\n\t\t\t\t\t\t\t\t\t\t\n\t\t\t\t\t\t\t\t\t\t\n\n\t\t\t\t\t\t\t\t\t\t\t\t\t\t\t\t\t\t\t\t\t<span class=\"icon-accor\" ><i class=\" fa fa-angle-down \" id=\"125\" ><\/i><\/span>\n\t\t\t\t\t\t\t\t\t\t\t\t\t\t\t\t\t\t\t<\/div>\n\t\t\t\t\t\t\t\t\t\n\t\t\t\t\t\t\t\t<\/div>\n\t\t\t\t\t\t\t\t<!-- end sub-content -->\n\t\t\t\t\t\t\t<\/div>\n\t\t\t\t\t\t\t<div id=\"slide-125\" class=\"content \" >\n\t\t\t\t\t\t\t\t\t\t\t\t\t\t\t\t\t<ul class=\"speakers\">\n\n\t\t\t\t\t\t\t\t\t\t\t\t\t\t\t\t\t\t\t\t\t<li class=\"thumb_image\">\n\t\t\t\t\t\t\t\t\t\t\t\t\t\t\t\t\t\t\t\t\t\t\t\t\t<img decoding=\"async\" src=\"https:\/\/congreso.autismosevilla.org\/wp-content\/uploads\/2022\/01\/Foto_RubenPalomo_2022-200x200.jpg\" alt=\"Rub\u00e9n Palomo\">\n\t\t\t\t\t\t\t\t\t\t\t\t\t\t\t\t\t\t\t\t\t\t\t\t\n\t\t\t\t\t\t\t\t\t\t\t\t<div class=\"speaker_info\">\n\t\t\t\t\t\t\t\t\t\t\t\t\t\t\t\t\t\t\t\t\t\t\t\t\t\t\t<div class=\"name\">\n\t\t\t\t\t\t\t\t\t\t\t\t\t\t\tRub\u00e9n Palomo\t\t\t\t\t\t\t\t\t\t\t\t\t\t<\/div>\n\t\t\t\t\t\t\t\t\t\t\t\t\t\t\t\t\t\t\t\t\t\t\t\t\t\t\n\t\t\t\t\t\t\t\t\t\t\t\t\t<div class=\"speaker_job\">Facultad de psicolog\u00eda. Universidad Complutense. La detecci\u00f3n de autismo en la primera infancia: nuevas herramientas y procedimientos.<\/div>\n\t\t\t\t\t\t\t\t\t\t\t\t\t\n\t\t\t\t\t\t\t\t\t\t\t\t\t\t\t\t\t\t\t\t\t\t\t\t\t<\/div>\n\t\t\t\t\t\t\t\t\t\t\t\t\n\t\t\t\t\t\t\t\t\t\t\t<\/li>\n\n\t\t\t\t\t\t\t\t\t\t\n\t\t\t\t\t\t\t\t\t\t\t\t\t\t\t\t\t\t\t\t\t<li class=\"thumb_image\">\n\t\t\t\t\t\t\t\t\t\t\t\t\n\t\t\t\t\t\t\t\t\t\t\t\t\t\t\t\t\t\t\t\t\t\t\t\t\t<img decoding=\"async\" src=\"https:\/\/congreso.autismosevilla.org\/wp-content\/uploads\/2021\/12\/javier-200x200.jpg\" alt=\"Javier Arn\u00e1iz\">\n\t\t\t\t\t\t\t\t\t\t\t\t\n\t\t\t\t\t\t\t\t\t\t\t\t<div class=\"speaker_info\">\n\t\t\t\t\t\t\t\t\t\t\t\t\t\t\t\t\t\t\t\t\t\t\t\t\t\t\t<div class=\"name\">\n\t\t\t\t\t\t\t\t\t\t\t\t\t\t\tJavier Arn\u00e1iz\t\t\t\t\t\t\t\t\t\t\t\t\t\t<\/div>\n\t\t\t\t\t\t\t\t\t\t\t\t\t\t\t\t\t\t\t\t\t\t\t\t\t\t\n\t\t\t\t\t\t\t\t\t\t\t\t\t<div class=\"speaker_job\">Fundaci\u00f3n Miradas Proyecto BB Miradas.<\/div>\n\n\t\t\t\t\t\t\t\t\t\t\t\t\t\t\t\t\t\t\t\t\t\t\t\t\t<\/div>\n\t\t\t\t\t\t\t\t\t\t\t\t\n\t\t\t\t\t\t\t\t\t\t\t<\/li>\n\t\t\t\t\t\t\t\t\t\t\n\t\t\t\t\t\t\t\t\t\t\t\t\t\t\t\t\t\t\t\t\t<li class=\"thumb_image\">\n\t\t\t\t\t\t\t\t\t\t\t\t\n\t\t\t\t\t\t\t\t\t\t\t\t\t\t\t\t\t\t\t\t\t\t\t\t\t<img decoding=\"async\" src=\"https:\/\/congreso.autismosevilla.org\/wp-content\/uploads\/2021\/12\/Ruth-200x200.jpg\" alt=\"Ruth Vidriales.\">\n\t\t\t\t\t\t\t\t\t\t\t\t\n\t\t\t\t\t\t\t\t\t\t\t\t<div class=\"speaker_info\">\n\t\t\t\t\t\t\t\t\t\t\t\t\t\t\t\t\t\t\t\t\t\t\t\t\t\t\t<div class=\"name\">\n\t\t\t\t\t\t\t\t\t\t\t\t\t\t\tRuth Vidriales.\t\t\t\t\t\t\t\t\t\t\t\t\t\t<\/div>\n\t\t\t\t\t\t\t\t\t\t\t\t\t\t\t\t\t\t\t\t\t\t\t\t\t\t\n\t\t\t\t\t\t\t\t\t\t\t\t\t<div class=\"speaker_job\">Autismo Espa\u00f1a. Transferencia Nacional. Presente y futuro.<\/div>\n\n\t\t\t\t\t\t\t\t\t\t\t\t\t\t\t\t\t\t\t\t\t\t\t\t\t<\/div>\n\t\t\t\t\t\t\t\t\t\t\t\t\n\t\t\t\t\t\t\t\t\t\t\t<\/li>\n\t\t\t\t\t\t\t\t\t\t\n\t\t\t\t\t\t\t\t\t\t\t\t\t\t\t\t\t\t\t\t\t<li class=\"thumb_image\">\n\t\t\t\t\t\t\t\t\t\t\t\t\n\t\t\t\t\t\t\t\t\t\t\t\t\t\t\t\t\t\t\t\t\t\t\t\t\t<img decoding=\"async\" src=\"https:\/\/congreso.autismosevilla.org\/wp-content\/uploads\/2021\/11\/marcos-200x200.jpg\" alt=\"Marcos Zamora\">\n\t\t\t\t\t\t\t\t\t\t\t\t\n\t\t\t\t\t\t\t\t\t\t\t\t<div class=\"speaker_info\">\n\t\t\t\t\t\t\t\t\t\t\t\t\t\t\t\t\t\t\t\t\t\t\t\t\t\t\t<div class=\"name\">\n\t\t\t\t\t\t\t\t\t\t\t\t\t\t\tMarcos Zamora\t\t\t\t\t\t\t\t\t\t\t\t\t\t<\/div>\n\t\t\t\t\t\t\t\t\t\t\t\t\t\t\t\t\t\t\t\t\t\t\t\t\t\t\n\t\t\t\t\t\t\t\t\t\t\t\t\t<div class=\"speaker_job\">Autismo Sevilla. Proyecto BB Miradas en Sevilla.<\/div>\n\n\t\t\t\t\t\t\t\t\t\t\t\t\t\t\t\t\t\t\t\t\t\t\t\t\t<\/div>\n\t\t\t\t\t\t\t\t\t\t\t\t\n\t\t\t\t\t\t\t\t\t\t\t<\/li>\n\t\t\t\t\t\t\t\t\t\t\n\t\t\t\t\t\t\t\t\t<\/ul>\n\t\t\t\t\t\t\t\t\n\t\t\t\t\t\t\t\t\t\t\t\t\t\t\t\t\t\t\t\t\t\t\t<\/div>\n\n\t\t\t\t\t\t\t<!-- end wp-content -->\n\t\t\t\t\t\t<\/div>\n\t\t\t\t\t<\/div>\n\t\t\t\t\t\t\t\t\t\t<div class=\"item-room room_filter_1 day_filter_1\">\n\t\t\t\t\t\t<div class=\"accor-lifevent-content-image  hide  \">\n\t\t\t\t\t\t\t<div class=\"wp-time\">\n\t\t\t\t\t\t\t\t<span>19:15 - 20:45<\/span>\n\t\t\t\t\t\t\t<\/div>\n\t\t\t\t\t\t\t<div class=\"wp-content\">\n\n\t\t\t\t\t\t\t\t\t\t\t\t\t\t\t\t\t<div class=\"speaker_imgs owl-carousel\">\n\n\t\t\t\t\t\t\t\t\t\t\t\t\t\t\t\t\t\t\t\t\t<img decoding=\"async\" src=\"https:\/\/congreso.autismosevilla.org\/wp-content\/uploads\/2021\/11\/margarita-canadas-150x150.jpg\" alt=\"Marga Ca\u00f1adas\">\n\t\t\t\t\t\t\t\t\t\t\n\t\t\t\t\t\t\t\t\t\t\t\t\t\t\t\t\t\t\t\t\t<img decoding=\"async\" src=\"https:\/\/congreso.autismosevilla.org\/wp-content\/uploads\/2021\/11\/Peggy.JPG-150x150.jpg\" alt=\"Peggy Wilmart\">\t\n\t\t\t\t\t\t\t\t\t\t\n\t\t\t\t\t\t\t\t\t\t\t\t\t\t\t\t\t\t\t\t\t<img decoding=\"async\" src=\"https:\/\/congreso.autismosevilla.org\/wp-content\/uploads\/2022\/01\/Maria-Gortazar-2-150x150.jpg\" alt=\"Mar\u00eda Gort\u00e1zar.\">\t\n\t\t\t\t\t\t\t\t\t\t\n\t\t\t\t\t\t\t\t\t\t\n\n\t\t\t\t\t\t\t\t\t<\/div>\n\t\t\t\t\t\t\t\t\n\t\t\t\t\t\t\t\t<div class=\"sub-content\">\n\t\t\t\t\t\t\t\t\t<div class=\"wp-title\" data-option=\"124\">\n\t\t\t\t\t\t\t\t\t\t\n\t\t\t\t\t\t\t\t\t\t\n\n\t\t\t\t\t\t\t\t\t\t<span class=\"title\" >Avances en la Atenci\u00f3n Temprana y los TEA.<\/span>\n\n\t\t\t\t\t\t\t\t\t\t\n\t\t\t\t\t\t\t\t\t\t\t\t\t\t\t\t\t\t\t\t\t<span class=\"level\">\n\t\t\t\t\t\t\t\t\t\t\t\t\t\t\t\t\t\t\t\t\t\t\t\t\t<i class=\"ti-user\"><\/i>\n\t\t\t\t\t\t\t\t\t\t\t\t\t\t\t\t\t\t\t\t\t\t\t\tMarga Ca\u00f1adas, Peggy Wilmart y Mar\u00eda Gort\u00e1zar\t\t\t\t\t\t\t\t\t\t\t<\/span>\n\t\t\t\t\t\t\t\t\t\t\n\t\t\t\t\t\t\t\t\t\t\n\n\t\t\t\t\t\t\t\t\t\t\t\t\t\t\t\t\t\t\t\t\t<span class=\"icon-accor\" ><i class=\" fa fa-angle-down \" id=\"126\" ><\/i><\/span>\n\t\t\t\t\t\t\t\t\t\t\t\t\t\t\t\t\t\t\t<\/div>\n\t\t\t\t\t\t\t\t\t\n\t\t\t\t\t\t\t\t<\/div>\n\t\t\t\t\t\t\t\t<!-- end sub-content -->\n\t\t\t\t\t\t\t<\/div>\n\t\t\t\t\t\t\t<div id=\"slide-126\" class=\"content \" >\n\t\t\t\t\t\t\t\t\t\t\t\t\t\t\t\t\t<ul class=\"speakers\">\n\n\t\t\t\t\t\t\t\t\t\t\t\t\t\t\t\t\t\t\t\t\t<li class=\"thumb_image\">\n\t\t\t\t\t\t\t\t\t\t\t\t\t\t\t\t\t\t\t\t\t\t\t\t\t<img decoding=\"async\" src=\"https:\/\/congreso.autismosevilla.org\/wp-content\/uploads\/2021\/11\/margarita-canadas-200x200.jpg\" alt=\"Marga Ca\u00f1adas\">\n\t\t\t\t\t\t\t\t\t\t\t\t\t\t\t\t\t\t\t\t\t\t\t\t\n\t\t\t\t\t\t\t\t\t\t\t\t<div class=\"speaker_info\">\n\t\t\t\t\t\t\t\t\t\t\t\t\t\t\t\t\t\t\t\t\t\t\t\t\t\t\t<div class=\"name\">\n\t\t\t\t\t\t\t\t\t\t\t\t\t\t\tMarga Ca\u00f1adas\t\t\t\t\t\t\t\t\t\t\t\t\t\t<\/div>\n\t\t\t\t\t\t\t\t\t\t\t\t\t\t\t\t\t\t\t\t\t\t\t\t\t\t\n\t\t\t\t\t\t\t\t\t\t\t\t\t<div class=\"speaker_job\">Universidad Cat\u00f3lica de Valencia. Implementando las pr\u00e1cticas recomendadas en Atenci\u00f3n Temprana<\/div>\n\t\t\t\t\t\t\t\t\t\t\t\t\t\n\t\t\t\t\t\t\t\t\t\t\t\t\t\t\t\t\t\t\t\t\t\t\t\t\t<\/div>\n\t\t\t\t\t\t\t\t\t\t\t\t\n\t\t\t\t\t\t\t\t\t\t\t<\/li>\n\n\t\t\t\t\t\t\t\t\t\t\n\t\t\t\t\t\t\t\t\t\t\t\t\t\t\t\t\t\t\t\t\t<li class=\"thumb_image\">\n\t\t\t\t\t\t\t\t\t\t\t\t\n\t\t\t\t\t\t\t\t\t\t\t\t\t\t\t\t\t\t\t\t\t\t\t\t\t<img decoding=\"async\" src=\"https:\/\/congreso.autismosevilla.org\/wp-content\/uploads\/2021\/11\/Peggy.JPG-200x200.jpg\" alt=\"Peggy Wilmart\">\n\t\t\t\t\t\t\t\t\t\t\t\t\n\t\t\t\t\t\t\t\t\t\t\t\t<div class=\"speaker_info\">\n\t\t\t\t\t\t\t\t\t\t\t\t\t\t\t\t\t\t\t\t\t\t\t\t\t\t\t<div class=\"name\">\n\t\t\t\t\t\t\t\t\t\t\t\t\t\t\tPeggy Wilmart\t\t\t\t\t\t\t\t\t\t\t\t\t\t<\/div>\n\t\t\t\t\t\t\t\t\t\t\t\t\t\t\t\t\t\t\t\t\t\t\t\t\t\t\n\t\t\t\t\t\t\t\t\t\t\t\t\t<div class=\"speaker_job\">CAIT Scena. Acompa\u00f1ando y capacitando a las familias<\/div>\n\n\t\t\t\t\t\t\t\t\t\t\t\t\t\t\t\t\t\t\t\t\t\t\t\t\t<\/div>\n\t\t\t\t\t\t\t\t\t\t\t\t\n\t\t\t\t\t\t\t\t\t\t\t<\/li>\n\t\t\t\t\t\t\t\t\t\t\n\t\t\t\t\t\t\t\t\t\t\t\t\t\t\t\t\t\t\t\t\t<li class=\"thumb_image\">\n\t\t\t\t\t\t\t\t\t\t\t\t\n\t\t\t\t\t\t\t\t\t\t\t\t\t\t\t\t\t\t\t\t\t\t\t\t\t<img decoding=\"async\" src=\"https:\/\/congreso.autismosevilla.org\/wp-content\/uploads\/2022\/01\/Maria-Gortazar-2-200x200.jpg\" alt=\"Mar\u00eda Gort\u00e1zar.\">\n\t\t\t\t\t\t\t\t\t\t\t\t\n\t\t\t\t\t\t\t\t\t\t\t\t<div class=\"speaker_info\">\n\t\t\t\t\t\t\t\t\t\t\t\t\t\t\t\t\t\t\t\t\t\t\t\t\t\t\t<div class=\"name\">\n\t\t\t\t\t\t\t\t\t\t\t\t\t\t\tMar\u00eda Gort\u00e1zar.\t\t\t\t\t\t\t\t\t\t\t\t\t\t<\/div>\n\t\t\t\t\t\t\t\t\t\t\t\t\t\t\t\t\t\t\t\t\t\t\t\t\t\t\n\t\t\t\t\t\t\t\t\t\t\t\t\t<div class=\"speaker_job\">CAIT Lebrija. Programa Socio-Comunicativo grupal de atenci\u00f3n infantil temprana en TEA<\/div>\n\n\t\t\t\t\t\t\t\t\t\t\t\t\t\t\t\t\t\t\t\t\t\t\t\t\t<\/div>\n\t\t\t\t\t\t\t\t\t\t\t\t\n\t\t\t\t\t\t\t\t\t\t\t<\/li>\n\t\t\t\t\t\t\t\t\t\t\n\t\t\t\t\t\t\t\t\t\t\n\t\t\t\t\t\t\t\t\t<\/ul>\n\t\t\t\t\t\t\t\t\n\t\t\t\t\t\t\t\t\t\t\t\t\t\t\t\t\t\t\t\t\t\t\t<\/div>\n\n\t\t\t\t\t\t\t<!-- end wp-content -->\n\t\t\t\t\t\t<\/div>\n\t\t\t\t\t<\/div>\n\t\t\t\t\t\t\t\t\n\t\t\t\t<\/div>\n\t\t\t<\/div>\n\t\t\t\t<\/div>\n\t\t\t\t<div class=\"elementor-element elementor-element-403a1d4d schedule-2 schedule elementor-widget elementor-widget-heading\" data-id=\"403a1d4d\" data-element_type=\"widget\" id=\"schedule2\" data-widget_type=\"heading.default\">\n\t\t\t\t<div class=\"elementor-widget-container\">\n\t\t\t<h2 class=\"elementor-heading-title elementor-size-default\">Viernes, 13 Mayo 2022 (Ma\u00f1ana)<\/h2>\t\t<\/div>\n\t\t\t\t<\/div>\n\t\t\t\t<div class=\"elementor-element elementor-element-6d2050d5 elementor-widget elementor-widget-ova_lifevent_according_image\" data-id=\"6d2050d5\" data-element_type=\"widget\" data-widget_type=\"ova_lifevent_according_image.default\">\n\t\t\t\t<div class=\"elementor-widget-container\">\n\t\t\t\n\t\t<div class=\"ova_lifevent_according_image wp-ova-according-183 version_1\">\n\t\t\t\n\n\n\t\t\t\t\t\t\t\t<div class=\"item-room room_filter_1 day_filter_1\">\n\t\t\t\t\t\t<div class=\"accor-lifevent-content-image  hide  \">\n\t\t\t\t\t\t\t<div class=\"wp-time\">\n\t\t\t\t\t\t\t\t<span>9:00 - 9:30<\/span>\n\t\t\t\t\t\t\t<\/div>\n\t\t\t\t\t\t\t<div class=\"wp-content\">\n\n\t\t\t\t\t\t\t\t\n\t\t\t\t\t\t\t\t<div class=\"sub-content\">\n\t\t\t\t\t\t\t\t\t<div class=\"wp-title\" data-option=\"183\">\n\t\t\t\t\t\t\t\t\t\t\n\t\t\t\t\t\t\t\t\t\t\n\n\t\t\t\t\t\t\t\t\t\t<span class=\"title\" >Inauguraci\u00f3n<\/span>\n\n\t\t\t\t\t\t\t\t\t\t\n\t\t\t\t\t\t\t\t\t\t\t\t\t\t\t\t\t\t\t\t\t<span class=\"level\">\n\t\t\t\t\t\t\t\t\t\t\t\t\t\t\t\t\t\t\t\t\t\t\t\t\t<i class=\"ti-user\"><\/i>\n\t\t\t\t\t\t\t\t\t\t\t\t\t\t\t\t\t\t\t\t\t\t\t\tAutoridades, Universidad de Sevilla y Presidenta de Autismo Sevilla\t\t\t\t\t\t\t\t\t\t\t<\/span>\n\t\t\t\t\t\t\t\t\t\t\n\t\t\t\t\t\t\t\t\t\t\n\n\t\t\t\t\t\t\t\t\t\t\t\t\t\t\t\t\t\t\t\t\t<span class=\"icon-accor\" ><i class=\" fa fa-angle-down \" id=\"184\" ><\/i><\/span>\n\t\t\t\t\t\t\t\t\t\t\t\t\t\t\t\t\t\t\t<\/div>\n\t\t\t\t\t\t\t\t\t\n\t\t\t\t\t\t\t\t<\/div>\n\t\t\t\t\t\t\t\t<!-- end sub-content -->\n\t\t\t\t\t\t\t<\/div>\n\t\t\t\t\t\t\t<div id=\"slide-184\" class=\"content \" >\n\t\t\t\t\t\t\t\t\n\t\t\t\t\t\t\t\t\t\t\t\t\t\t\t\t\t\t\t\t\t\t\t<\/div>\n\n\t\t\t\t\t\t\t<!-- end wp-content -->\n\t\t\t\t\t\t<\/div>\n\t\t\t\t\t<\/div>\n\t\t\t\t\t\t\t\t\t\t<div class=\"item-room room_filter_1 day_filter_1\">\n\t\t\t\t\t\t<div class=\"accor-lifevent-content-image  hide  \">\n\t\t\t\t\t\t\t<div class=\"wp-time\">\n\t\t\t\t\t\t\t\t<span>9:30 - 10:15<\/span>\n\t\t\t\t\t\t\t<\/div>\n\t\t\t\t\t\t\t<div class=\"wp-content\">\n\n\t\t\t\t\t\t\t\t\t\t\t\t\t\t\t\t\t<div class=\"speaker_imgs owl-carousel\">\n\n\t\t\t\t\t\t\t\t\t\t\t\t\t\t\t\t\t\t\t\t\t<img decoding=\"async\" src=\"https:\/\/congreso.autismosevilla.org\/wp-content\/uploads\/2021\/12\/Joseph-Long-150x150.png\" alt=\"\">\n\t\t\t\t\t\t\t\t\t\t\n\t\t\t\t\t\t\t\t\t\t\n\t\t\t\t\t\t\t\t\t\t\n\t\t\t\t\t\t\t\t\t\t\n\n\t\t\t\t\t\t\t\t\t<\/div>\n\t\t\t\t\t\t\t\t\n\t\t\t\t\t\t\t\t<div class=\"sub-content\">\n\t\t\t\t\t\t\t\t\t<div class=\"wp-title\" data-option=\"183\">\n\t\t\t\t\t\t\t\t\t\t\n\t\t\t\t\t\t\t\t\t\t\n\n\t\t\t\t\t\t\t\t\t\t<span class=\"title\" >Desarrollo de servicios desde un marco de pr\u00e1ctica \u00e9tica: Aprendizajes y buenas pr\u00e1cticas en Autismo Escocia<\/span>\n\n\t\t\t\t\t\t\t\t\t\t\n\t\t\t\t\t\t\t\t\t\t\t\t\t\t\t\t\t\t\t\t\t<span class=\"level\">\n\t\t\t\t\t\t\t\t\t\t\t\t\t\t\t\t\t\t\t\t\t\t\t\t\t<i class=\"ti-user\"><\/i>\n\t\t\t\t\t\t\t\t\t\t\t\t\t\t\t\t\t\t\t\t\t\t\t\tJoseph Long\t\t\t\t\t\t\t\t\t\t\t<\/span>\n\t\t\t\t\t\t\t\t\t\t\n\t\t\t\t\t\t\t\t\t\t\n\n\t\t\t\t\t\t\t\t\t\t\t\t\t\t\t\t\t\t\t\t\t<span class=\"icon-accor\" ><i class=\" fa fa-angle-down \" id=\"185\" ><\/i><\/span>\n\t\t\t\t\t\t\t\t\t\t\t\t\t\t\t\t\t\t\t<\/div>\n\t\t\t\t\t\t\t\t\t\n\t\t\t\t\t\t\t\t<\/div>\n\t\t\t\t\t\t\t\t<!-- end sub-content -->\n\t\t\t\t\t\t\t<\/div>\n\t\t\t\t\t\t\t<div id=\"slide-185\" class=\"content \" >\n\t\t\t\t\t\t\t\t\n\t\t\t\t\t\t\t\t\t\t\t\t\t\t\t\t\t\t\t\t\t\t\t<\/div>\n\n\t\t\t\t\t\t\t<!-- end wp-content -->\n\t\t\t\t\t\t<\/div>\n\t\t\t\t\t<\/div>\n\t\t\t\t\t\t\t\t\t\t<div class=\"item-room room_filter_1 day_filter_1\">\n\t\t\t\t\t\t<div class=\"accor-lifevent-content-image  hide  \">\n\t\t\t\t\t\t\t<div class=\"wp-time\">\n\t\t\t\t\t\t\t\t<span>10:15 - 11:45<\/span>\n\t\t\t\t\t\t\t<\/div>\n\t\t\t\t\t\t\t<div class=\"wp-content\">\n\n\t\t\t\t\t\t\t\t\t\t\t\t\t\t\t\t\t<div class=\"speaker_imgs owl-carousel\">\n\n\t\t\t\t\t\t\t\t\t\t\t\t\t\t\t\t\t\t\t\t\t<img decoding=\"async\" src=\"https:\/\/congreso.autismosevilla.org\/wp-content\/uploads\/2021\/11\/isabel-guiaro-150x150.jpg\" alt=\"Isabel Guirao\">\n\t\t\t\t\t\t\t\t\t\t\n\t\t\t\t\t\t\t\t\t\t\t\t\t\t\t\t\t\t\t\t\t<img decoding=\"async\" src=\"https:\/\/congreso.autismosevilla.org\/wp-content\/uploads\/2021\/12\/jaime-150x150.jpg\" alt=\"Jaime de la Fuente\">\t\n\t\t\t\t\t\t\t\t\t\t\n\t\t\t\t\t\t\t\t\t\t\t\t\t\t\t\t\t\t\t\t\t<img decoding=\"async\" src=\"https:\/\/congreso.autismosevilla.org\/wp-content\/uploads\/2021\/11\/Lena-cobos-150x150.jpg\" alt=\"Lena Cobos\">\t\n\t\t\t\t\t\t\t\t\t\t\n\t\t\t\t\t\t\t\t\t\t\n\n\t\t\t\t\t\t\t\t\t<\/div>\n\t\t\t\t\t\t\t\t\n\t\t\t\t\t\t\t\t<div class=\"sub-content\">\n\t\t\t\t\t\t\t\t\t<div class=\"wp-title\" data-option=\"183\">\n\t\t\t\t\t\t\t\t\t\t\n\t\t\t\t\t\t\t\t\t\t\n\n\t\t\t\t\t\t\t\t\t\t<span class=\"title\" >Aspectos esenciales para la Calidad de Vida a lo largo de la vida.<\/span>\n\n\t\t\t\t\t\t\t\t\t\t\n\t\t\t\t\t\t\t\t\t\t\t\t\t\t\t\t\t\t\t\t\t<span class=\"level\">\n\t\t\t\t\t\t\t\t\t\t\t\t\t\t\t\t\t\t\t\t\t\t\t\t\t<i class=\"ti-user\"><\/i>\n\t\t\t\t\t\t\t\t\t\t\t\t\t\t\t\t\t\t\t\t\t\t\t\tIsabel Guirao, Jaime de la Fuente y Lena Cobos\t\t\t\t\t\t\t\t\t\t\t<\/span>\n\t\t\t\t\t\t\t\t\t\t\n\t\t\t\t\t\t\t\t\t\t\n\n\t\t\t\t\t\t\t\t\t\t\t\t\t\t\t\t\t\t\t\t\t<span class=\"icon-accor\" ><i class=\" fa fa-angle-down \" id=\"186\" ><\/i><\/span>\n\t\t\t\t\t\t\t\t\t\t\t\t\t\t\t\t\t\t\t<\/div>\n\t\t\t\t\t\t\t\t\t\n\t\t\t\t\t\t\t\t<\/div>\n\t\t\t\t\t\t\t\t<!-- end sub-content -->\n\t\t\t\t\t\t\t<\/div>\n\t\t\t\t\t\t\t<div id=\"slide-186\" class=\"content \" >\n\t\t\t\t\t\t\t\t\t\t\t\t\t\t\t\t\t<ul class=\"speakers\">\n\n\t\t\t\t\t\t\t\t\t\t\t\t\t\t\t\t\t\t\t\t\t<li class=\"thumb_image\">\n\t\t\t\t\t\t\t\t\t\t\t\t\t\t\t\t\t\t\t\t\t\t\t\t\t<img decoding=\"async\" src=\"https:\/\/congreso.autismosevilla.org\/wp-content\/uploads\/2021\/11\/isabel-guiaro-200x200.jpg\" alt=\"Isabel Guirao\">\n\t\t\t\t\t\t\t\t\t\t\t\t\t\t\t\t\t\t\t\t\t\t\t\t\n\t\t\t\t\t\t\t\t\t\t\t\t<div class=\"speaker_info\">\n\t\t\t\t\t\t\t\t\t\t\t\t\t\t\t\t\t\t\t\t\t\t\t\t\t\t\t<div class=\"name\">\n\t\t\t\t\t\t\t\t\t\t\t\t\t\t\tIsabel Guirao\t\t\t\t\t\t\t\t\t\t\t\t\t\t<\/div>\n\t\t\t\t\t\t\t\t\t\t\t\t\t\t\t\t\t\t\t\t\t\t\t\t\t\t\n\t\t\t\t\t\t\t\t\t\t\t\t\t<div class=\"speaker_job\">A toda vela. Ocio para todos. <\/div>\n\t\t\t\t\t\t\t\t\t\t\t\t\t\n\t\t\t\t\t\t\t\t\t\t\t\t\t\t\t\t\t\t\t\t\t\t\t\t\t<\/div>\n\t\t\t\t\t\t\t\t\t\t\t\t\n\t\t\t\t\t\t\t\t\t\t\t<\/li>\n\n\t\t\t\t\t\t\t\t\t\t\n\t\t\t\t\t\t\t\t\t\t\t\t\t\t\t\t\t\t\t\t\t<li class=\"thumb_image\">\n\t\t\t\t\t\t\t\t\t\t\t\t\n\t\t\t\t\t\t\t\t\t\t\t\t\t\t\t\t\t\t\t\t\t\t\t\t\t<img decoding=\"async\" src=\"https:\/\/congreso.autismosevilla.org\/wp-content\/uploads\/2021\/12\/jaime-200x200.jpg\" alt=\"Jaime de la Fuente\">\n\t\t\t\t\t\t\t\t\t\t\t\t\n\t\t\t\t\t\t\t\t\t\t\t\t<div class=\"speaker_info\">\n\t\t\t\t\t\t\t\t\t\t\t\t\t\t\t\t\t\t\t\t\t\t\t\t\t\t\t<div class=\"name\">\n\t\t\t\t\t\t\t\t\t\t\t\t\t\t\tJaime de la Fuente\t\t\t\t\t\t\t\t\t\t\t\t\t\t<\/div>\n\t\t\t\t\t\t\t\t\t\t\t\t\t\t\t\t\t\t\t\t\t\t\t\t\t\t\n\t\t\t\t\t\t\t\t\t\t\t\t\t<div class=\"speaker_job\">Autismo Sevilla. Salud f\u00edsica, un apoyo coordinado.<\/div>\n\n\t\t\t\t\t\t\t\t\t\t\t\t\t\t\t\t\t\t\t\t\t\t\t\t\t<\/div>\n\t\t\t\t\t\t\t\t\t\t\t\t\n\t\t\t\t\t\t\t\t\t\t\t<\/li>\n\t\t\t\t\t\t\t\t\t\t\n\t\t\t\t\t\t\t\t\t\t\t\t\t\t\t\t\t\t\t\t\t<li class=\"thumb_image\">\n\t\t\t\t\t\t\t\t\t\t\t\t\n\t\t\t\t\t\t\t\t\t\t\t\t\t\t\t\t\t\t\t\t\t\t\t\t\t<img decoding=\"async\" src=\"https:\/\/congreso.autismosevilla.org\/wp-content\/uploads\/2021\/11\/Lena-cobos-200x200.jpg\" alt=\"Lena Cobos\">\n\t\t\t\t\t\t\t\t\t\t\t\t\n\t\t\t\t\t\t\t\t\t\t\t\t<div class=\"speaker_info\">\n\t\t\t\t\t\t\t\t\t\t\t\t\t\t\t\t\t\t\t\t\t\t\t\t\t\t\t<a href=\"Vinculos, desarrollo y recursos para una buena vida\" class=\"name\">\n\t\t\t\t\t\t\t\t\t\t\t\t\t\t\tLena Cobos\t\t\t\t\t\t\t\t\t\t\t\t\t\t<\/a>\n\t\t\t\t\t\t\t\t\t\t\t\t\t\t\t\t\t\t\t\t\t\t\t\t\t\t\n\t\t\t\t\t\t\t\t\t\t\t\t\t<div class=\"speaker_job\">Esment. <\/div>\n\n\t\t\t\t\t\t\t\t\t\t\t\t\t\t\t\t\t\t\t\t\t\t\t\t\t<\/div>\n\t\t\t\t\t\t\t\t\t\t\t\t\n\t\t\t\t\t\t\t\t\t\t\t<\/li>\n\t\t\t\t\t\t\t\t\t\t\n\t\t\t\t\t\t\t\t\t\t\n\t\t\t\t\t\t\t\t\t<\/ul>\n\t\t\t\t\t\t\t\t\n\t\t\t\t\t\t\t\t\t\t\t\t\t\t\t\t\t\t\t\t\t\t\t\t\t<a class=\"button-text\" href=\"#\">Read More<\/a>\n\t\t\t\t\t\t\t\t\t\t\t\t\t\t\t<\/div>\n\n\t\t\t\t\t\t\t<!-- end wp-content -->\n\t\t\t\t\t\t<\/div>\n\t\t\t\t\t<\/div>\n\t\t\t\t\t\t\t\t\n\t\t\t\t\t\t<div class=\"time-title\">\n\t\t\t\t<div class=\"time\">\n\t\t\t\t\t<span>11:45 - 12:15<\/span>\n\t\t\t\t<\/div>\n\t\t\t\t<div class=\"title-element\">\n\t\t\t\t\t<span>Descanso<\/span>\n\t\t\t\t<\/div>\n\t\t\t<\/div>\n\t\t\t<\/div>\n\t\t\t<\/div>\n\t\t\t\t<\/div>\n\t\t\t\t<div class=\"elementor-element elementor-element-4c5d60a8 elementor-widget elementor-widget-ova_lifevent_according_image\" data-id=\"4c5d60a8\" data-element_type=\"widget\" data-widget_type=\"ova_lifevent_according_image.default\">\n\t\t\t\t<div class=\"elementor-widget-container\">\n\t\t\t\n\t\t<div class=\"ova_lifevent_according_image wp-ova-according-128 version_1\">\n\t\t\t\n\n\n\t\t\t\t\t\t\t\t<div class=\"item-room room_filter_1 day_filter_1\">\n\t\t\t\t\t\t<div class=\"accor-lifevent-content-image  hide  \">\n\t\t\t\t\t\t\t<div class=\"wp-time\">\n\t\t\t\t\t\t\t\t<span>12:15 - 13:00<\/span>\n\t\t\t\t\t\t\t<\/div>\n\t\t\t\t\t\t\t<div class=\"wp-content\">\n\n\t\t\t\t\t\t\t\t\t\t\t\t\t\t\t\t\t<div class=\"speaker_imgs owl-carousel\">\n\n\t\t\t\t\t\t\t\t\t\t\t\t\t\t\t\t\t\t\t\t\t<img decoding=\"async\" src=\"https:\/\/congreso.autismosevilla.org\/wp-content\/uploads\/2021\/11\/patricia-howlin-150x150.jpg\" alt=\"\">\n\t\t\t\t\t\t\t\t\t\t\n\t\t\t\t\t\t\t\t\t\t\n\t\t\t\t\t\t\t\t\t\t\n\t\t\t\t\t\t\t\t\t\t\n\n\t\t\t\t\t\t\t\t\t<\/div>\n\t\t\t\t\t\t\t\t\n\t\t\t\t\t\t\t\t<div class=\"sub-content\">\n\t\t\t\t\t\t\t\t\t<div class=\"wp-title\" data-option=\"128\">\n\t\t\t\t\t\t\t\t\t\t\n\t\t\t\t\t\t\t\t\t\t\n\n\t\t\t\t\t\t\t\t\t\t<span class=\"title\" >\u00bfQu\u00e9 es un \u201cbuen resultado\u201d para los adultos autistas y c\u00f3mo se puede lograr?<\/span>\n\n\t\t\t\t\t\t\t\t\t\t\n\t\t\t\t\t\t\t\t\t\t\t\t\t\t\t\t\t\t\t\t\t<span class=\"level\">\n\t\t\t\t\t\t\t\t\t\t\t\t\t\t\t\t\t\t\t\t\t\t\t\t\t<i class=\"ti-user\"><\/i>\n\t\t\t\t\t\t\t\t\t\t\t\t\t\t\t\t\t\t\t\t\t\t\t\tPatricia Howlin\t\t\t\t\t\t\t\t\t\t\t<\/span>\n\t\t\t\t\t\t\t\t\t\t\n\t\t\t\t\t\t\t\t\t\t\n\n\t\t\t\t\t\t\t\t\t\t\t\t\t\t\t\t\t\t\t\t\t<span class=\"icon-accor\" ><i class=\" fa fa-angle-down \" id=\"129\" ><\/i><\/span>\n\t\t\t\t\t\t\t\t\t\t\t\t\t\t\t\t\t\t\t<\/div>\n\t\t\t\t\t\t\t\t\t\n\t\t\t\t\t\t\t\t<\/div>\n\t\t\t\t\t\t\t\t<!-- end sub-content -->\n\t\t\t\t\t\t\t<\/div>\n\t\t\t\t\t\t\t<div id=\"slide-129\" class=\"content \" >\n\t\t\t\t\t\t\t\t\n\t\t\t\t\t\t\t\t\t\t\t\t\t\t\t\t\t\t\t\t\t\t\t<\/div>\n\n\t\t\t\t\t\t\t<!-- end wp-content -->\n\t\t\t\t\t\t<\/div>\n\t\t\t\t\t<\/div>\n\t\t\t\t\t\t\t\t\t\t<div class=\"item-room room_filter_1 day_filter_1\">\n\t\t\t\t\t\t<div class=\"accor-lifevent-content-image  hide  \">\n\t\t\t\t\t\t\t<div class=\"wp-time\">\n\t\t\t\t\t\t\t\t<span>13:00 - 14:30<\/span>\n\t\t\t\t\t\t\t<\/div>\n\t\t\t\t\t\t\t<div class=\"wp-content\">\n\n\t\t\t\t\t\t\t\t\t\t\t\t\t\t\t\t\t<div class=\"speaker_imgs owl-carousel\">\n\n\t\t\t\t\t\t\t\t\t\t\t\t\t\t\t\t\t\t\t\t\t<img decoding=\"async\" src=\"https:\/\/congreso.autismosevilla.org\/wp-content\/uploads\/2021\/11\/IjfbIxiT_400x400-1-150x150.jpg\" alt=\"Catriona Steward\">\n\t\t\t\t\t\t\t\t\t\t\n\t\t\t\t\t\t\t\t\t\t\t\t\t\t\t\t\t\t\t\t\t<img decoding=\"async\" src=\"https:\/\/congreso.autismosevilla.org\/wp-content\/uploads\/2021\/12\/teapolis-150x150.jpeg\" alt=\"TEApolis\">\t\n\t\t\t\t\t\t\t\t\t\t\n\t\t\t\t\t\t\t\t\t\t\t\t\t\t\t\t\t\t\t\t\t<img decoding=\"async\" src=\"https:\/\/congreso.autismosevilla.org\/wp-content\/uploads\/2022\/01\/ico-150x150.jpg\" alt=\"Plataforma de Empleo.\">\t\n\t\t\t\t\t\t\t\t\t\t\n\t\t\t\t\t\t\t\t\t\t\n\n\t\t\t\t\t\t\t\t\t<\/div>\n\t\t\t\t\t\t\t\t\n\t\t\t\t\t\t\t\t<div class=\"sub-content\">\n\t\t\t\t\t\t\t\t\t<div class=\"wp-title\" data-option=\"128\">\n\t\t\t\t\t\t\t\t\t\t\n\t\t\t\t\t\t\t\t\t\t\n\n\t\t\t\t\t\t\t\t\t\t<span class=\"title\" >Nuestra vida adulta en el Espectro del Autismo<\/span>\n\n\t\t\t\t\t\t\t\t\t\t\n\t\t\t\t\t\t\t\t\t\t\t\t\t\t\t\t\t\t\t\t\t<span class=\"level\">\n\t\t\t\t\t\t\t\t\t\t\t\t\t\t\t\t\t\t\t\t\t\t\t\t\t<i class=\"ti-user\"><\/i>\n\t\t\t\t\t\t\t\t\t\t\t\t\t\t\t\t\t\t\t\t\t\t\t\tDr Catriona Stewart OBE, TEApolis (Chile) y Plataforma de Empleo Autismo Sevilla\t\t\t\t\t\t\t\t\t\t\t<\/span>\n\t\t\t\t\t\t\t\t\t\t\n\t\t\t\t\t\t\t\t\t\t\n\n\t\t\t\t\t\t\t\t\t\t\t\t\t\t\t\t\t\t\t\t\t<span class=\"icon-accor\" ><i class=\" fa fa-angle-down \" id=\"130\" ><\/i><\/span>\n\t\t\t\t\t\t\t\t\t\t\t\t\t\t\t\t\t\t\t<\/div>\n\t\t\t\t\t\t\t\t\t\n\t\t\t\t\t\t\t\t<\/div>\n\t\t\t\t\t\t\t\t<!-- end sub-content -->\n\t\t\t\t\t\t\t<\/div>\n\t\t\t\t\t\t\t<div id=\"slide-130\" class=\"content \" >\n\t\t\t\t\t\t\t\t\t\t\t\t\t\t\t\t\t<ul class=\"speakers\">\n\n\t\t\t\t\t\t\t\t\t\t\t\t\t\t\t\t\t\t\t\t\t<li class=\"thumb_image\">\n\t\t\t\t\t\t\t\t\t\t\t\t\t\t\t\t\t\t\t\t\t\t\t\t\t<img decoding=\"async\" src=\"https:\/\/congreso.autismosevilla.org\/wp-content\/uploads\/2021\/11\/IjfbIxiT_400x400-1-200x200.jpg\" alt=\"Catriona Steward\">\n\t\t\t\t\t\t\t\t\t\t\t\t\t\t\t\t\t\t\t\t\t\t\t\t\n\t\t\t\t\t\t\t\t\t\t\t\t<div class=\"speaker_info\">\n\t\t\t\t\t\t\t\t\t\t\t\t\t\t\t\t\t\t\t\t\t\t\t\t\t\t\t<div class=\"name\">\n\t\t\t\t\t\t\t\t\t\t\t\t\t\t\tCatriona Steward\t\t\t\t\t\t\t\t\t\t\t\t\t\t<\/div>\n\t\t\t\t\t\t\t\t\t\t\t\t\t\t\t\t\t\t\t\t\t\t\t\t\t\t\n\t\t\t\t\t\t\t\t\t\t\t\t\t<div class=\"speaker_job\">Red escocesa de mujeres autistas. Mujeres y ni\u00f1as: \u00bfperspectivas, desaf\u00edos y pr\u00e1cticas inclusivas?<\/div>\n\t\t\t\t\t\t\t\t\t\t\t\t\t\n\t\t\t\t\t\t\t\t\t\t\t\t\t\t\t\t\t\t\t\t\t\t\t\t\t<\/div>\n\t\t\t\t\t\t\t\t\t\t\t\t\n\t\t\t\t\t\t\t\t\t\t\t<\/li>\n\n\t\t\t\t\t\t\t\t\t\t\n\t\t\t\t\t\t\t\t\t\t\t\t\t\t\t\t\t\t\t\t\t<li class=\"thumb_image\">\n\t\t\t\t\t\t\t\t\t\t\t\t\n\t\t\t\t\t\t\t\t\t\t\t\t\t\t\t\t\t\t\t\t\t\t\t\t\t<img decoding=\"async\" src=\"https:\/\/congreso.autismosevilla.org\/wp-content\/uploads\/2021\/12\/teapolis-200x200.jpeg\" alt=\"TEApolis\">\n\t\t\t\t\t\t\t\t\t\t\t\t\n\t\t\t\t\t\t\t\t\t\t\t\t<div class=\"speaker_info\">\n\t\t\t\t\t\t\t\t\t\t\t\t\t\t\t\t\t\t\t\t\t\t\t\t\t\t\t<div class=\"name\">\n\t\t\t\t\t\t\t\t\t\t\t\t\t\t\tTEApolis\t\t\t\t\t\t\t\t\t\t\t\t\t\t<\/div>\n\t\t\t\t\t\t\t\t\t\t\t\t\t\t\t\t\t\t\t\t\t\t\t\t\t\t\n\t\t\t\t\t\t\t\t\t\t\t\t\t<div class=\"speaker_job\">Grupo de autorepresentacion, una cuesti\u00f3n de derechos.<\/div>\n\n\t\t\t\t\t\t\t\t\t\t\t\t\t\t\t\t\t\t\t\t\t\t\t\t\t<\/div>\n\t\t\t\t\t\t\t\t\t\t\t\t\n\t\t\t\t\t\t\t\t\t\t\t<\/li>\n\t\t\t\t\t\t\t\t\t\t\n\t\t\t\t\t\t\t\t\t\t\t\t\t\t\t\t\t\t\t\t\t<li class=\"thumb_image\">\n\t\t\t\t\t\t\t\t\t\t\t\t\n\t\t\t\t\t\t\t\t\t\t\t\t\t\t\t\t\t\t\t\t\t\t\t\t\t<img decoding=\"async\" src=\"https:\/\/congreso.autismosevilla.org\/wp-content\/uploads\/2022\/01\/ico-200x200.jpg\" alt=\"Plataforma de Empleo.\">\n\t\t\t\t\t\t\t\t\t\t\t\t\n\t\t\t\t\t\t\t\t\t\t\t\t<div class=\"speaker_info\">\n\t\t\t\t\t\t\t\t\t\t\t\t\t\t\t\t\t\t\t\t\t\t\t\t\t\t\t<div class=\"name\">\n\t\t\t\t\t\t\t\t\t\t\t\t\t\t\tPlataforma de Empleo.\t\t\t\t\t\t\t\t\t\t\t\t\t\t<\/div>\n\t\t\t\t\t\t\t\t\t\t\t\t\t\t\t\t\t\t\t\t\t\t\t\t\t\t\n\t\t\t\t\t\t\t\t\t\t\t\t\t<div class=\"speaker_job\">Apoyos individualizados en itinerarios personalizados de empleo<\/div>\n\n\t\t\t\t\t\t\t\t\t\t\t\t\t\t\t\t\t\t\t\t\t\t\t\t\t<\/div>\n\t\t\t\t\t\t\t\t\t\t\t\t\n\t\t\t\t\t\t\t\t\t\t\t<\/li>\n\t\t\t\t\t\t\t\t\t\t\n\t\t\t\t\t\t\t\t\t\t\n\t\t\t\t\t\t\t\t\t<\/ul>\n\t\t\t\t\t\t\t\t\n\t\t\t\t\t\t\t\t\t\t\t\t\t\t\t\t\t\t\t\t\t\t\t<\/div>\n\n\t\t\t\t\t\t\t<!-- end wp-content -->\n\t\t\t\t\t\t<\/div>\n\t\t\t\t\t<\/div>\n\t\t\t\t\t\t\t\t\n\t\t\t\t<\/div>\n\t\t\t<\/div>\n\t\t\t\t<\/div>\n\t\t\t\t<div class=\"elementor-element elementor-element-1ba2a4e5 schedule-2 schedule elementor-widget elementor-widget-heading\" data-id=\"1ba2a4e5\" data-element_type=\"widget\" id=\"schedule3\" data-widget_type=\"heading.default\">\n\t\t\t\t<div class=\"elementor-widget-container\">\n\t\t\t<h2 class=\"elementor-heading-title elementor-size-default\">Viernes, 13 Mayo 2022 (Tarde)<\/h2>\t\t<\/div>\n\t\t\t\t<\/div>\n\t\t\t\t<div class=\"elementor-element elementor-element-624a30e6 elementor-widget elementor-widget-ova_lifevent_according_image\" data-id=\"624a30e6\" data-element_type=\"widget\" data-widget_type=\"ova_lifevent_according_image.default\">\n\t\t\t\t<div class=\"elementor-widget-container\">\n\t\t\t\n\t\t<div class=\"ova_lifevent_according_image wp-ova-according-164 version_1\">\n\t\t\t\n\n\n\t\t\t\t\t\t\t\t<div class=\"item-room room_filter_1 day_filter_1\">\n\t\t\t\t\t\t<div class=\"accor-lifevent-content-image  hide  \">\n\t\t\t\t\t\t\t<div class=\"wp-time\">\n\t\t\t\t\t\t\t\t<span>16:00 - 16:45<\/span>\n\t\t\t\t\t\t\t<\/div>\n\t\t\t\t\t\t\t<div class=\"wp-content\">\n\n\t\t\t\t\t\t\t\t\t\t\t\t\t\t\t\t\t<div class=\"speaker_imgs owl-carousel\">\n\n\t\t\t\t\t\t\t\t\t\t\t\t\t\t\t\t\t\t\t\t\t<img decoding=\"async\" src=\"https:\/\/congreso.autismosevilla.org\/wp-content\/uploads\/2021\/11\/susan-leekam-150x150.jpg\" alt=\"\">\n\t\t\t\t\t\t\t\t\t\t\n\t\t\t\t\t\t\t\t\t\t\n\t\t\t\t\t\t\t\t\t\t\n\t\t\t\t\t\t\t\t\t\t\n\n\t\t\t\t\t\t\t\t\t<\/div>\n\t\t\t\t\t\t\t\t\n\t\t\t\t\t\t\t\t<div class=\"sub-content\">\n\t\t\t\t\t\t\t\t\t<div class=\"wp-title\" data-option=\"164\">\n\t\t\t\t\t\t\t\t\t\t\n\t\t\t\t\t\t\t\t\t\t\n\n\t\t\t\t\t\t\t\t\t\t<span class=\"title\" >Comprender y apoyar la diversidad cognitiva y conductual en el espectro del autismo<\/span>\n\n\t\t\t\t\t\t\t\t\t\t\n\t\t\t\t\t\t\t\t\t\t\t\t\t\t\t\t\t\t\t\t\t<span class=\"level\">\n\t\t\t\t\t\t\t\t\t\t\t\t\t\t\t\t\t\t\t\t\t\t\t\t\t<i class=\"ti-user\"><\/i>\n\t\t\t\t\t\t\t\t\t\t\t\t\t\t\t\t\t\t\t\t\t\t\t\tSusan Leekam\t\t\t\t\t\t\t\t\t\t\t<\/span>\n\t\t\t\t\t\t\t\t\t\t\n\t\t\t\t\t\t\t\t\t\t\n\n\t\t\t\t\t\t\t\t\t\t\t\t\t\t\t\t\t\t\t\t\t<span class=\"icon-accor\" ><i class=\" fa fa-angle-down \" id=\"165\" ><\/i><\/span>\n\t\t\t\t\t\t\t\t\t\t\t\t\t\t\t\t\t\t\t<\/div>\n\t\t\t\t\t\t\t\t\t\n\t\t\t\t\t\t\t\t<\/div>\n\t\t\t\t\t\t\t\t<!-- end sub-content -->\n\t\t\t\t\t\t\t<\/div>\n\t\t\t\t\t\t\t<div id=\"slide-165\" class=\"content \" >\n\t\t\t\t\t\t\t\t\n\t\t\t\t\t\t\t\t\t\t\t\t\t\t\t\t\t\t\t\t\t\t\t<\/div>\n\n\t\t\t\t\t\t\t<!-- end wp-content -->\n\t\t\t\t\t\t<\/div>\n\t\t\t\t\t<\/div>\n\t\t\t\t\t\t\t\t\t\t<div class=\"item-room room_filter_1 day_filter_1\">\n\t\t\t\t\t\t<div class=\"accor-lifevent-content-image  hide  \">\n\t\t\t\t\t\t\t<div class=\"wp-time\">\n\t\t\t\t\t\t\t\t<span>16:45 - 17:30<\/span>\n\t\t\t\t\t\t\t<\/div>\n\t\t\t\t\t\t\t<div class=\"wp-content\">\n\n\t\t\t\t\t\t\t\t\t\t\t\t\t\t\t\t\t<div class=\"speaker_imgs owl-carousel\">\n\n\t\t\t\t\t\t\t\t\t\t\t\t\t\t\t\t\t\t\t\t\t<img decoding=\"async\" src=\"https:\/\/congreso.autismosevilla.org\/wp-content\/uploads\/2021\/11\/isabel-paula-150x150.jpg\" alt=\"\">\n\t\t\t\t\t\t\t\t\t\t\n\t\t\t\t\t\t\t\t\t\t\n\t\t\t\t\t\t\t\t\t\t\n\t\t\t\t\t\t\t\t\t\t\n\n\t\t\t\t\t\t\t\t\t<\/div>\n\t\t\t\t\t\t\t\t\n\t\t\t\t\t\t\t\t<div class=\"sub-content\">\n\t\t\t\t\t\t\t\t\t<div class=\"wp-title\" data-option=\"164\">\n\t\t\t\t\t\t\t\t\t\t\n\t\t\t\t\t\t\t\t\t\t\n\n\t\t\t\t\t\t\t\t\t\t<span class=\"title\" >La intolerancia a la incertidumbre en el autismo<\/span>\n\n\t\t\t\t\t\t\t\t\t\t\n\t\t\t\t\t\t\t\t\t\t\t\t\t\t\t\t\t\t\t\t\t<span class=\"level\">\n\t\t\t\t\t\t\t\t\t\t\t\t\t\t\t\t\t\t\t\t\t\t\t\t\t<i class=\"ti-user\"><\/i>\n\t\t\t\t\t\t\t\t\t\t\t\t\t\t\t\t\t\t\t\t\t\t\t\tIsabel Paula\t\t\t\t\t\t\t\t\t\t\t<\/span>\n\t\t\t\t\t\t\t\t\t\t\n\t\t\t\t\t\t\t\t\t\t\n\n\t\t\t\t\t\t\t\t\t\t\t\t\t\t\t\t\t\t\t\t\t<span class=\"icon-accor\" ><i class=\" fa fa-angle-down \" id=\"166\" ><\/i><\/span>\n\t\t\t\t\t\t\t\t\t\t\t\t\t\t\t\t\t\t\t<\/div>\n\t\t\t\t\t\t\t\t\t\n\t\t\t\t\t\t\t\t<\/div>\n\t\t\t\t\t\t\t\t<!-- end sub-content -->\n\t\t\t\t\t\t\t<\/div>\n\t\t\t\t\t\t\t<div id=\"slide-166\" class=\"content \" >\n\t\t\t\t\t\t\t\t\n\t\t\t\t\t\t\t\t\t\t\t\t\t\t\t\t\t\t\t\t\t\t\t<\/div>\n\n\t\t\t\t\t\t\t<!-- end wp-content -->\n\t\t\t\t\t\t<\/div>\n\t\t\t\t\t<\/div>\n\t\t\t\t\t\t\t\t\n\t\t\t\t\t\t<div class=\"time-title\">\n\t\t\t\t<div class=\"time\">\n\t\t\t\t\t<span>17:30 - 17:45<\/span>\n\t\t\t\t<\/div>\n\t\t\t\t<div class=\"title-element\">\n\t\t\t\t\t<span>Descanso<\/span>\n\t\t\t\t<\/div>\n\t\t\t<\/div>\n\t\t\t<\/div>\n\t\t\t<\/div>\n\t\t\t\t<\/div>\n\t\t\t\t<div class=\"elementor-element elementor-element-67377c5f elementor-widget elementor-widget-ova_lifevent_according_image\" data-id=\"67377c5f\" data-element_type=\"widget\" data-widget_type=\"ova_lifevent_according_image.default\">\n\t\t\t\t<div class=\"elementor-widget-container\">\n\t\t\t\n\t\t<div class=\"ova_lifevent_according_image wp-ova-according-173 version_1\">\n\t\t\t\n\n\n\t\t\t\t\t\t\t\t<div class=\"item-room room_filter_1 day_filter_1\">\n\t\t\t\t\t\t<div class=\"accor-lifevent-content-image  hide  \">\n\t\t\t\t\t\t\t<div class=\"wp-time\">\n\t\t\t\t\t\t\t\t<span>17:45 - 19:15<\/span>\n\t\t\t\t\t\t\t<\/div>\n\t\t\t\t\t\t\t<div class=\"wp-content\">\n\n\t\t\t\t\t\t\t\t\t\t\t\t\t\t\t\t\t<div class=\"speaker_imgs owl-carousel\">\n\n\t\t\t\t\t\t\t\t\t\t\t\t\t\t\t\t\t\t\t\t\t<img decoding=\"async\" src=\"https:\/\/congreso.autismosevilla.org\/wp-content\/uploads\/2021\/11\/dani-2-150x150.jpg\" alt=\"Daniel L\u00f3pez\">\n\t\t\t\t\t\t\t\t\t\t\n\t\t\t\t\t\t\t\t\t\t\t\t\t\t\t\t\t\t\t\t\t<img decoding=\"async\" src=\"https:\/\/congreso.autismosevilla.org\/wp-content\/uploads\/2021\/11\/lupe-montero-150x150.jpg\" alt=\"Lupe Montero\">\t\n\t\t\t\t\t\t\t\t\t\t\n\t\t\t\t\t\t\t\t\t\t\t\t\t\t\t\t\t\t\t\t\t<img decoding=\"async\" src=\"https:\/\/congreso.autismosevilla.org\/wp-content\/uploads\/2021\/11\/david-saldana-150x150.jpg\" alt=\"David Salda\u00f1a\">\t\n\t\t\t\t\t\t\t\t\t\t\n\t\t\t\t\t\t\t\t\t\t\n\n\t\t\t\t\t\t\t\t\t<\/div>\n\t\t\t\t\t\t\t\t\n\t\t\t\t\t\t\t\t<div class=\"sub-content\">\n\t\t\t\t\t\t\t\t\t<div class=\"wp-title\" data-option=\"173\">\n\t\t\t\t\t\t\t\t\t\t\n\t\t\t\t\t\t\t\t\t\t\n\n\t\t\t\t\t\t\t\t\t\t<span class=\"title\" >Aprendizajes y retos en el \u00e1mbito educativo.<\/span>\n\n\t\t\t\t\t\t\t\t\t\t\n\t\t\t\t\t\t\t\t\t\t\t\t\t\t\t\t\t\t\t\t\t<span class=\"level\">\n\t\t\t\t\t\t\t\t\t\t\t\t\t\t\t\t\t\t\t\t\t\t\t\t\t<i class=\"ti-user\"><\/i>\n\t\t\t\t\t\t\t\t\t\t\t\t\t\t\t\t\t\t\t\t\t\t\t\tDaniel L\u00f3pez, Lupe Montero y David Salda\u00f1a\t\t\t\t\t\t\t\t\t\t\t<\/span>\n\t\t\t\t\t\t\t\t\t\t\n\t\t\t\t\t\t\t\t\t\t\n\n\t\t\t\t\t\t\t\t\t\t\t\t\t\t\t\t\t\t\t\t\t<span class=\"icon-accor\" ><i class=\" fa fa-angle-down \" id=\"174\" ><\/i><\/span>\n\t\t\t\t\t\t\t\t\t\t\t\t\t\t\t\t\t\t\t<\/div>\n\t\t\t\t\t\t\t\t\t\n\t\t\t\t\t\t\t\t<\/div>\n\t\t\t\t\t\t\t\t<!-- end sub-content -->\n\t\t\t\t\t\t\t<\/div>\n\t\t\t\t\t\t\t<div id=\"slide-174\" class=\"content \" >\n\t\t\t\t\t\t\t\t\t\t\t\t\t\t\t\t\t<ul class=\"speakers\">\n\n\t\t\t\t\t\t\t\t\t\t\t\t\t\t\t\t\t\t\t\t\t<li class=\"thumb_image\">\n\t\t\t\t\t\t\t\t\t\t\t\t\t\t\t\t\t\t\t\t\t\t\t\t\t<img decoding=\"async\" src=\"https:\/\/congreso.autismosevilla.org\/wp-content\/uploads\/2021\/11\/dani-2-200x200.jpg\" alt=\"Daniel L\u00f3pez\">\n\t\t\t\t\t\t\t\t\t\t\t\t\t\t\t\t\t\t\t\t\t\t\t\t\n\t\t\t\t\t\t\t\t\t\t\t\t<div class=\"speaker_info\">\n\t\t\t\t\t\t\t\t\t\t\t\t\t\t\t\t\t\t\t\t\t\t\t\t\t\t\t<div class=\"name\">\n\t\t\t\t\t\t\t\t\t\t\t\t\t\t\tDaniel L\u00f3pez\t\t\t\t\t\t\t\t\t\t\t\t\t\t<\/div>\n\t\t\t\t\t\t\t\t\t\t\t\t\t\t\t\t\t\t\t\t\t\t\t\t\t\t\n\t\t\t\t\t\t\t\t\t\t\t\t\t<div class=\"speaker_job\">Autismo Sevilla. De la inclusi\u00f3n a la convivencia en la educaci\u00f3n o en la escuela<\/div>\n\t\t\t\t\t\t\t\t\t\t\t\t\t\n\t\t\t\t\t\t\t\t\t\t\t\t\t\t\t\t\t\t\t\t\t\t\t\t\t<\/div>\n\t\t\t\t\t\t\t\t\t\t\t\t\n\t\t\t\t\t\t\t\t\t\t\t<\/li>\n\n\t\t\t\t\t\t\t\t\t\t\n\t\t\t\t\t\t\t\t\t\t\t\t\t\t\t\t\t\t\t\t\t<li class=\"thumb_image\">\n\t\t\t\t\t\t\t\t\t\t\t\t\n\t\t\t\t\t\t\t\t\t\t\t\t\t\t\t\t\t\t\t\t\t\t\t\t\t<img decoding=\"async\" src=\"https:\/\/congreso.autismosevilla.org\/wp-content\/uploads\/2021\/11\/lupe-montero-200x200.jpg\" alt=\"Lupe Montero\">\n\t\t\t\t\t\t\t\t\t\t\t\t\n\t\t\t\t\t\t\t\t\t\t\t\t<div class=\"speaker_info\">\n\t\t\t\t\t\t\t\t\t\t\t\t\t\t\t\t\t\t\t\t\t\t\t\t\t\t\t<div class=\"name\">\n\t\t\t\t\t\t\t\t\t\t\t\t\t\t\tLupe Montero\t\t\t\t\t\t\t\t\t\t\t\t\t\t<\/div>\n\t\t\t\t\t\t\t\t\t\t\t\t\t\t\t\t\t\t\t\t\t\t\t\t\t\t\n\t\t\t\t\t\t\t\t\t\t\t\t\t<div class=\"speaker_job\">Smile and Learn. Oportunidades que ofrece la tecnolog\u00eda. Aprendizajes en tiempo de pandemia.<\/div>\n\n\t\t\t\t\t\t\t\t\t\t\t\t\t\t\t\t\t\t\t\t\t\t\t\t\t<\/div>\n\t\t\t\t\t\t\t\t\t\t\t\t\n\t\t\t\t\t\t\t\t\t\t\t<\/li>\n\t\t\t\t\t\t\t\t\t\t\n\t\t\t\t\t\t\t\t\t\t\t\t\t\t\t\t\t\t\t\t\t<li class=\"thumb_image\">\n\t\t\t\t\t\t\t\t\t\t\t\t\n\t\t\t\t\t\t\t\t\t\t\t\t\t\t\t\t\t\t\t\t\t\t\t\t\t<img decoding=\"async\" src=\"https:\/\/congreso.autismosevilla.org\/wp-content\/uploads\/2021\/11\/david-saldana-200x200.jpg\" alt=\"David Salda\u00f1a\">\n\t\t\t\t\t\t\t\t\t\t\t\t\n\t\t\t\t\t\t\t\t\t\t\t\t<div class=\"speaker_info\">\n\t\t\t\t\t\t\t\t\t\t\t\t\t\t\t\t\t\t\t\t\t\t\t\t\t\t\t<div class=\"name\">\n\t\t\t\t\t\t\t\t\t\t\t\t\t\t\tDavid Salda\u00f1a\t\t\t\t\t\t\t\t\t\t\t\t\t\t<\/div>\n\t\t\t\t\t\t\t\t\t\t\t\t\t\t\t\t\t\t\t\t\t\t\t\t\t\t\n\t\t\t\t\t\t\t\t\t\t\t\t\t<div class=\"speaker_job\">Universidad de Sevilla. Accesibilidad cognitiva para personas con TEA, \u00bfde qu\u00e9 hablamos realmente?<\/div>\n\n\t\t\t\t\t\t\t\t\t\t\t\t\t\t\t\t\t\t\t\t\t\t\t\t\t<\/div>\n\t\t\t\t\t\t\t\t\t\t\t\t\n\t\t\t\t\t\t\t\t\t\t\t<\/li>\n\t\t\t\t\t\t\t\t\t\t\n\t\t\t\t\t\t\t\t\t\t\n\t\t\t\t\t\t\t\t\t<\/ul>\n\t\t\t\t\t\t\t\t\n\t\t\t\t\t\t\t\t\t\t\t\t\t\t\t\t\t\t\t\t\t\t\t<\/div>\n\n\t\t\t\t\t\t\t<!-- end wp-content -->\n\t\t\t\t\t\t<\/div>\n\t\t\t\t\t<\/div>\n\t\t\t\t\t\t\t\t\t\t<div class=\"item-room room_filter_1 day_filter_1\">\n\t\t\t\t\t\t<div class=\"accor-lifevent-content-image  hide  \">\n\t\t\t\t\t\t\t<div class=\"wp-time\">\n\t\t\t\t\t\t\t\t<span>19:15 - 20:00<\/span>\n\t\t\t\t\t\t\t<\/div>\n\t\t\t\t\t\t\t<div class=\"wp-content\">\n\n\t\t\t\t\t\t\t\t\t\t\t\t\t\t\t\t\t<div class=\"speaker_imgs owl-carousel\">\n\n\t\t\t\t\t\t\t\t\t\t\t\t\t\t\t\t\t\t\t\t\t<img decoding=\"async\" src=\"https:\/\/congreso.autismosevilla.org\/wp-content\/uploads\/2021\/11\/Raquel-ayuda-150x150.jpg\" alt=\"\">\n\t\t\t\t\t\t\t\t\t\t\n\t\t\t\t\t\t\t\t\t\t\n\t\t\t\t\t\t\t\t\t\t\n\t\t\t\t\t\t\t\t\t\t\n\n\t\t\t\t\t\t\t\t\t<\/div>\n\t\t\t\t\t\t\t\t\n\t\t\t\t\t\t\t\t<div class=\"sub-content\">\n\t\t\t\t\t\t\t\t\t<div class=\"wp-title\" data-option=\"173\">\n\t\t\t\t\t\t\t\t\t\t\n\t\t\t\t\t\t\t\t\t\t\n\n\t\t\t\t\t\t\t\t\t\t<span class=\"title\" >Evidencias actuales sobre la intervenci\u00f3n en comunicaci\u00f3n y lenguaje.<\/span>\n\n\t\t\t\t\t\t\t\t\t\t\n\t\t\t\t\t\t\t\t\t\t\t\t\t\t\t\t\t\t\t\t\t<span class=\"level\">\n\t\t\t\t\t\t\t\t\t\t\t\t\t\t\t\t\t\t\t\t\t\t\t\t\t<i class=\"ti-user\"><\/i>\n\t\t\t\t\t\t\t\t\t\t\t\t\t\t\t\t\t\t\t\t\t\t\t\tRaquel Ayuda\t\t\t\t\t\t\t\t\t\t\t<\/span>\n\t\t\t\t\t\t\t\t\t\t\n\t\t\t\t\t\t\t\t\t\t\n\n\t\t\t\t\t\t\t\t\t\t\t\t\t\t\t\t\t\t\t\t\t<span class=\"icon-accor\" ><i class=\" fa fa-angle-down \" id=\"175\" ><\/i><\/span>\n\t\t\t\t\t\t\t\t\t\t\t\t\t\t\t\t\t\t\t<\/div>\n\t\t\t\t\t\t\t\t\t\n\t\t\t\t\t\t\t\t<\/div>\n\t\t\t\t\t\t\t\t<!-- end sub-content -->\n\t\t\t\t\t\t\t<\/div>\n\t\t\t\t\t\t\t<div id=\"slide-175\" class=\"content \" >\n\t\t\t\t\t\t\t\t\n\t\t\t\t\t\t\t\t\t\t\t\t\t\t\t\t\t\t\t\t\t\t\t<\/div>\n\n\t\t\t\t\t\t\t<!-- end wp-content -->\n\t\t\t\t\t\t<\/div>\n\t\t\t\t\t<\/div>\n\t\t\t\t\t\t\t\t\n\t\t\t\t\t\t<div class=\"time-title\">\n\t\t\t\t<div class=\"time\">\n\t\t\t\t\t<span>20:00<\/span>\n\t\t\t\t<\/div>\n\t\t\t\t<div class=\"title-element\">\n\t\t\t\t\t<span>Clausura del Congreso<\/span>\n\t\t\t\t<\/div>\n\t\t\t<\/div>\n\t\t\t<\/div>\n\t\t\t<\/div>\n\t\t\t\t<\/div>\n\t\t\t\t\t<\/div>\n\t\t<\/div>\n\t\t\t\t\t\t\t<\/div>\n\t\t<\/section>\n\t\t\t\t<section class=\"elementor-section elementor-top-section elementor-element elementor-element-85d4a69 elementor-section-boxed elementor-section-height-default elementor-section-height-default\" data-id=\"85d4a69\" data-element_type=\"section\">\n\t\t\t\t\t\t<div class=\"elementor-container elementor-column-gap-default\">\n\t\t\t\t\t<div class=\"elementor-column elementor-col-100 elementor-top-column elementor-element elementor-element-ef7cc39\" data-id=\"ef7cc39\" data-element_type=\"column\">\n\t\t\t<div class=\"elementor-widget-wrap elementor-element-populated\">\n\t\t\t\t\t\t\t\t<div class=\"elementor-element elementor-element-da11476 elementor-widget elementor-widget-heading\" data-id=\"da11476\" data-element_type=\"widget\" data-widget_type=\"heading.default\">\n\t\t\t\t<div class=\"elementor-widget-container\">\n\t\t\t<h2 class=\"elementor-heading-title elementor-size-default\">Los Ponentes<\/h2>\t\t<\/div>\n\t\t\t\t<\/div>\n\t\t\t\t\t<\/div>\n\t\t<\/div>\n\t\t\t\t\t\t\t<\/div>\n\t\t<\/section>\n\t\t\t\t<section class=\"elementor-section elementor-top-section elementor-element elementor-element-6bb7441 elementor-section-boxed elementor-section-height-default elementor-section-height-default\" data-id=\"6bb7441\" data-element_type=\"section\">\n\t\t\t\t\t\t<div class=\"elementor-container elementor-column-gap-default\">\n\t\t\t\t\t<div class=\"elementor-column elementor-col-33 elementor-top-column elementor-element elementor-element-ad5552f\" data-id=\"ad5552f\" data-element_type=\"column\">\n\t\t\t<div class=\"elementor-widget-wrap elementor-element-populated\">\n\t\t\t\t\t\t\t\t<div class=\"elementor-element elementor-element-14717fa elementor-widget elementor-widget-ova_artist\" data-id=\"14717fa\" data-element_type=\"widget\" data-widget_type=\"ova_artist.default\">\n\t\t\t\t<div class=\"elementor-widget-container\">\n\t\t\t\t\t<div class=\"ova-speakers\">\n\t\t\t<div class=\"items-speakers version_1\">\n\t\t\t\t<div class=\"ova-media pop-media\">\n\t\t\t\t\t<a class=\"img\" href=\"#\">\n\t\t\t\t\t\t<img decoding=\"async\" src=\"https:\/\/congreso.autismosevilla.org\/wp-content\/uploads\/2021\/12\/Joseph-Long.png\" alt=\"\">\n\t\t\t\t\t<\/a>\n\t\t\t\t<\/div>\n\n\t\t\t\t\t\t\t\t\t<div class=\"popup_volunteer\">\t\t\t\t\t\n\t\t\t\t\t\t<a class=\"view_volunteer\"><i class=\"icon_plus\"><\/i><\/a>\n\t\t\t\t\t\t<div class=\"content_popup\">\n\t\t\t\t\t\t\t<div class=\"container bgr-popup\">\n\t\t\t\t\t\t\t\t<span class=\"btn_close icon_close\"><\/span>\n\t\t\t\t\t\t\t\t<div class=\"row\">\n\t\t\t\t\t\t\t\t\t<div class=\"col-lg-6 col-md-4\">\n\t\t\t\t\t\t\t\t\t\t<div class=\"volunteer-popup-img\">\n\t\t\t\t\t\t\t\t\t\t\t<img decoding=\"async\" src=\"https:\/\/congreso.autismosevilla.org\/wp-content\/uploads\/2021\/12\/Joseph-Long.png\" alt=\"Joseph Long\">\n\t\t\t\t\t\t\t\t\t\t<\/div>\n\t\t\t\t\t\t\t\t\t<\/div>\n\t\t\t\t\t\t\t\t\t<div class=\"col-lg-6 col-md-8\">\n\t\t\t\t\t\t\t\t\t\t<div class=\"volunteer-popup-content\">\n\t\t\t\t\t\t\t\t\t\t\t<h3 class=\"second_font\">Joseph Long<\/h3>\n\t\t\t\t\t\t\t\t\t\t\t<span class=\"job\">Director de Investigaci\u00f3n y Pol\u00edtica, Autismo Escocia.<\/span>\n\t\t\t\t\t\t\t\t\t\t\t<p>Joe Long se incorpor\u00f3 a Autismo Escocia en 2013, donde dirige un programa de investigaci\u00f3n centrado en la pr\u00e1ctica en los servicios de atenci\u00f3n social y educaci\u00f3n. Joe trabaj\u00f3 como profesional de la atenci\u00f3n social durante varios a\u00f1os antes de formarse como antrop\u00f3logo social. El programa de Autismo Escocia busca involucrar de manera significativa a las personas con autismo y a los profesionales para abordar las cuestiones que surgen de la pr\u00e1ctica diaria.  A trav\u00e9s del Centro de Innovaci\u00f3n Pr\u00e1ctica de Autismo Escocia, Joe y sus colegas tratan de crear una relaci\u00f3n productiva entre la investigaci\u00f3n sobre el autismo, la pol\u00edtica y la pr\u00e1ctica profesional. \n\n\nJoe es Investigador Honorario de la Universidad de Edimburgo y socio del Centro de Antropolog\u00eda M\u00e9dica de Edimburgo. Es editor asociado de la revista \u201cGood Autism Practice\u201d y administrador de \u201cHealthProm\u201d, una organizaci\u00f3n que apoya a ni\u00f1os y familias vulnerables de Europa del Este, Asia Central y Afganist\u00e1n.\n<\/p>\n\t\t\t\t\t\t\t\t\t\t\t<div class=\"list-con\">\n\t\t\t\t\t\t\t\t\t\t\t\t<ul>\n\t\t\t\t\t\t\t\t\t\t\t\t\t\n\t\t\t\t\t\t\t\t\t\t\t\t\t\t\t\t\t\t\t\t\t\t\t\t\t\t\t\t<li><a  target=\"_blank\"  href=\"https:\/\/www.linkedin.com\/in\/dr-catriona-stewart-obe-145bb920\/ \"><i class=\"fa fa-linkedin\"><\/i><\/a><\/li>\n\t\t\t\t\t\t\t\t\t\t\t\t\t\n\t\t\t\t\t\t\t\t\t\t\t\t\t\t\t\t\t\t\t\t\t\t\t\t\t\t\t\t<li><a  target=\"_blank\"  href=\"https:\/\/twitter.com\/CatrionaSScot \"><i class=\"fa fa-twitter\"><\/i><\/a><\/li>\n\t\t\t\t\t\t\t\t\t\t\t\t\t\t\t\t\t\t\t\t\t\t\t\t\t<\/ul>\n\t\t\t\t\t\t\t\t\t\t\t<\/div>\n\t\t\t\t\t\t\t\t\t\t<\/div>\n\t\t\t\t\t\t\t\t\t<\/div>\n\t\t\t\t\t\t\t\t<\/div>\n\t\t\t\t\t\t\t<\/div>\n\t\t\t\t\t\t<\/div>\n\t\t\t\t\t<\/div>\n\t\t\t\t\t\t\t\t\n\t\t\t\t<div class=\"ova-content\">\n\t\t\t\t\t<a class=\"name second_font\" href=\"#\">\n\t\t\t\t\t\tJoseph Long\t\t\t\t\t<\/a>\n\t\t\t\t\t\t\t\t\t\t\t<div class=\"skill\"> \n\t\t\t\t\t\t\tDirector de Investigaci\u00f3n y Pol\u00edtica, Autismo Escocia.\t\t\t\t\t\t<\/div>\n\t\t\t\t\t\t\t\t\t\t\t\t\t\t\t\t\t\t\t<\/div>\n\t\t\t\t\n\t\t\t<\/div>\n\t\t<\/div>\n\t\t\t\t<\/div>\n\t\t\t\t<\/div>\n\t\t\t\t<div class=\"elementor-element elementor-element-4e2b5de elementor-widget elementor-widget-ova_artist\" data-id=\"4e2b5de\" data-element_type=\"widget\" data-widget_type=\"ova_artist.default\">\n\t\t\t\t<div class=\"elementor-widget-container\">\n\t\t\t\t\t<div class=\"ova-speakers\">\n\t\t\t<div class=\"items-speakers version_1\">\n\t\t\t\t<div class=\"ova-media pop-media\">\n\t\t\t\t\t<a class=\"img\" href=\"#\">\n\t\t\t\t\t\t<img decoding=\"async\" src=\"https:\/\/congreso.autismosevilla.org\/wp-content\/uploads\/2021\/11\/IjfbIxiT_400x400-1.jpg\" alt=\"\">\n\t\t\t\t\t<\/a>\n\t\t\t\t<\/div>\n\n\t\t\t\t\t\t\t\t\t<div class=\"popup_volunteer\">\t\t\t\t\t\n\t\t\t\t\t\t<a class=\"view_volunteer\"><i class=\"icon_plus\"><\/i><\/a>\n\t\t\t\t\t\t<div class=\"content_popup\">\n\t\t\t\t\t\t\t<div class=\"container bgr-popup\">\n\t\t\t\t\t\t\t\t<span class=\"btn_close icon_close\"><\/span>\n\t\t\t\t\t\t\t\t<div class=\"row\">\n\t\t\t\t\t\t\t\t\t<div class=\"col-lg-6 col-md-4\">\n\t\t\t\t\t\t\t\t\t\t<div class=\"volunteer-popup-img\">\n\t\t\t\t\t\t\t\t\t\t\t<img decoding=\"async\" src=\"https:\/\/congreso.autismosevilla.org\/wp-content\/uploads\/2021\/11\/IjfbIxiT_400x400-1.jpg\" alt=\"Catriona Stewart\">\n\t\t\t\t\t\t\t\t\t\t<\/div>\n\t\t\t\t\t\t\t\t\t<\/div>\n\t\t\t\t\t\t\t\t\t<div class=\"col-lg-6 col-md-8\">\n\t\t\t\t\t\t\t\t\t\t<div class=\"volunteer-popup-content\">\n\t\t\t\t\t\t\t\t\t\t\t<h3 class=\"second_font\">Catriona Stewart<\/h3>\n\t\t\t\t\t\t\t\t\t\t\t<span class=\"job\">Cofundadora de SWAN: Red Escocesa de Mujeres Autista<\/span>\n\t\t\t\t\t\t\t\t\t\t\t<p>Esta Red Escocesa de Mujeres Autistas facilita foros y grupos de apoyo entre iguales. Ha impartido conferencias innovadoras en eventos de aprendizaje y ofrece formaci\u00f3n y apoyo profesional en los servicios de empleo y del sector p\u00fablico. La Dra. Stewart ha presentado numerosas ponencias y talleres en eventos nacionales e internacionales, en diversos entornos del Reino Unido, Canad\u00e1, Europa y Singapur. Es asesora de una serie de gu\u00edas y protocolos, incluido el Proyecto Nacional de Autismo, 2015-2018, aportaciones a la Ley de Salud Mental de Escocia, en relaci\u00f3n con el Autismo y las dificultades de Aprendizaje, 2018-2019. Actualmente est\u00e1 trabajando con la Campa\u00f1a #DifferentMinds del Gobierno escoc\u00e9s, lanzada en octubre de 2020, de la que tambi\u00e9n es embajadora. Desde el comienzo de la pandemia de COVID en abril de 2020 hasta abril de 2021, ha sido miembro del Grupo Asesor Independiente centrado en los derechos humanos de la Autoridad Policial Escocesa, establecido para supervisar la legislaci\u00f3n de respuesta a la pandemia. Fue nombrada oficial del Orden del Imperio Brit\u00e1nico (OBE) en 2020 por sus servicios a las mujeres autistas.<\/p>\n\t\t\t\t\t\t\t\t\t\t\t<div class=\"list-con\">\n\t\t\t\t\t\t\t\t\t\t\t\t<ul>\n\t\t\t\t\t\t\t\t\t\t\t\t\t\n\t\t\t\t\t\t\t\t\t\t\t\t\t\t\t\t\t\t\t\t\t\t\t\t\t\t\t\t<li><a  target=\"_blank\"  href=\"https:\/\/www.linkedin.com\/in\/dr-catriona-stewart-obe-145bb920\/ \"><i class=\"fa fa-linkedin\"><\/i><\/a><\/li>\n\t\t\t\t\t\t\t\t\t\t\t\t\t\n\t\t\t\t\t\t\t\t\t\t\t\t\t\t\t\t\t\t\t\t\t\t\t\t\t\t\t\t<li><a  target=\"_blank\"  href=\"https:\/\/twitter.com\/CatrionaSScot \"><i class=\"fa fa-twitter\"><\/i><\/a><\/li>\n\t\t\t\t\t\t\t\t\t\t\t\t\t\t\t\t\t\t\t\t\t\t\t\t\t<\/ul>\n\t\t\t\t\t\t\t\t\t\t\t<\/div>\n\t\t\t\t\t\t\t\t\t\t<\/div>\n\t\t\t\t\t\t\t\t\t<\/div>\n\t\t\t\t\t\t\t\t<\/div>\n\t\t\t\t\t\t\t<\/div>\n\t\t\t\t\t\t<\/div>\n\t\t\t\t\t<\/div>\n\t\t\t\t\t\t\t\t\n\t\t\t\t<div class=\"ova-content\">\n\t\t\t\t\t<a class=\"name second_font\" href=\"#\">\n\t\t\t\t\t\tDr Catriona Stewart OBE\t\t\t\t\t<\/a>\n\t\t\t\t\t\t\t\t\t\t\t<div class=\"skill\"> \n\t\t\t\t\t\t\tCofundadora de SWAN: Red Escocesa de Mujeres Autista\t\t\t\t\t\t<\/div>\n\t\t\t\t\t\t\t\t\t\t\t\t\t\t\t\t\t\t\t<\/div>\n\t\t\t\t\n\t\t\t<\/div>\n\t\t<\/div>\n\t\t\t\t<\/div>\n\t\t\t\t<\/div>\n\t\t\t\t<div class=\"elementor-element elementor-element-96acdf9 elementor-widget elementor-widget-ova_artist\" data-id=\"96acdf9\" data-element_type=\"widget\" data-widget_type=\"ova_artist.default\">\n\t\t\t\t<div class=\"elementor-widget-container\">\n\t\t\t\t\t<div class=\"ova-speakers\">\n\t\t\t<div class=\"items-speakers version_1\">\n\t\t\t\t<div class=\"ova-media pop-media\">\n\t\t\t\t\t<a class=\"img\" href=\"#\">\n\t\t\t\t\t\t<img decoding=\"async\" src=\"https:\/\/congreso.autismosevilla.org\/wp-content\/uploads\/2021\/11\/isabel-paula.jpg\" alt=\"\">\n\t\t\t\t\t<\/a>\n\t\t\t\t<\/div>\n\n\t\t\t\t\t\t\t\t\t<div class=\"popup_volunteer\">\t\t\t\t\t\n\t\t\t\t\t\t<a class=\"view_volunteer\"><i class=\"icon_plus\"><\/i><\/a>\n\t\t\t\t\t\t<div class=\"content_popup\">\n\t\t\t\t\t\t\t<div class=\"container bgr-popup\">\n\t\t\t\t\t\t\t\t<span class=\"btn_close icon_close\"><\/span>\n\t\t\t\t\t\t\t\t<div class=\"row\">\n\t\t\t\t\t\t\t\t\t<div class=\"col-lg-6 col-md-4\">\n\t\t\t\t\t\t\t\t\t\t<div class=\"volunteer-popup-img\">\n\t\t\t\t\t\t\t\t\t\t\t<img decoding=\"async\" src=\"https:\/\/congreso.autismosevilla.org\/wp-content\/uploads\/2021\/11\/isabel-paula.jpg\" alt=\"Isabel Paula\">\n\t\t\t\t\t\t\t\t\t\t<\/div>\n\t\t\t\t\t\t\t\t\t<\/div>\n\t\t\t\t\t\t\t\t\t<div class=\"col-lg-6 col-md-8\">\n\t\t\t\t\t\t\t\t\t\t<div class=\"volunteer-popup-content\">\n\t\t\t\t\t\t\t\t\t\t\t<h3 class=\"second_font\">Isabel Paula<\/h3>\n\t\t\t\t\t\t\t\t\t\t\t<span class=\"job\">Profesora Titular de Trastornos del Neurodesarrollo Universidad Barcelona<\/span>\n\t\t\t\t\t\t\t\t\t\t\t<p>La Dra. Isabel Paula es profesora titular de Trastornos del Neurodesarrollo del Departamento de M\u00e9todos de Investigaci\u00f3n y Diagn\u00f3stico en Educaci\u00f3n de la Universidad de la Universidad de Barcelona (UB).\n\nDesde hace 17 a\u00f1os es directora del Diploma de Postgrado: &quot;Autismo: Diagn\u00f3stico e Intervenci\u00f3n&quot; de la UB: http:\/\/www.ub.edu\/postgrauautismeub\n\nActualmente es Directora Adjunta del Instituto de Desarrollo Profesional de la Universidad de Barcelona.\n\nEs investigadora del Instituto de Neurociencias de la Universidad de Barcelona en la Unidad de Neurociencia Cuantitativa de la Facultad de Psicolog\u00eda.\n\nHa sido premio Extraordinario de Tesis Doctoral por la Universidad de Barcelona (1999) y ha recibido la Menci\u00f3n Honor\u00edfica en los Premios Nacionales a la Investigaci\u00f3n Educativa del Ministerio de Educaci\u00f3n y Ciencia (2004).\n\nEs autora de m\u00faltiples art\u00edculos cient\u00edficos, cap\u00edtulos de libro y libros de referencia en el \u00e1mbito del autismo.\n\nSus dos \u00faltimos libros, publicados con Alianza Editorial, son &quot;La ansiedad en el autismo. Comprenderla y tratarla &quot;(2015) y &quot;La autolesi\u00f3n en el autismo: \u00bfB\u00fasqueda del dolor o liberaci\u00f3n del mismo? &quot; (2018).<\/p>\n\t\t\t\t\t\t\t\t\t\t\t<div class=\"list-con\">\n\t\t\t\t\t\t\t\t\t\t\t\t<ul>\n\t\t\t\t\t\t\t\t\t\t\t\t\t\n\t\t\t\t\t\t\t\t\t\t\t\t\t\t\t\t\t\t\t\t\t\t\t\t\t\t\t\t<li><a  target=\"_blank\"  href=\"https:\/\/barcelona.academia.edu\/IsabelPaula\"><i class=\"fa fa-globe\"><\/i><\/a><\/li>\n\t\t\t\t\t\t\t\t\t\t\t\t\t\n\t\t\t\t\t\t\t\t\t\t\t\t\t\t\t\t\t\t\t\t\t\t\t\t\t\t\t\t<li><a  target=\"_blank\"  href=\"https:\/\/www.researchgate.net\/profile\/Isabel_Paula\"><i class=\"fa fa-globe\"><\/i><\/a><\/li>\n\t\t\t\t\t\t\t\t\t\t\t\t\t\n\t\t\t\t\t\t\t\t\t\t\t\t\t\t\t\t\t\t\t\t\t\t\t\t\t\t\t\t<li><a  target=\"_blank\"  href=\"https:\/\/twitter.com\/isabelpaulaub\"><i class=\"fa fa-twitter\"><\/i><\/a><\/li>\n\t\t\t\t\t\t\t\t\t\t\t\t\t\t\t\t\t\t\t\t\t\t\t\t\t<\/ul>\n\t\t\t\t\t\t\t\t\t\t\t<\/div>\n\t\t\t\t\t\t\t\t\t\t<\/div>\n\t\t\t\t\t\t\t\t\t<\/div>\n\t\t\t\t\t\t\t\t<\/div>\n\t\t\t\t\t\t\t<\/div>\n\t\t\t\t\t\t<\/div>\n\t\t\t\t\t<\/div>\n\t\t\t\t\t\t\t\t\n\t\t\t\t<div class=\"ova-content\">\n\t\t\t\t\t<a class=\"name second_font\" href=\"#\">\n\t\t\t\t\t\tIsabel Paula\t\t\t\t\t<\/a>\n\t\t\t\t\t\t\t\t\t\t\t<div class=\"skill\"> \n\t\t\t\t\t\t\tProfesora Titular de Trastornos del Neurodesarrollo Universidad Barcelona\t\t\t\t\t\t<\/div>\n\t\t\t\t\t\t\t\t\t\t\t\t\t\t\t\t\t\t\t<\/div>\n\t\t\t\t\n\t\t\t<\/div>\n\t\t<\/div>\n\t\t\t\t<\/div>\n\t\t\t\t<\/div>\n\t\t\t\t<div class=\"elementor-element elementor-element-7c934d4 elementor-widget elementor-widget-ova_artist\" data-id=\"7c934d4\" data-element_type=\"widget\" data-widget_type=\"ova_artist.default\">\n\t\t\t\t<div class=\"elementor-widget-container\">\n\t\t\t\t\t<div class=\"ova-speakers\">\n\t\t\t<div class=\"items-speakers version_1\">\n\t\t\t\t<div class=\"ova-media pop-media\">\n\t\t\t\t\t<a class=\"img\" href=\"#\">\n\t\t\t\t\t\t<img decoding=\"async\" src=\"https:\/\/congreso.autismosevilla.org\/wp-content\/uploads\/2021\/11\/isabel-guiaro.jpg\" alt=\"\">\n\t\t\t\t\t<\/a>\n\t\t\t\t<\/div>\n\n\t\t\t\t\t\t\t\t\t<div class=\"popup_volunteer\">\t\t\t\t\t\n\t\t\t\t\t\t<a class=\"view_volunteer\"><i class=\"icon_plus\"><\/i><\/a>\n\t\t\t\t\t\t<div class=\"content_popup\">\n\t\t\t\t\t\t\t<div class=\"container bgr-popup\">\n\t\t\t\t\t\t\t\t<span class=\"btn_close icon_close\"><\/span>\n\t\t\t\t\t\t\t\t<div class=\"row\">\n\t\t\t\t\t\t\t\t\t<div class=\"col-lg-6 col-md-4\">\n\t\t\t\t\t\t\t\t\t\t<div class=\"volunteer-popup-img\">\n\t\t\t\t\t\t\t\t\t\t\t<img decoding=\"async\" src=\"https:\/\/congreso.autismosevilla.org\/wp-content\/uploads\/2021\/11\/isabel-guiaro.jpg\" alt=\"Isabel Guirao\">\n\t\t\t\t\t\t\t\t\t\t<\/div>\n\t\t\t\t\t\t\t\t\t<\/div>\n\t\t\t\t\t\t\t\t\t<div class=\"col-lg-6 col-md-8\">\n\t\t\t\t\t\t\t\t\t\t<div class=\"volunteer-popup-content\">\n\t\t\t\t\t\t\t\t\t\t\t<h3 class=\"second_font\">Isabel Guirao<\/h3>\n\t\t\t\t\t\t\t\t\t\t\t<span class=\"job\">Cofundadora A Toda Vela<\/span>\n\t\t\t\t\t\t\t\t\t\t\t<p>Isabel Guirao, licenciada en psicolog\u00eda y orientadora escolar. Co-fundadora y directora de misi\u00f3n, innovaci\u00f3n y relaciones institucionales de A Toda Vela, Emprendedora Social de Ashoka Spain y Mujer Top 100 lideres en Espa\u00f1a. Profesora de 5 m\u00e1ster universitarios. <\/p>\n\t\t\t\t\t\t\t\t\t\t\t<div class=\"list-con\">\n\t\t\t\t\t\t\t\t\t\t\t\t<ul>\n\t\t\t\t\t\t\t\t\t\t\t\t\t\n\t\t\t\t\t\t\t\t\t\t\t\t\t\t\t\t\t\t\t\t\t\t\t\t\t\t\t\t<li><a  target=\"_blank\"  href=\"https:\/\/www.linkedin.com\/company\/a-toda-vela\/\"><i class=\"fa fa-linkedin\"><\/i><\/a><\/li>\n\t\t\t\t\t\t\t\t\t\t\t\t\t\n\t\t\t\t\t\t\t\t\t\t\t\t\t\t\t\t\t\t\t\t\t\t\t\t\t\t\t\t<li><a  target=\"_blank\"  href=\"https:\/\/atodavela.org\/\"><i class=\"fa fa-globe\"><\/i><\/a><\/li>\n\t\t\t\t\t\t\t\t\t\t\t\t\t\n\t\t\t\t\t\t\t\t\t\t\t\t\t\t\t\t\t\t\t\t\t\t\t\t\t\t\t\t<li><a  target=\"_blank\"  href=\"https:\/\/www.instagram.com\/a_toda_vela\/?hl=es\"><i class=\"fa fa-instagram\"><\/i><\/a><\/li>\n\t\t\t\t\t\t\t\t\t\t\t\t\t\t\t\t\t\t\t\t\t\t\t\t\t<\/ul>\n\t\t\t\t\t\t\t\t\t\t\t<\/div>\n\t\t\t\t\t\t\t\t\t\t<\/div>\n\t\t\t\t\t\t\t\t\t<\/div>\n\t\t\t\t\t\t\t\t<\/div>\n\t\t\t\t\t\t\t<\/div>\n\t\t\t\t\t\t<\/div>\n\t\t\t\t\t<\/div>\n\t\t\t\t\t\t\t\t\n\t\t\t\t<div class=\"ova-content\">\n\t\t\t\t\t<a class=\"name second_font\" href=\"#\">\n\t\t\t\t\t\tIsabel Guirao\t\t\t\t\t<\/a>\n\t\t\t\t\t\t\t\t\t\t\t<div class=\"skill\"> \n\t\t\t\t\t\t\tCofundadora A Toda Vela\t\t\t\t\t\t<\/div>\n\t\t\t\t\t\t\t\t\t\t\t\t\t\t\t\t\t\t\t<\/div>\n\t\t\t\t\n\t\t\t<\/div>\n\t\t<\/div>\n\t\t\t\t<\/div>\n\t\t\t\t<\/div>\n\t\t\t\t<div class=\"elementor-element elementor-element-2ea0098 elementor-widget elementor-widget-ova_artist\" data-id=\"2ea0098\" data-element_type=\"widget\" data-widget_type=\"ova_artist.default\">\n\t\t\t\t<div class=\"elementor-widget-container\">\n\t\t\t\t\t<div class=\"ova-speakers\">\n\t\t\t<div class=\"items-speakers version_1\">\n\t\t\t\t<div class=\"ova-media pop-media\">\n\t\t\t\t\t<a class=\"img\" href=\"\">\n\t\t\t\t\t\t<img decoding=\"async\" src=\"https:\/\/congreso.autismosevilla.org\/wp-content\/uploads\/2021\/12\/javier.jpg\" alt=\"\">\n\t\t\t\t\t<\/a>\n\t\t\t\t<\/div>\n\n\t\t\t\t\t\t\t\t\t<div class=\"popup_volunteer\">\t\t\t\t\t\n\t\t\t\t\t\t<a class=\"view_volunteer\"><i class=\"icon_plus\"><\/i><\/a>\n\t\t\t\t\t\t<div class=\"content_popup\">\n\t\t\t\t\t\t\t<div class=\"container bgr-popup\">\n\t\t\t\t\t\t\t\t<span class=\"btn_close icon_close\"><\/span>\n\t\t\t\t\t\t\t\t<div class=\"row\">\n\t\t\t\t\t\t\t\t\t<div class=\"col-lg-6 col-md-4\">\n\t\t\t\t\t\t\t\t\t\t<div class=\"volunteer-popup-img\">\n\t\t\t\t\t\t\t\t\t\t\t<img decoding=\"async\" src=\"https:\/\/congreso.autismosevilla.org\/wp-content\/uploads\/2021\/12\/javier.jpg\" alt=\"Javier Arn\u00e1iz\">\n\t\t\t\t\t\t\t\t\t\t<\/div>\n\t\t\t\t\t\t\t\t\t<\/div>\n\t\t\t\t\t\t\t\t\t<div class=\"col-lg-6 col-md-8\">\n\t\t\t\t\t\t\t\t\t\t<div class=\"volunteer-popup-content\">\n\t\t\t\t\t\t\t\t\t\t\t<h3 class=\"second_font\">Javier Arn\u00e1iz<\/h3>\n\t\t\t\t\t\t\t\t\t\t\t<span class=\"job\">Director T\u00e9cnico de Autismo Burgos<\/span>\n\t\t\t\t\t\t\t\t\t\t\t<p>Maestro de educaci\u00f3n especial y pedagogo. Toda su trayectoria profesional la ha desarrollado en Autismo Burgos a trav\u00e9s de diferentes puestos, todos ellos relacionados con la atenci\u00f3n a las personas con TEA, actualmente Director T\u00e9cnico de Autismo Burgos.  Ha  participado  en numerosos proyectos europeos, as\u00ed como en congresos nacionales e internacionales tanto como ponente como Miembro de sus Comit\u00e9s Cient\u00edficos u Organizadores. Su labor como  formador  en  los  Centros  de  Formaci\u00f3n  e  Innovaci\u00f3n  del  Profesorado, Universidades y Centros de Formaci\u00f3n   Socio-Sanitarios se  extiende  a numerosas Comunidades Aut\u00f3nomas. Ha redactado y traducido m\u00faltiples publicaciones relacionadas con el TEA. Acreditado en formaci\u00f3n cl\u00ednica e investigaci\u00f3n del instrumento diagn\u00f3stico AUTISM DIAGNOSTIC INTERVIEW-REVISED (ADI-R) por la Dra. Amaia Herv\u00e1s, MRCPsych, MD, PhD y miembro del Grupo de Investigaci\u00f3n Beb\u00e9 Miradas.<\/p>\n\t\t\t\t\t\t\t\t\t\t\t<div class=\"list-con\">\n\t\t\t\t\t\t\t\t\t\t\t\t<ul>\n\t\t\t\t\t\t\t\t\t\t\t\t\t\n\t\t\t\t\t\t\t\t\t\t\t\t\t\t\t\t\t\t\t\t\t\t\t\t\t\t\t\t<li><a  target=\"_blank\"  href=\"https:\/\/www.autismoburgos.es\/programa-bbmiradas\/\"><i class=\"fa fa-globe\"><\/i><\/a><\/li>\n\t\t\t\t\t\t\t\t\t\t\t\t\t\t\t\t\t\t\t\t\t\t\t\t\t<\/ul>\n\t\t\t\t\t\t\t\t\t\t\t<\/div>\n\t\t\t\t\t\t\t\t\t\t<\/div>\n\t\t\t\t\t\t\t\t\t<\/div>\n\t\t\t\t\t\t\t\t<\/div>\n\t\t\t\t\t\t\t<\/div>\n\t\t\t\t\t\t<\/div>\n\t\t\t\t\t<\/div>\n\t\t\t\t\t\t\t\t\n\t\t\t\t<div class=\"ova-content\">\n\t\t\t\t\t<a class=\"name second_font\" href=\"\">\n\t\t\t\t\t\tJavier Arn\u00e1iz\t\t\t\t\t<\/a>\n\t\t\t\t\t\t\t\t\t\t\t<div class=\"skill\"> \n\t\t\t\t\t\t\tDirector T\u00e9cnico de Autismo Burgos\t\t\t\t\t\t<\/div>\n\t\t\t\t\t\t\t\t\t\t\t\t\t\t\t\t\t\t\t<\/div>\n\t\t\t\t\n\t\t\t<\/div>\n\t\t<\/div>\n\t\t\t\t<\/div>\n\t\t\t\t<\/div>\n\t\t\t\t<div class=\"elementor-element elementor-element-c2ffd52 elementor-widget elementor-widget-ova_artist\" data-id=\"c2ffd52\" data-element_type=\"widget\" data-widget_type=\"ova_artist.default\">\n\t\t\t\t<div class=\"elementor-widget-container\">\n\t\t\t\t\t<div class=\"ova-speakers\">\n\t\t\t<div class=\"items-speakers version_1\">\n\t\t\t\t<div class=\"ova-media pop-media\">\n\t\t\t\t\t<a class=\"img\" href=\"#\">\n\t\t\t\t\t\t<img decoding=\"async\" src=\"https:\/\/congreso.autismosevilla.org\/wp-content\/uploads\/2021\/11\/Lena-cobos.jpg\" alt=\"\">\n\t\t\t\t\t<\/a>\n\t\t\t\t<\/div>\n\n\t\t\t\t\t\t\t\t\t<div class=\"popup_volunteer\">\t\t\t\t\t\n\t\t\t\t\t\t<a class=\"view_volunteer\"><i class=\"icon_plus\"><\/i><\/a>\n\t\t\t\t\t\t<div class=\"content_popup\">\n\t\t\t\t\t\t\t<div class=\"container bgr-popup\">\n\t\t\t\t\t\t\t\t<span class=\"btn_close icon_close\"><\/span>\n\t\t\t\t\t\t\t\t<div class=\"row\">\n\t\t\t\t\t\t\t\t\t<div class=\"col-lg-6 col-md-4\">\n\t\t\t\t\t\t\t\t\t\t<div class=\"volunteer-popup-img\">\n\t\t\t\t\t\t\t\t\t\t\t<img decoding=\"async\" src=\"https:\/\/congreso.autismosevilla.org\/wp-content\/uploads\/2021\/11\/Lena-cobos.jpg\" alt=\"Lena Cobos\">\n\t\t\t\t\t\t\t\t\t\t<\/div>\n\t\t\t\t\t\t\t\t\t<\/div>\n\t\t\t\t\t\t\t\t\t<div class=\"col-lg-6 col-md-8\">\n\t\t\t\t\t\t\t\t\t\t<div class=\"volunteer-popup-content\">\n\t\t\t\t\t\t\t\t\t\t\t<h3 class=\"second_font\">Lena Cobos<\/h3>\n\t\t\t\t\t\t\t\t\t\t\t<span class=\"job\">Psic\u00f3loga Esment Fundaci\u00f3<\/span>\n\t\t\t\t\t\t\t\t\t\t\t<p>Soy psic\u00f3loga y formo parte del equipo de Esment Fundaci\u00f3, entidad dedicada a acompa\u00f1ar a personas con discapacidad intelectual o del desarrollo y sus familias desde 1962. Mi trabajo consiste en orientar y acompa\u00f1ar t\u00e9cnicamente a los servicios de la organizaci\u00f3n.<\/p>\n\t\t\t\t\t\t\t\t\t\t\t<div class=\"list-con\">\n\t\t\t\t\t\t\t\t\t\t\t\t<ul>\n\t\t\t\t\t\t\t\t\t\t\t\t\t\n\t\t\t\t\t\t\t\t\t\t\t\t\t\t\t\t\t\t\t\t\t\t\t\t\t\t\t\t<li><a  target=\"_blank\"  href=\"https:\/\/esment.org\/\"><i class=\"fa fa-globe\"><\/i><\/a><\/li>\n\t\t\t\t\t\t\t\t\t\t\t\t\t\t\t\t\t\t\t\t\t\t\t\t\t<\/ul>\n\t\t\t\t\t\t\t\t\t\t\t<\/div>\n\t\t\t\t\t\t\t\t\t\t<\/div>\n\t\t\t\t\t\t\t\t\t<\/div>\n\t\t\t\t\t\t\t\t<\/div>\n\t\t\t\t\t\t\t<\/div>\n\t\t\t\t\t\t<\/div>\n\t\t\t\t\t<\/div>\n\t\t\t\t\t\t\t\t\n\t\t\t\t<div class=\"ova-content\">\n\t\t\t\t\t<a class=\"name second_font\" href=\"#\">\n\t\t\t\t\t\tLena Cobos\t\t\t\t\t<\/a>\n\t\t\t\t\t\t\t\t\t\t\t<div class=\"skill\"> \n\t\t\t\t\t\t\tPsic\u00f3loga Esment Fundaci\u00f3\t\t\t\t\t\t<\/div>\n\t\t\t\t\t\t\t\t\t\t\t\t\t\t\t\t\t\t\t<\/div>\n\t\t\t\t\n\t\t\t<\/div>\n\t\t<\/div>\n\t\t\t\t<\/div>\n\t\t\t\t<\/div>\n\t\t\t\t<div class=\"elementor-element elementor-element-279cfe0 elementor-widget elementor-widget-ova_artist\" data-id=\"279cfe0\" data-element_type=\"widget\" data-widget_type=\"ova_artist.default\">\n\t\t\t\t<div class=\"elementor-widget-container\">\n\t\t\t\t\t<div class=\"ova-speakers\">\n\t\t\t<div class=\"items-speakers version_1\">\n\t\t\t\t<div class=\"ova-media pop-media\">\n\t\t\t\t\t<a class=\"img\" href=\"\">\n\t\t\t\t\t\t<img decoding=\"async\" src=\"https:\/\/congreso.autismosevilla.org\/wp-content\/uploads\/2021\/11\/Peggy.JPG-scaled.jpg\" alt=\"\">\n\t\t\t\t\t<\/a>\n\t\t\t\t<\/div>\n\n\t\t\t\t\t\t\t\t\t<div class=\"popup_volunteer\">\t\t\t\t\t\n\t\t\t\t\t\t<a class=\"view_volunteer\"><i class=\"icon_plus\"><\/i><\/a>\n\t\t\t\t\t\t<div class=\"content_popup\">\n\t\t\t\t\t\t\t<div class=\"container bgr-popup\">\n\t\t\t\t\t\t\t\t<span class=\"btn_close icon_close\"><\/span>\n\t\t\t\t\t\t\t\t<div class=\"row\">\n\t\t\t\t\t\t\t\t\t<div class=\"col-lg-6 col-md-4\">\n\t\t\t\t\t\t\t\t\t\t<div class=\"volunteer-popup-img\">\n\t\t\t\t\t\t\t\t\t\t\t<img decoding=\"async\" src=\"https:\/\/congreso.autismosevilla.org\/wp-content\/uploads\/2021\/11\/Peggy.JPG-scaled.jpg\" alt=\"Peggy Wilmart\">\n\t\t\t\t\t\t\t\t\t\t<\/div>\n\t\t\t\t\t\t\t\t\t<\/div>\n\t\t\t\t\t\t\t\t\t<div class=\"col-lg-6 col-md-8\">\n\t\t\t\t\t\t\t\t\t\t<div class=\"volunteer-popup-content\">\n\t\t\t\t\t\t\t\t\t\t\t<h3 class=\"second_font\">Peggy Wilmart<\/h3>\n\t\t\t\t\t\t\t\t\t\t\t<span class=\"job\">Psic\u00f3loga y Coordinadora del CAIT Scena<\/span>\n\t\t\t\t\t\t\t\t\t\t\t<p>Psic\u00f3loga Sanitaria licenciada por la Universidad de Swansea, Gales. M\u00e1ster en Psicolog\u00eda de la Salud en la Universidad de Bath, Reino Unido. Formaci\u00f3n especializada en t\u00e9cnicas de intervenci\u00f3n como PACT, PECS, HANEN y modelo de intervenci\u00f3n con familia. Terapeuta con experiencia en intervenci\u00f3n en contextos naturales con usuarios de atenci\u00f3n temprana, adolescentes y adultos con TEA desde el a\u00f1o 2007. Docente en otras entidades. Miembro de AETAPI. <\/p>\n\t\t\t\t\t\t\t\t\t\t\t<div class=\"list-con\">\n\t\t\t\t\t\t\t\t\t\t\t\t<ul>\n\t\t\t\t\t\t\t\t\t\t\t\t\t\n\t\t\t\t\t\t\t\t\t\t\t\t\t\t\t\t\t\t\t\t\t\t\t\t\t\t\t\t<li><a  target=\"_blank\"  href=\"https:\/\/caitscena.org\/\"><i class=\"fa fa-globe\"><\/i><\/a><\/li>\n\t\t\t\t\t\t\t\t\t\t\t\t\t\t\t\t\t\t\t\t\t\t\t\t\t<\/ul>\n\t\t\t\t\t\t\t\t\t\t\t<\/div>\n\t\t\t\t\t\t\t\t\t\t<\/div>\n\t\t\t\t\t\t\t\t\t<\/div>\n\t\t\t\t\t\t\t\t<\/div>\n\t\t\t\t\t\t\t<\/div>\n\t\t\t\t\t\t<\/div>\n\t\t\t\t\t<\/div>\n\t\t\t\t\t\t\t\t\n\t\t\t\t<div class=\"ova-content\">\n\t\t\t\t\t<a class=\"name second_font\" href=\"\">\n\t\t\t\t\t\tPeggy Wilmart\t\t\t\t\t<\/a>\n\t\t\t\t\t\t\t\t\t\t\t<div class=\"skill\"> \n\t\t\t\t\t\t\tPsic\u00f3loga y Coordinadora del CAIT Scena\t\t\t\t\t\t<\/div>\n\t\t\t\t\t\t\t\t\t\t\t\t\t\t\t\t\t\t\t<\/div>\n\t\t\t\t\n\t\t\t<\/div>\n\t\t<\/div>\n\t\t\t\t<\/div>\n\t\t\t\t<\/div>\n\t\t\t\t\t<\/div>\n\t\t<\/div>\n\t\t\t\t<div class=\"elementor-column elementor-col-33 elementor-top-column elementor-element elementor-element-eca748a\" data-id=\"eca748a\" data-element_type=\"column\">\n\t\t\t<div class=\"elementor-widget-wrap elementor-element-populated\">\n\t\t\t\t\t\t\t\t<div class=\"elementor-element elementor-element-39e017e elementor-widget elementor-widget-ova_artist\" data-id=\"39e017e\" data-element_type=\"widget\" data-widget_type=\"ova_artist.default\">\n\t\t\t\t<div class=\"elementor-widget-container\">\n\t\t\t\t\t<div class=\"ova-speakers\">\n\t\t\t<div class=\"items-speakers version_1\">\n\t\t\t\t<div class=\"ova-media pop-media\">\n\t\t\t\t\t<a class=\"img\" href=\"#\">\n\t\t\t\t\t\t<img decoding=\"async\" src=\"https:\/\/congreso.autismosevilla.org\/wp-content\/uploads\/2021\/11\/patricia-howlin-scaled.jpg\" alt=\"\">\n\t\t\t\t\t<\/a>\n\t\t\t\t<\/div>\n\n\t\t\t\t\t\t\t\t\t<div class=\"popup_volunteer\">\t\t\t\t\t\n\t\t\t\t\t\t<a class=\"view_volunteer\"><i class=\"icon_plus\"><\/i><\/a>\n\t\t\t\t\t\t<div class=\"content_popup\">\n\t\t\t\t\t\t\t<div class=\"container bgr-popup\">\n\t\t\t\t\t\t\t\t<span class=\"btn_close icon_close\"><\/span>\n\t\t\t\t\t\t\t\t<div class=\"row\">\n\t\t\t\t\t\t\t\t\t<div class=\"col-lg-6 col-md-4\">\n\t\t\t\t\t\t\t\t\t\t<div class=\"volunteer-popup-img\">\n\t\t\t\t\t\t\t\t\t\t\t<img decoding=\"async\" src=\"https:\/\/congreso.autismosevilla.org\/wp-content\/uploads\/2021\/11\/patricia-howlin-scaled.jpg\" alt=\"Patricia Howlin\">\n\t\t\t\t\t\t\t\t\t\t<\/div>\n\t\t\t\t\t\t\t\t\t<\/div>\n\t\t\t\t\t\t\t\t\t<div class=\"col-lg-6 col-md-8\">\n\t\t\t\t\t\t\t\t\t\t<div class=\"volunteer-popup-content\">\n\t\t\t\t\t\t\t\t\t\t\t<h3 class=\"second_font\">Patricia Howlin<\/h3>\n\t\t\t\t\t\t\t\t\t\t\t<span class=\"job\">Profesora Em\u00e9rita de Psicolog\u00eda Cl\u00ednica Infantil en el Instituto de Psiquiatr\u00eda del King\u2019s College de Londres.<\/span>\n\t\t\t\t\t\t\t\t\t\t\t<p>Patricia Howlin es profesora em\u00e9rita de Psicolog\u00eda Cl\u00ednica Infantil en el Instituto de Psiquiatr\u00eda, Psicolog\u00eda y Neurociencia del King&#039;s College de Londres. Sus principales intereses de investigaci\u00f3n se centran en las trayectorias de desarrollo de los individuos con autismo y los factores relacionados con los resultados. La profesora Howlin es miembro de la Sociedad Brit\u00e1nica de Psicolog\u00eda y de la Sociedad Internacional para la Investigaci\u00f3n del Autismo. Es presidenta de la Sociedad para el Estudio de los Fenotipos del Comportamiento y ex presidenta de la Asociaci\u00f3n de Psicolog\u00eda y Psiquiatr\u00eda Infantil del Reino Unido. Es editora fundadora de la revista &quot;Autism&quot; y autora de m\u00e1s de 200 publicaciones de investigaci\u00f3n.<\/p>\n\t\t\t\t\t\t\t\t\t\t\t<div class=\"list-con\">\n\t\t\t\t\t\t\t\t\t\t\t\t<ul>\n\t\t\t\t\t\t\t\t\t\t\t\t\t\n\t\t\t\t\t\t\t\t\t\t\t\t\t\t\t\t\t\t\t\t\t\t\t\t\t\t\t\t<li><a  target=\"_blank\"  href=\"https:\/\/www.kcl.ac.uk\/people\/patricia-howlin\"><i class=\"fa fa-globe\"><\/i><\/a><\/li>\n\t\t\t\t\t\t\t\t\t\t\t\t\t\n\t\t\t\t\t\t\t\t\t\t\t\t\t\t\t\t\t\t\t\t\t\t\t\t\t\t\t\t<li><a  target=\"_blank\"  href=\"https:\/\/uk.linkedin.com\/in\/patricia-howlin-343b859b\"><i class=\"fa fa-linkedin\"><\/i><\/a><\/li>\n\t\t\t\t\t\t\t\t\t\t\t\t\t\t\t\t\t\t\t\t\t\t\t\t\t<\/ul>\n\t\t\t\t\t\t\t\t\t\t\t<\/div>\n\t\t\t\t\t\t\t\t\t\t<\/div>\n\t\t\t\t\t\t\t\t\t<\/div>\n\t\t\t\t\t\t\t\t<\/div>\n\t\t\t\t\t\t\t<\/div>\n\t\t\t\t\t\t<\/div>\n\t\t\t\t\t<\/div>\n\t\t\t\t\t\t\t\t\n\t\t\t\t<div class=\"ova-content\">\n\t\t\t\t\t<a class=\"name second_font\" href=\"#\">\n\t\t\t\t\t\tPatricia Howlin\t\t\t\t\t<\/a>\n\t\t\t\t\t\t\t\t\t\t\t<div class=\"skill\"> \n\t\t\t\t\t\t\tProfesora Em\u00e9rita de Psicolog\u00eda Cl\u00ednica Infantil en el Instituto de Psiquiatr\u00eda.\t\t\t\t\t\t<\/div>\n\t\t\t\t\t\t\t\t\t\t\t\t\t\t\t\t\t\t\t<\/div>\n\t\t\t\t\n\t\t\t<\/div>\n\t\t<\/div>\n\t\t\t\t<\/div>\n\t\t\t\t<\/div>\n\t\t\t\t<div class=\"elementor-element elementor-element-9f0d629 elementor-widget elementor-widget-ova_artist\" data-id=\"9f0d629\" data-element_type=\"widget\" data-widget_type=\"ova_artist.default\">\n\t\t\t\t<div class=\"elementor-widget-container\">\n\t\t\t\t\t<div class=\"ova-speakers\">\n\t\t\t<div class=\"items-speakers version_1\">\n\t\t\t\t<div class=\"ova-media pop-media\">\n\t\t\t\t\t<a class=\"img\" href=\"#\">\n\t\t\t\t\t\t<img decoding=\"async\" src=\"https:\/\/congreso.autismosevilla.org\/wp-content\/uploads\/2021\/11\/jr-alonso.jpg\" alt=\"\">\n\t\t\t\t\t<\/a>\n\t\t\t\t<\/div>\n\n\t\t\t\t\t\t\t\t\t<div class=\"popup_volunteer\">\t\t\t\t\t\n\t\t\t\t\t\t<a class=\"view_volunteer\"><i class=\"icon_plus\"><\/i><\/a>\n\t\t\t\t\t\t<div class=\"content_popup\">\n\t\t\t\t\t\t\t<div class=\"container bgr-popup\">\n\t\t\t\t\t\t\t\t<span class=\"btn_close icon_close\"><\/span>\n\t\t\t\t\t\t\t\t<div class=\"row\">\n\t\t\t\t\t\t\t\t\t<div class=\"col-lg-6 col-md-4\">\n\t\t\t\t\t\t\t\t\t\t<div class=\"volunteer-popup-img\">\n\t\t\t\t\t\t\t\t\t\t\t<img decoding=\"async\" src=\"https:\/\/congreso.autismosevilla.org\/wp-content\/uploads\/2021\/11\/jr-alonso.jpg\" alt=\"Jos\u00e9 Ram\u00f3n Alonso\">\n\t\t\t\t\t\t\t\t\t\t<\/div>\n\t\t\t\t\t\t\t\t\t<\/div>\n\t\t\t\t\t\t\t\t\t<div class=\"col-lg-6 col-md-8\">\n\t\t\t\t\t\t\t\t\t\t<div class=\"volunteer-popup-content\">\n\t\t\t\t\t\t\t\t\t\t\t<h3 class=\"second_font\">Jos\u00e9 Ram\u00f3n Alonso<\/h3>\n\t\t\t\t\t\t\t\t\t\t\t<span class=\"job\">Doctor y Catedr\u00e1tico de Biolog\u00eda Celular<\/span>\n\t\t\t\t\t\t\t\t\t\t\t<p>Doctor por la Universidad de Salamanca. Catedr\u00e1tico de Biolog\u00eda Celular e Investigador Principal del Instituto de Neurociencias de Castilla y Le\u00f3n. Ha sido investigador posdoctoral y profesor visitante en la Universidad de Frankfurt (Alemania), la Universidad de Kiel (Alemania), la Universidad de California-Davis (USA) y el Salk Institute for Biological Studies (San Diego, USA). Conferenciante invitado en universidades de Espa\u00f1a, Alemania, Suecia, Dinamarca, Colombia, Turqu\u00eda y Estados Unidos. Director de 17 Tesis Doctorales, 13 de ellas Premio Extraordinario de Doctorado.\n\nHa publicado 48 libros, 30 cap\u00edtulos de libro y 161 art\u00edculos cient\u00edficos en las principales revistas internacionales de su especialidad. Escribe frecuentemente sobre divulgaci\u00f3n cient\u00edfica y el mundo universitario en prensa espa\u00f1ola (El Pa\u00eds, ABC, El Mundo, Expansi\u00f3n\u2026) y tiene un blog titulado Neurociencia https:\/\/jralonso.es\/ con m\u00e1s de tres millones de visitas anuales.  \nHa escrito varios libros de divulgaci\u00f3n sobre Autismo, entre ellos uno centrado en una actualizaci\u00f3n en investigaci\u00f3n: \u201cInvestigaciones recientes sobre el Autismo\u201d.\n\n<\/p>\n\t\t\t\t\t\t\t\t\t\t\t<div class=\"list-con\">\n\t\t\t\t\t\t\t\t\t\t\t\t<ul>\n\t\t\t\t\t\t\t\t\t\t\t\t\t\n\t\t\t\t\t\t\t\t\t\t\t\t\t\t\t\t\t\t\t\t\t\t\t\t\t\t\t\t<li><a  target=\"_blank\"  href=\"http:\/\/jralonso.es\/\"><i class=\"fa fa-globe\"><\/i><\/a><\/li>\n\t\t\t\t\t\t\t\t\t\t\t\t\t\n\t\t\t\t\t\t\t\t\t\t\t\t\t\t\t\t\t\t\t\t\t\t\t\t\t\t\t\t<li><a  target=\"_blank\"  href=\"https:\/\/twitter.com\/jralonso3\"><i class=\"fa fa-twitter\"><\/i><\/a><\/li>\n\t\t\t\t\t\t\t\t\t\t\t\t\t\t\t\t\t\t\t\t\t\t\t\t\t<\/ul>\n\t\t\t\t\t\t\t\t\t\t\t<\/div>\n\t\t\t\t\t\t\t\t\t\t<\/div>\n\t\t\t\t\t\t\t\t\t<\/div>\n\t\t\t\t\t\t\t\t<\/div>\n\t\t\t\t\t\t\t<\/div>\n\t\t\t\t\t\t<\/div>\n\t\t\t\t\t<\/div>\n\t\t\t\t\t\t\t\t\n\t\t\t\t<div class=\"ova-content\">\n\t\t\t\t\t<a class=\"name second_font\" href=\"#\">\n\t\t\t\t\t\tJos\u00e9 Ram\u00f3n Alonso\t\t\t\t\t<\/a>\n\t\t\t\t\t\t\t\t\t\t\t<div class=\"skill\"> \n\t\t\t\t\t\t\tDoctor y Catedr\u00e1tico de Biolog\u00eda Celular\t\t\t\t\t\t<\/div>\n\t\t\t\t\t\t\t\t\t\t\t\t\t\t\t\t\t\t\t<\/div>\n\t\t\t\t\n\t\t\t<\/div>\n\t\t<\/div>\n\t\t\t\t<\/div>\n\t\t\t\t<\/div>\n\t\t\t\t<div class=\"elementor-element elementor-element-5a7511f elementor-widget elementor-widget-ova_artist\" data-id=\"5a7511f\" data-element_type=\"widget\" data-widget_type=\"ova_artist.default\">\n\t\t\t\t<div class=\"elementor-widget-container\">\n\t\t\t\t\t<div class=\"ova-speakers\">\n\t\t\t<div class=\"items-speakers version_1\">\n\t\t\t\t<div class=\"ova-media pop-media\">\n\t\t\t\t\t<a class=\"img\" href=\"http:\/\/institucional.us.es\/labdicole\/\">\n\t\t\t\t\t\t<img decoding=\"async\" src=\"https:\/\/congreso.autismosevilla.org\/wp-content\/uploads\/2021\/11\/david-saldana.jpg\" alt=\"\">\n\t\t\t\t\t<\/a>\n\t\t\t\t<\/div>\n\n\t\t\t\t\t\t\t\t\t<div class=\"popup_volunteer\">\t\t\t\t\t\n\t\t\t\t\t\t<a class=\"view_volunteer\"><i class=\"icon_plus\"><\/i><\/a>\n\t\t\t\t\t\t<div class=\"content_popup\">\n\t\t\t\t\t\t\t<div class=\"container bgr-popup\">\n\t\t\t\t\t\t\t\t<span class=\"btn_close icon_close\"><\/span>\n\t\t\t\t\t\t\t\t<div class=\"row\">\n\t\t\t\t\t\t\t\t\t<div class=\"col-lg-6 col-md-4\">\n\t\t\t\t\t\t\t\t\t\t<div class=\"volunteer-popup-img\">\n\t\t\t\t\t\t\t\t\t\t\t<img decoding=\"async\" src=\"https:\/\/congreso.autismosevilla.org\/wp-content\/uploads\/2021\/11\/david-saldana.jpg\" alt=\"David Salda\u00f1a\">\n\t\t\t\t\t\t\t\t\t\t<\/div>\n\t\t\t\t\t\t\t\t\t<\/div>\n\t\t\t\t\t\t\t\t\t<div class=\"col-lg-6 col-md-8\">\n\t\t\t\t\t\t\t\t\t\t<div class=\"volunteer-popup-content\">\n\t\t\t\t\t\t\t\t\t\t\t<h3 class=\"second_font\">David Salda\u00f1a<\/h3>\n\t\t\t\t\t\t\t\t\t\t\t<span class=\"job\">Catedr\u00e1tico Universidad de Sevilla. Director Grupo de Investigaci\u00f3n Diversidad, Cognici\u00f3n y Lenguaje<\/span>\n\t\t\t\t\t\t\t\t\t\t\t<p>Profesor Titular en la Universidad de Sevilla.\nMis intereses de investigaci\u00f3n incluyen el desarrollo del lenguaje oral y escrito en poblaciones especiales o at\u00edpicas como las personas con Trastornos del Espectro Autista, los hijos de familias inmigrantes, las personas con Trastornos del Lenguaje, o ni\u00f1os y adultos con sordera. Doy clases de Trastornos del Desarrollo en el Grado de Psicolog\u00eda y de Trastornos del Espectro Autista en el M\u00e1ster sobre Avances en Intervenci\u00f3n Psicoeducativa y Necesidades Educativas Especiales de nuestra Universidad. Soy miembro del Laboratorio de Diversidad, Cognici\u00f3n y Lenguaje.<\/p>\n\t\t\t\t\t\t\t\t\t\t\t<div class=\"list-con\">\n\t\t\t\t\t\t\t\t\t\t\t\t<ul>\n\t\t\t\t\t\t\t\t\t\t\t\t\t\n\t\t\t\t\t\t\t\t\t\t\t\t\t\t\t\t\t\t\t\t\t\t\t\t\t\t\t\t<li><a  target=\"_blank\"  href=\"\"><i class=\"fa fa-globe\"><\/i><\/a><\/li>\n\t\t\t\t\t\t\t\t\t\t\t\t\t\t\t\t\t\t\t\t\t\t\t\t\t<\/ul>\n\t\t\t\t\t\t\t\t\t\t\t<\/div>\n\t\t\t\t\t\t\t\t\t\t<\/div>\n\t\t\t\t\t\t\t\t\t<\/div>\n\t\t\t\t\t\t\t\t<\/div>\n\t\t\t\t\t\t\t<\/div>\n\t\t\t\t\t\t<\/div>\n\t\t\t\t\t<\/div>\n\t\t\t\t\t\t\t\t\n\t\t\t\t<div class=\"ova-content\">\n\t\t\t\t\t<a class=\"name second_font\" href=\"http:\/\/institucional.us.es\/labdicole\/\">\n\t\t\t\t\t\tDavid Salda\u00f1a\t\t\t\t\t<\/a>\n\t\t\t\t\t\t\t\t\t\t\t<div class=\"skill\"> \n\t\t\t\t\t\t\tCatedr\u00e1tico Universidad de Sevilla. Director Grupo de Investigaci\u00f3n Diversidad, Cognici\u00f3n y Lenguaje\t\t\t\t\t\t<\/div>\n\t\t\t\t\t\t\t\t\t\t\t\t\t\t\t\t\t\t\t<\/div>\n\t\t\t\t\n\t\t\t<\/div>\n\t\t<\/div>\n\t\t\t\t<\/div>\n\t\t\t\t<\/div>\n\t\t\t\t<div class=\"elementor-element elementor-element-8e08a29 elementor-widget elementor-widget-ova_artist\" data-id=\"8e08a29\" data-element_type=\"widget\" data-widget_type=\"ova_artist.default\">\n\t\t\t\t<div class=\"elementor-widget-container\">\n\t\t\t\t\t<div class=\"ova-speakers\">\n\t\t\t<div class=\"items-speakers version_1\">\n\t\t\t\t<div class=\"ova-media pop-media\">\n\t\t\t\t\t<a class=\"img\" href=\"#\">\n\t\t\t\t\t\t<img decoding=\"async\" src=\"https:\/\/congreso.autismosevilla.org\/wp-content\/uploads\/2021\/12\/Ruth-scaled.jpg\" alt=\"\">\n\t\t\t\t\t<\/a>\n\t\t\t\t<\/div>\n\n\t\t\t\t\t\t\t\t\t<div class=\"popup_volunteer\">\t\t\t\t\t\n\t\t\t\t\t\t<a class=\"view_volunteer\"><i class=\"icon_plus\"><\/i><\/a>\n\t\t\t\t\t\t<div class=\"content_popup\">\n\t\t\t\t\t\t\t<div class=\"container bgr-popup\">\n\t\t\t\t\t\t\t\t<span class=\"btn_close icon_close\"><\/span>\n\t\t\t\t\t\t\t\t<div class=\"row\">\n\t\t\t\t\t\t\t\t\t<div class=\"col-lg-6 col-md-4\">\n\t\t\t\t\t\t\t\t\t\t<div class=\"volunteer-popup-img\">\n\t\t\t\t\t\t\t\t\t\t\t<img decoding=\"async\" src=\"https:\/\/congreso.autismosevilla.org\/wp-content\/uploads\/2021\/12\/Ruth-scaled.jpg\" alt=\"Ruth Vidriales\">\n\t\t\t\t\t\t\t\t\t\t<\/div>\n\t\t\t\t\t\t\t\t\t<\/div>\n\t\t\t\t\t\t\t\t\t<div class=\"col-lg-6 col-md-8\">\n\t\t\t\t\t\t\t\t\t\t<div class=\"volunteer-popup-content\">\n\t\t\t\t\t\t\t\t\t\t\t<h3 class=\"second_font\">Ruth Vidriales<\/h3>\n\t\t\t\t\t\t\t\t\t\t\t<span class=\"job\">Directora t\u00e9cnica de Autismo Espa\u00f1a<\/span>\n\t\t\t\t\t\t\t\t\t\t\t<p>Licenciada en\u00a0Psicolog\u00eda por la Universidad Aut\u00f3noma de Madrid. M\u00e1ster en Psicolog\u00eda de la Salud y en Psicolog\u00eda General Sanitaria por la misma universidad, en la que actualmente cursa estudios de doctorado.\nDirectora t\u00e9cnica y responsable del \u00e1rea de Investigaci\u00f3n y Transferencia de conocimiento de la Confederaci\u00f3n AUTISMO ESPA\u00d1A, entidad a la que se encuentra profesionalmente vinculada desde el a\u00f1o 2005.\nParticipa como docente en actividades acad\u00e9micas y formativas promovidas por diferentes instituciones y forma parte de la junta directiva de la Asociaci\u00f3n Espa\u00f1ola de Profesionales del Autismo (AETAPI).\nEs socia fundadora de UBICA-TEA, sociedad cooperativa especializada en apoyar a personas en el espectro del autismo y a sus familias, en la que realiza actividades de diagn\u00f3stico cl\u00ednico, apoyo psicol\u00f3gico y familiar.<\/p>\n\t\t\t\t\t\t\t\t\t\t\t<div class=\"list-con\">\n\t\t\t\t\t\t\t\t\t\t\t\t<ul>\n\t\t\t\t\t\t\t\t\t\t\t\t\t\n\t\t\t\t\t\t\t\t\t\t\t\t\t\t\t\t\t\t\t\t\t\t\t\t\t\t\t\t<li><a  target=\"_blank\"  href=\"http:\/\/www.autismo.org.es\/ruth-vidriales\"><i class=\"fa fa-linkedin\"><\/i><\/a><\/li>\n\t\t\t\t\t\t\t\t\t\t\t\t\t\t\t\t\t\t\t\t\t\t\t\t\t<\/ul>\n\t\t\t\t\t\t\t\t\t\t\t<\/div>\n\t\t\t\t\t\t\t\t\t\t<\/div>\n\t\t\t\t\t\t\t\t\t<\/div>\n\t\t\t\t\t\t\t\t<\/div>\n\t\t\t\t\t\t\t<\/div>\n\t\t\t\t\t\t<\/div>\n\t\t\t\t\t<\/div>\n\t\t\t\t\t\t\t\t\n\t\t\t\t<div class=\"ova-content\">\n\t\t\t\t\t<a class=\"name second_font\" href=\"#\">\n\t\t\t\t\t\tRuth Vidriales\t\t\t\t\t<\/a>\n\t\t\t\t\t\t\t\t\t\t\t<div class=\"skill\"> \n\t\t\t\t\t\t\tDirectora t\u00e9cnica de Autismo Espa\u00f1a\t\t\t\t\t\t<\/div>\n\t\t\t\t\t\t\t\t\t\t\t\t\t\t\t\t\t\t\t<\/div>\n\t\t\t\t\n\t\t\t<\/div>\n\t\t<\/div>\n\t\t\t\t<\/div>\n\t\t\t\t<\/div>\n\t\t\t\t<div class=\"elementor-element elementor-element-57f6950 elementor-widget elementor-widget-ova_artist\" data-id=\"57f6950\" data-element_type=\"widget\" data-widget_type=\"ova_artist.default\">\n\t\t\t\t<div class=\"elementor-widget-container\">\n\t\t\t\t\t<div class=\"ova-speakers\">\n\t\t\t<div class=\"items-speakers version_1\">\n\t\t\t\t<div class=\"ova-media pop-media\">\n\t\t\t\t\t<a class=\"img\" href=\"#\">\n\t\t\t\t\t\t<img decoding=\"async\" src=\"https:\/\/congreso.autismosevilla.org\/wp-content\/uploads\/2022\/01\/Maria-Gortazar-2-scaled.jpg\" alt=\"\">\n\t\t\t\t\t<\/a>\n\t\t\t\t<\/div>\n\n\t\t\t\t\t\t\t\t\t<div class=\"popup_volunteer\">\t\t\t\t\t\n\t\t\t\t\t\t<a class=\"view_volunteer\"><i class=\"icon_plus\"><\/i><\/a>\n\t\t\t\t\t\t<div class=\"content_popup\">\n\t\t\t\t\t\t\t<div class=\"container bgr-popup\">\n\t\t\t\t\t\t\t\t<span class=\"btn_close icon_close\"><\/span>\n\t\t\t\t\t\t\t\t<div class=\"row\">\n\t\t\t\t\t\t\t\t\t<div class=\"col-lg-6 col-md-4\">\n\t\t\t\t\t\t\t\t\t\t<div class=\"volunteer-popup-img\">\n\t\t\t\t\t\t\t\t\t\t\t<img decoding=\"async\" src=\"https:\/\/congreso.autismosevilla.org\/wp-content\/uploads\/2022\/01\/Maria-Gortazar-2-scaled.jpg\" alt=\"Mar\u00eda Gort\u00e1zar\">\n\t\t\t\t\t\t\t\t\t\t<\/div>\n\t\t\t\t\t\t\t\t\t<\/div>\n\t\t\t\t\t\t\t\t\t<div class=\"col-lg-6 col-md-8\">\n\t\t\t\t\t\t\t\t\t\t<div class=\"volunteer-popup-content\">\n\t\t\t\t\t\t\t\t\t\t\t<h3 class=\"second_font\">Mar\u00eda Gort\u00e1zar<\/h3>\n\t\t\t\t\t\t\t\t\t\t\t<span class=\"job\">Responsable del Programa AITTEA. Experta en Atenci\u00f3n Temprana en Andaluc\u00eda.<\/span>\n\t\t\t\t\t\t\t\t\t\t\t<p>Psic\u00f3loga del CAIT de Lebrija y Responsable del Programa AITTEA. Experta en Atenci\u00f3n Temprana en Andaluc\u00eda.<\/p>\n\t\t\t\t\t\t\t\t\t\t\t<div class=\"list-con\">\n\t\t\t\t\t\t\t\t\t\t\t\t<ul>\n\t\t\t\t\t\t\t\t\t\t\t\t\t\n\t\t\t\t\t\t\t\t\t\t\t\t\t\t\t\t\t\t\t\t\t\t\t\t\t\t\t\t<li><a  target=\"_blank\"  href=\"https:\/\/aittea.autismosevilla.org\/\"><i class=\"fa fa-globe\"><\/i><\/a><\/li>\n\t\t\t\t\t\t\t\t\t\t\t\t\t\t\t\t\t\t\t\t\t\t\t\t\t<\/ul>\n\t\t\t\t\t\t\t\t\t\t\t<\/div>\n\t\t\t\t\t\t\t\t\t\t<\/div>\n\t\t\t\t\t\t\t\t\t<\/div>\n\t\t\t\t\t\t\t\t<\/div>\n\t\t\t\t\t\t\t<\/div>\n\t\t\t\t\t\t<\/div>\n\t\t\t\t\t<\/div>\n\t\t\t\t\t\t\t\t\n\t\t\t\t<div class=\"ova-content\">\n\t\t\t\t\t<a class=\"name second_font\" href=\"#\">\n\t\t\t\t\t\tMar\u00eda Gort\u00e1zar\t\t\t\t\t<\/a>\n\t\t\t\t\t\t\t\t\t\t\t<div class=\"skill\"> \n\t\t\t\t\t\t\tResponsable del Programa AITTEA\t\t\t\t\t\t<\/div>\n\t\t\t\t\t\t\t\t\t\t\t\t\t\t\t\t\t\t\t<\/div>\n\t\t\t\t\n\t\t\t<\/div>\n\t\t<\/div>\n\t\t\t\t<\/div>\n\t\t\t\t<\/div>\n\t\t\t\t<div class=\"elementor-element elementor-element-c2dca83 elementor-widget elementor-widget-ova_artist\" data-id=\"c2dca83\" data-element_type=\"widget\" data-widget_type=\"ova_artist.default\">\n\t\t\t\t<div class=\"elementor-widget-container\">\n\t\t\t\t\t<div class=\"ova-speakers\">\n\t\t\t<div class=\"items-speakers version_1\">\n\t\t\t\t<div class=\"ova-media pop-media\">\n\t\t\t\t\t<a class=\"img\" href=\"#\">\n\t\t\t\t\t\t<img decoding=\"async\" src=\"https:\/\/congreso.autismosevilla.org\/wp-content\/uploads\/2021\/11\/dani-2.jpg\" alt=\"\">\n\t\t\t\t\t<\/a>\n\t\t\t\t<\/div>\n\n\t\t\t\t\t\t\t\t\t<div class=\"popup_volunteer\">\t\t\t\t\t\n\t\t\t\t\t\t<a class=\"view_volunteer\"><i class=\"icon_plus\"><\/i><\/a>\n\t\t\t\t\t\t<div class=\"content_popup\">\n\t\t\t\t\t\t\t<div class=\"container bgr-popup\">\n\t\t\t\t\t\t\t\t<span class=\"btn_close icon_close\"><\/span>\n\t\t\t\t\t\t\t\t<div class=\"row\">\n\t\t\t\t\t\t\t\t\t<div class=\"col-lg-6 col-md-4\">\n\t\t\t\t\t\t\t\t\t\t<div class=\"volunteer-popup-img\">\n\t\t\t\t\t\t\t\t\t\t\t<img decoding=\"async\" src=\"https:\/\/congreso.autismosevilla.org\/wp-content\/uploads\/2021\/11\/dani-2.jpg\" alt=\"Daniel L\u00f3pez\">\n\t\t\t\t\t\t\t\t\t\t<\/div>\n\t\t\t\t\t\t\t\t\t<\/div>\n\t\t\t\t\t\t\t\t\t<div class=\"col-lg-6 col-md-8\">\n\t\t\t\t\t\t\t\t\t\t<div class=\"volunteer-popup-content\">\n\t\t\t\t\t\t\t\t\t\t\t<h3 class=\"second_font\">Daniel L\u00f3pez<\/h3>\n\t\t\t\t\t\t\t\t\t\t\t<span class=\"job\">Psic\u00f3logo y Orientador del CDPEE \u00c1ngel Rivi\u00e8re de Autismo Sevilla<\/span>\n\t\t\t\t\t\t\t\t\t\t\t<p>Es Licenciado en Psicolog\u00eda por la Universidad de Sevilla, certificado de Aptitud pedag\u00f3gica por el Instituo de Ciencias de la Educaci\u00f3n de la Universidad de Sevilla y M\u00e1ster en Logopedia por la Universidad Polit\u00e9cnica de Madrid (INATED). Especialista en Trastornos del Espectro del Autismo con experiencia en la intervenci\u00f3n y evaluaci\u00f3n, certificado en las herramientas ADI-R y ADOS-2. Docente en diversos cursos, congresos y jornadas sobre autismo, Discapacidad Intelectual, Educaci\u00f3n, Evaluaci\u00f3n y Diagn\u00f3stico y Atenci\u00f3n a Familias, siendo Profesor del M\u00e1ster de Trastorno del Espectro Autista de la Universidad Pablo de Olavide y en el M\u00e1ster de Atenci\u00f3n Temprana de la Universidad de Sevilla. Ha escrito art\u00edculos y colaboraciones en publicaciones especializadas sobre el TEA y\/o la Educaci\u00f3n y es miembro activo de AETAPI.<\/p>\n\t\t\t\t\t\t\t\t\t\t\t<div class=\"list-con\">\n\t\t\t\t\t\t\t\t\t\t\t\t<ul>\n\t\t\t\t\t\t\t\t\t\t\t\t\t\n\t\t\t\t\t\t\t\t\t\t\t\t\t\t\t\t\t\t\t\t\t\t\t\t\t\t\t\t<li><a  target=\"_blank\"  href=\"\"><i class=\"\"><\/i><\/a><\/li>\n\t\t\t\t\t\t\t\t\t\t\t\t\t\t\t\t\t\t\t\t\t\t\t\t\t<\/ul>\n\t\t\t\t\t\t\t\t\t\t\t<\/div>\n\t\t\t\t\t\t\t\t\t\t<\/div>\n\t\t\t\t\t\t\t\t\t<\/div>\n\t\t\t\t\t\t\t\t<\/div>\n\t\t\t\t\t\t\t<\/div>\n\t\t\t\t\t\t<\/div>\n\t\t\t\t\t<\/div>\n\t\t\t\t\t\t\t\t\n\t\t\t\t<div class=\"ova-content\">\n\t\t\t\t\t<a class=\"name second_font\" href=\"#\">\n\t\t\t\t\t\tDaniel L\u00f3pez\t\t\t\t\t<\/a>\n\t\t\t\t\t\t\t\t\t\t\t<div class=\"skill\"> \n\t\t\t\t\t\t\tPsic\u00f3logo y Orientador del CDPEE \u00c1ngel Rivi\u00e8re de Autismo Sevilla\t\t\t\t\t\t<\/div>\n\t\t\t\t\t\t\t\t\t\t\t\t\t\t\t\t\t\t\t<\/div>\n\t\t\t\t\n\t\t\t<\/div>\n\t\t<\/div>\n\t\t\t\t<\/div>\n\t\t\t\t<\/div>\n\t\t\t\t<div class=\"elementor-element elementor-element-dbb7b89 elementor-widget elementor-widget-ova_artist\" data-id=\"dbb7b89\" data-element_type=\"widget\" data-widget_type=\"ova_artist.default\">\n\t\t\t\t<div class=\"elementor-widget-container\">\n\t\t\t\t\t<div class=\"ova-speakers\">\n\t\t\t<div class=\"items-speakers version_1\">\n\t\t\t\t<div class=\"ova-media pop-media\">\n\t\t\t\t\t<a class=\"img\" href=\"#\">\n\t\t\t\t\t\t<img decoding=\"async\" src=\"https:\/\/congreso.autismosevilla.org\/wp-content\/uploads\/2021\/11\/marcos-scaled.jpg\" alt=\"\">\n\t\t\t\t\t<\/a>\n\t\t\t\t<\/div>\n\n\t\t\t\t\t\t\t\t\t<div class=\"popup_volunteer\">\t\t\t\t\t\n\t\t\t\t\t\t<a class=\"view_volunteer\"><i class=\"icon_plus\"><\/i><\/a>\n\t\t\t\t\t\t<div class=\"content_popup\">\n\t\t\t\t\t\t\t<div class=\"container bgr-popup\">\n\t\t\t\t\t\t\t\t<span class=\"btn_close icon_close\"><\/span>\n\t\t\t\t\t\t\t\t<div class=\"row\">\n\t\t\t\t\t\t\t\t\t<div class=\"col-lg-6 col-md-4\">\n\t\t\t\t\t\t\t\t\t\t<div class=\"volunteer-popup-img\">\n\t\t\t\t\t\t\t\t\t\t\t<img decoding=\"async\" src=\"https:\/\/congreso.autismosevilla.org\/wp-content\/uploads\/2021\/11\/marcos-scaled.jpg\" alt=\"Marcos Zamora\">\n\t\t\t\t\t\t\t\t\t\t<\/div>\n\t\t\t\t\t\t\t\t\t<\/div>\n\t\t\t\t\t\t\t\t\t<div class=\"col-lg-6 col-md-8\">\n\t\t\t\t\t\t\t\t\t\t<div class=\"volunteer-popup-content\">\n\t\t\t\t\t\t\t\t\t\t\t<h3 class=\"second_font\">Marcos Zamora<\/h3>\n\t\t\t\t\t\t\t\t\t\t\t<span class=\"job\">Director General de Autismo Sevilla y Presidente de AETAPI<\/span>\n\t\t\t\t\t\t\t\t\t\t\t<p>Es licenciado en Psicolog\u00eda por la Universidad Complutense\nde Madrid, en su itinerario cl\u00ednico. Master en Direcci\u00f3n y Gesti\u00f3n de Bienestar Social y\nServicios Sociales por la Universidad de Alcal\u00e1 de Henares y Master en Estudios\nAvanzados en Cerebro y Conducta por la Universidad de Sevilla. Especialista\nUniversitario en Neuropsicolog\u00eda Cl\u00ednica por la Universidad Pablo de Olavide.\nEspecialista en Trastornos del Espectro del Autismo. Formaci\u00f3n y\nexperiencia durante m\u00e1s de 16 a\u00f1os en herramientas de evaluaci\u00f3n e\nintervenci\u00f3n en Trastornos del Desarrollo.\nActualmente es Director General de Autismo Sevilla. Fue Director t\u00e9cnico\nde esta entidad desde Octubre de 2002 hasta Julio de 2015, habiendo\ncoordinado los Servicios de Evaluaci\u00f3n y Diagn\u00f3stico, Gabinete, Atenci\u00f3n\nTemprana y Familias. Es profesor docente en Masters y Congresos\nnacionales, y ha escrito cap\u00edtulos de libros especializado sobre los TEA y\nparticipado en la elaboraci\u00f3n de Gu\u00edas y Documentos relacionados. Es\nDirector del Master en Trastornos del Espectro del Autismo en la\nUniversidad Pablo de Olavide de Sevilla.\n\nEs Presidente de la Asociaci\u00f3n Espa\u00f1ola de Profesionales del Autismo, AETAPI.<\/p>\n\t\t\t\t\t\t\t\t\t\t\t<div class=\"list-con\">\n\t\t\t\t\t\t\t\t\t\t\t\t<ul>\n\t\t\t\t\t\t\t\t\t\t\t\t\t\n\t\t\t\t\t\t\t\t\t\t\t\t\t\t\t\t\t\t\t\t\t\t\t\t\t\t\t\t<li><a  target=\"_blank\"  href=\"https:\/\/es.linkedin.com\/in\/marcos-zamora-herranz-6860b450\"><i class=\"fa fa-linkedin\"><\/i><\/a><\/li>\n\t\t\t\t\t\t\t\t\t\t\t\t\t\t\t\t\t\t\t\t\t\t\t\t\t<\/ul>\n\t\t\t\t\t\t\t\t\t\t\t<\/div>\n\t\t\t\t\t\t\t\t\t\t<\/div>\n\t\t\t\t\t\t\t\t\t<\/div>\n\t\t\t\t\t\t\t\t<\/div>\n\t\t\t\t\t\t\t<\/div>\n\t\t\t\t\t\t<\/div>\n\t\t\t\t\t<\/div>\n\t\t\t\t\t\t\t\t\n\t\t\t\t<div class=\"ova-content\">\n\t\t\t\t\t<a class=\"name second_font\" href=\"#\">\n\t\t\t\t\t\tMarcos Zamora\t\t\t\t\t<\/a>\n\t\t\t\t\t\t\t\t\t\t\t<div class=\"skill\"> \n\t\t\t\t\t\t\tDirector General de Autismo Sevilla y Presidente de AETAPI\t\t\t\t\t\t<\/div>\n\t\t\t\t\t\t\t\t\t\t\t\t\t\t\t\t\t\t\t<\/div>\n\t\t\t\t\n\t\t\t<\/div>\n\t\t<\/div>\n\t\t\t\t<\/div>\n\t\t\t\t<\/div>\n\t\t\t\t\t<\/div>\n\t\t<\/div>\n\t\t\t\t<div class=\"elementor-column elementor-col-33 elementor-top-column elementor-element elementor-element-a5451d7\" data-id=\"a5451d7\" data-element_type=\"column\">\n\t\t\t<div class=\"elementor-widget-wrap elementor-element-populated\">\n\t\t\t\t\t\t\t\t<div class=\"elementor-element elementor-element-70685a1 elementor-widget elementor-widget-ova_artist\" data-id=\"70685a1\" data-element_type=\"widget\" data-widget_type=\"ova_artist.default\">\n\t\t\t\t<div class=\"elementor-widget-container\">\n\t\t\t\t\t<div class=\"ova-speakers\">\n\t\t\t<div class=\"items-speakers version_1\">\n\t\t\t\t<div class=\"ova-media pop-media\">\n\t\t\t\t\t<a class=\"img\" href=\"#\">\n\t\t\t\t\t\t<img decoding=\"async\" src=\"https:\/\/congreso.autismosevilla.org\/wp-content\/uploads\/2021\/11\/susan-leekam.jpg\" alt=\"\">\n\t\t\t\t\t<\/a>\n\t\t\t\t<\/div>\n\n\t\t\t\t\t\t\t\t\t<div class=\"popup_volunteer\">\t\t\t\t\t\n\t\t\t\t\t\t<a class=\"view_volunteer\"><i class=\"icon_plus\"><\/i><\/a>\n\t\t\t\t\t\t<div class=\"content_popup\">\n\t\t\t\t\t\t\t<div class=\"container bgr-popup\">\n\t\t\t\t\t\t\t\t<span class=\"btn_close icon_close\"><\/span>\n\t\t\t\t\t\t\t\t<div class=\"row\">\n\t\t\t\t\t\t\t\t\t<div class=\"col-lg-6 col-md-4\">\n\t\t\t\t\t\t\t\t\t\t<div class=\"volunteer-popup-img\">\n\t\t\t\t\t\t\t\t\t\t\t<img decoding=\"async\" src=\"https:\/\/congreso.autismosevilla.org\/wp-content\/uploads\/2021\/11\/susan-leekam.jpg\" alt=\"Susan Leekam\">\n\t\t\t\t\t\t\t\t\t\t<\/div>\n\t\t\t\t\t\t\t\t\t<\/div>\n\t\t\t\t\t\t\t\t\t<div class=\"col-lg-6 col-md-8\">\n\t\t\t\t\t\t\t\t\t\t<div class=\"volunteer-popup-content\">\n\t\t\t\t\t\t\t\t\t\t\t<h3 class=\"second_font\">Susan Leekam<\/h3>\n\t\t\t\t\t\t\t\t\t\t\t<span class=\"job\">Catedr\u00e1tica de Autismo - Fundadora del Centro de Investigaci\u00f3n del Autismo de Gales (WARC)<\/span>\n\t\t\t\t\t\t\t\t\t\t\t<p>Fue nombrada Catedr\u00e1tica de Autismo en la Universidad de Cardiff en 2009, donde estableci\u00f3 el Centro de Investigaci\u00f3n del Autismo de Gales (WARC), el primer centro nacional de investigaci\u00f3n del autismo en el Reino Unido. En 2019 fue nombrada profesora em\u00e9rita. Antes de su nombramiento en la Universidad de Cardiff, fue profesora en la Universidad de Durham y antes de eso tuvo nombramientos acad\u00e9micos en las Universidades de Kent y Sussex, Reino Unido y en la Universidad de La Trobe, Australia. Se ha formado como psic\u00f3loga del desarrollo y ha centrado sus estudios en el desarrollo social, cognitivo y conductual. Su investigaci\u00f3n explora la naturaleza de la variaci\u00f3n del desarrollo y examina los enfoques cl\u00ednicos y normativos del neurodesarrollo. Su investigaci\u00f3n m\u00e1s reciente se centra en la diversidad cognitiva. Estudia c\u00f3mo las diferencias cognitivas influyen en las conversaciones de los ni\u00f1os, sus intereses y actividades y su vulnerabilidad social. En relaci\u00f3n con esto, tambi\u00e9n estudiamos la ansiedad y el bienestar. Est\u00e1 comprometida con la creaci\u00f3n de relaciones entre la investigaci\u00f3n y la comunidad. Adem\u00e1s del objetivo de avanzar en la comprensi\u00f3n cient\u00edfica del autismo, se ha propuesto influir positivamente en la pr\u00e1ctica, la pol\u00edtica y la conciencia p\u00fablica. Junto con colegas de otras universidades, organizaciones ben\u00e9ficas y gobiernos, ha desarrollado herramientas de investigaci\u00f3n y formaci\u00f3n para mejorar la comprensi\u00f3n p\u00fablica y profesional del autismo.<\/p>\n\t\t\t\t\t\t\t\t\t\t\t<div class=\"list-con\">\n\t\t\t\t\t\t\t\t\t\t\t\t<ul>\n\t\t\t\t\t\t\t\t\t\t\t\t\t\n\t\t\t\t\t\t\t\t\t\t\t\t\t\t\t\t\t\t\t\t\t\t\t\t\t\t\t\t<li><a  target=\"_blank\"  href=\"https:\/\/www.cardiff.ac.uk\/people\/view\/888797-leekam-sue\"><i class=\"fa fa-globe\"><\/i><\/a><\/li>\n\t\t\t\t\t\t\t\t\t\t\t\t\t\n\t\t\t\t\t\t\t\t\t\t\t\t\t\t\t\t\t\t\t\t\t\t\t\t\t\t\t\t<li><a  target=\"_blank\"  href=\"https:\/\/autismwales.org\/en\/community-services\/i-work-with-children-in-health-social-care\/the-birthday-party\/\"><i class=\"fa fa-globe\"><\/i><\/a><\/li>\n\t\t\t\t\t\t\t\t\t\t\t\t\t\t\t\t\t\t\t\t\t\t\t\t\t<\/ul>\n\t\t\t\t\t\t\t\t\t\t\t<\/div>\n\t\t\t\t\t\t\t\t\t\t<\/div>\n\t\t\t\t\t\t\t\t\t<\/div>\n\t\t\t\t\t\t\t\t<\/div>\n\t\t\t\t\t\t\t<\/div>\n\t\t\t\t\t\t<\/div>\n\t\t\t\t\t<\/div>\n\t\t\t\t\t\t\t\t\n\t\t\t\t<div class=\"ova-content\">\n\t\t\t\t\t<a class=\"name second_font\" href=\"#\">\n\t\t\t\t\t\tSusan Leekam\t\t\t\t\t<\/a>\n\t\t\t\t\t\t\t\t\t\t\t<div class=\"skill\"> \n\t\t\t\t\t\t\tCatedr\u00e1tica de Autismo - Fundadora del Centro de Investigaci\u00f3n del Autismo de Gales (WARC)\t\t\t\t\t\t<\/div>\n\t\t\t\t\t\t\t\t\t\t\t\t\t\t\t\t\t\t\t<\/div>\n\t\t\t\t\n\t\t\t<\/div>\n\t\t<\/div>\n\t\t\t\t<\/div>\n\t\t\t\t<\/div>\n\t\t\t\t<div class=\"elementor-element elementor-element-83a75ca elementor-widget elementor-widget-ova_artist\" data-id=\"83a75ca\" data-element_type=\"widget\" data-widget_type=\"ova_artist.default\">\n\t\t\t\t<div class=\"elementor-widget-container\">\n\t\t\t\t\t<div class=\"ova-speakers\">\n\t\t\t<div class=\"items-speakers version_1\">\n\t\t\t\t<div class=\"ova-media pop-media\">\n\t\t\t\t\t<a class=\"img\" href=\"#\">\n\t\t\t\t\t\t<img decoding=\"async\" src=\"https:\/\/congreso.autismosevilla.org\/wp-content\/uploads\/2021\/11\/margarita-canadas.jpg\" alt=\"\">\n\t\t\t\t\t<\/a>\n\t\t\t\t<\/div>\n\n\t\t\t\t\t\t\t\t\t<div class=\"popup_volunteer\">\t\t\t\t\t\n\t\t\t\t\t\t<a class=\"view_volunteer\"><i class=\"icon_plus\"><\/i><\/a>\n\t\t\t\t\t\t<div class=\"content_popup\">\n\t\t\t\t\t\t\t<div class=\"container bgr-popup\">\n\t\t\t\t\t\t\t\t<span class=\"btn_close icon_close\"><\/span>\n\t\t\t\t\t\t\t\t<div class=\"row\">\n\t\t\t\t\t\t\t\t\t<div class=\"col-lg-6 col-md-4\">\n\t\t\t\t\t\t\t\t\t\t<div class=\"volunteer-popup-img\">\n\t\t\t\t\t\t\t\t\t\t\t<img decoding=\"async\" src=\"https:\/\/congreso.autismosevilla.org\/wp-content\/uploads\/2021\/11\/margarita-canadas.jpg\" alt=\"Dra. Margarita Ca\u00f1adas\">\n\t\t\t\t\t\t\t\t\t\t<\/div>\n\t\t\t\t\t\t\t\t\t<\/div>\n\t\t\t\t\t\t\t\t\t<div class=\"col-lg-6 col-md-8\">\n\t\t\t\t\t\t\t\t\t\t<div class=\"volunteer-popup-content\">\n\t\t\t\t\t\t\t\t\t\t\t<h3 class=\"second_font\">Dra. Margarita Ca\u00f1adas<\/h3>\n\t\t\t\t\t\t\t\t\t\t\t<span class=\"job\">Directora del Centro de Atenci\u00f3n Temprana y de la Escuela Infantil L\u00b4Alqueria Capacitas<\/span>\n\t\t\t\t\t\t\t\t\t\t\t<p>Terapeuta Ocupacional, Antrop\u00f3loga. Doctorado en Atenci\u00f3n Temprana y Familias. Directora del Centro de Atenci\u00f3n Temprana y de la Escuela Infantil L\u00b4Alqueria Capacitas y profesora de la Facultad de Psicolog\u00eda de la Universidad Cat\u00f3lica de Valencia. \nMiembro de la Junta Directiva de la Asociaci\u00f3n Europea de Atenci\u00f3n Temprana Eurlyaid, del Instituto EctaCenter de la Universidad de Carolina del Norte y de la Divisi\u00f3n Americana de la Primera Infancia.<\/p>\n\t\t\t\t\t\t\t\t\t\t\t<div class=\"list-con\">\n\t\t\t\t\t\t\t\t\t\t\t\t<ul>\n\t\t\t\t\t\t\t\t\t\t\t\t\t\n\t\t\t\t\t\t\t\t\t\t\t\t\t\t\t\t\t\t\t\t\t\t\t\t\t\t\t\t<li><a  target=\"_blank\"  href=\"\"><i class=\"\"><\/i><\/a><\/li>\n\t\t\t\t\t\t\t\t\t\t\t\t\t\t\t\t\t\t\t\t\t\t\t\t\t<\/ul>\n\t\t\t\t\t\t\t\t\t\t\t<\/div>\n\t\t\t\t\t\t\t\t\t\t<\/div>\n\t\t\t\t\t\t\t\t\t<\/div>\n\t\t\t\t\t\t\t\t<\/div>\n\t\t\t\t\t\t\t<\/div>\n\t\t\t\t\t\t<\/div>\n\t\t\t\t\t<\/div>\n\t\t\t\t\t\t\t\t\n\t\t\t\t<div class=\"ova-content\">\n\t\t\t\t\t<a class=\"name second_font\" href=\"#\">\n\t\t\t\t\t\tMargarita Ca\u00f1adas\t\t\t\t\t<\/a>\n\t\t\t\t\t\t\t\t\t\t\t<div class=\"skill\"> \n\t\t\t\t\t\t\tDirectora del Centro de Atenci\u00f3n Temprana y de LAlqueria Capacitas\t\t\t\t\t\t<\/div>\n\t\t\t\t\t\t\t\t\t\t\t\t\t\t\t\t\t\t\t<\/div>\n\t\t\t\t\n\t\t\t<\/div>\n\t\t<\/div>\n\t\t\t\t<\/div>\n\t\t\t\t<\/div>\n\t\t\t\t<div class=\"elementor-element elementor-element-991bb8d elementor-widget elementor-widget-ova_artist\" data-id=\"991bb8d\" data-element_type=\"widget\" data-widget_type=\"ova_artist.default\">\n\t\t\t\t<div class=\"elementor-widget-container\">\n\t\t\t\t\t<div class=\"ova-speakers\">\n\t\t\t<div class=\"items-speakers version_1\">\n\t\t\t\t<div class=\"ova-media pop-media\">\n\t\t\t\t\t<a class=\"img\" href=\"#\">\n\t\t\t\t\t\t<img decoding=\"async\" src=\"https:\/\/congreso.autismosevilla.org\/wp-content\/uploads\/2021\/11\/lupe-montero.jpg\" alt=\"\">\n\t\t\t\t\t<\/a>\n\t\t\t\t<\/div>\n\n\t\t\t\t\t\t\t\t\t<div class=\"popup_volunteer\">\t\t\t\t\t\n\t\t\t\t\t\t<a class=\"view_volunteer\"><i class=\"icon_plus\"><\/i><\/a>\n\t\t\t\t\t\t<div class=\"content_popup\">\n\t\t\t\t\t\t\t<div class=\"container bgr-popup\">\n\t\t\t\t\t\t\t\t<span class=\"btn_close icon_close\"><\/span>\n\t\t\t\t\t\t\t\t<div class=\"row\">\n\t\t\t\t\t\t\t\t\t<div class=\"col-lg-6 col-md-4\">\n\t\t\t\t\t\t\t\t\t\t<div class=\"volunteer-popup-img\">\n\t\t\t\t\t\t\t\t\t\t\t<img decoding=\"async\" src=\"https:\/\/congreso.autismosevilla.org\/wp-content\/uploads\/2021\/11\/lupe-montero.jpg\" alt=\"Lupe Montero\">\n\t\t\t\t\t\t\t\t\t\t<\/div>\n\t\t\t\t\t\t\t\t\t<\/div>\n\t\t\t\t\t\t\t\t\t<div class=\"col-lg-6 col-md-8\">\n\t\t\t\t\t\t\t\t\t\t<div class=\"volunteer-popup-content\">\n\t\t\t\t\t\t\t\t\t\t\t<h3 class=\"second_font\">Lupe Montero<\/h3>\n\t\t\t\t\t\t\t\t\t\t\t<span class=\"job\">Maestra Educaci\u00f3n Especial. Experta Intervenci\u00f3n en TEA<\/span>\n\t\t\t\t\t\t\t\t\t\t\t<p>Lupe Montero es Maestra de Educaci\u00f3n Especial y Experta en Intervenci\u00f3n en Trastorno del Espectro del Autismo. Actualmente es la responsable del \u00e1rea de Necesidades Educativas Especiales de Smile and Learn tras casi una d\u00e9cada como directora del Colegio de Educaci\u00f3n Especial Alenta de Madrid. Autora del blog Aulautista  y coautora del Proyecto Leo con Lula, ha desarrollado numerosas experiencias de uso de las TIC para la intervenci\u00f3n mediante proyectos de car\u00e1cter pr\u00e1ctico con alumnado con TEA y en colaboraci\u00f3n con diversas entidades y universidades. Co-dirige la serie formativa \u201cTecnolog\u00eda y autismo\u201d impulsada por Fundaci\u00f3n Orange y desarrolla habitualmente actividades formativas para profesionales, mostrando en sus intervenciones el potencial de la tecnolog\u00eda para apoyar a la persona con TEA tanto en su aprendizaje como en el desarrollo de habilidades de car\u00e1cter funcional.<\/p>\n\t\t\t\t\t\t\t\t\t\t\t<div class=\"list-con\">\n\t\t\t\t\t\t\t\t\t\t\t\t<ul>\n\t\t\t\t\t\t\t\t\t\t\t\t\t\n\t\t\t\t\t\t\t\t\t\t\t\t\t\t\t\t\t\t\t\t\t\t\t\t\t\t\t\t<li><a  target=\"_blank\"  href=\"https:\/\/www.linkedin.com\/in\/monteroesp\/\"><i class=\"fa fa-linkedin\"><\/i><\/a><\/li>\n\t\t\t\t\t\t\t\t\t\t\t\t\t\n\t\t\t\t\t\t\t\t\t\t\t\t\t\t\t\t\t\t\t\t\t\t\t\t\t\t\t\t<li><a  target=\"_blank\"  href=\"http:\/\/www.aulautista.com\/\"><i class=\"fa fa-globe\"><\/i><\/a><\/li>\n\t\t\t\t\t\t\t\t\t\t\t\t\t\t\t\t\t\t\t\t\t\t\t\t\t<\/ul>\n\t\t\t\t\t\t\t\t\t\t\t<\/div>\n\t\t\t\t\t\t\t\t\t\t<\/div>\n\t\t\t\t\t\t\t\t\t<\/div>\n\t\t\t\t\t\t\t\t<\/div>\n\t\t\t\t\t\t\t<\/div>\n\t\t\t\t\t\t<\/div>\n\t\t\t\t\t<\/div>\n\t\t\t\t\t\t\t\t\n\t\t\t\t<div class=\"ova-content\">\n\t\t\t\t\t<a class=\"name second_font\" href=\"#\">\n\t\t\t\t\t\tLupe Montero\t\t\t\t\t<\/a>\n\t\t\t\t\t\t\t\t\t\t\t<div class=\"skill\"> \n\t\t\t\t\t\t\tMaestra Educaci\u00f3n Especial. Experta Intervenci\u00f3n en TEA\t\t\t\t\t\t<\/div>\n\t\t\t\t\t\t\t\t\t\t\t\t\t\t\t\t\t\t\t<\/div>\n\t\t\t\t\n\t\t\t<\/div>\n\t\t<\/div>\n\t\t\t\t<\/div>\n\t\t\t\t<\/div>\n\t\t\t\t<div class=\"elementor-element elementor-element-765628d elementor-widget elementor-widget-ova_artist\" data-id=\"765628d\" data-element_type=\"widget\" data-widget_type=\"ova_artist.default\">\n\t\t\t\t<div class=\"elementor-widget-container\">\n\t\t\t\t\t<div class=\"ova-speakers\">\n\t\t\t<div class=\"items-speakers version_1\">\n\t\t\t\t<div class=\"ova-media pop-media\">\n\t\t\t\t\t<a class=\"img\" href=\"#\">\n\t\t\t\t\t\t<img decoding=\"async\" src=\"https:\/\/congreso.autismosevilla.org\/wp-content\/uploads\/2021\/11\/Raquel-ayuda.jpg\" alt=\"\">\n\t\t\t\t\t<\/a>\n\t\t\t\t<\/div>\n\n\t\t\t\t\t\t\t\t\t<div class=\"popup_volunteer\">\t\t\t\t\t\n\t\t\t\t\t\t<a class=\"view_volunteer\"><i class=\"icon_plus\"><\/i><\/a>\n\t\t\t\t\t\t<div class=\"content_popup\">\n\t\t\t\t\t\t\t<div class=\"container bgr-popup\">\n\t\t\t\t\t\t\t\t<span class=\"btn_close icon_close\"><\/span>\n\t\t\t\t\t\t\t\t<div class=\"row\">\n\t\t\t\t\t\t\t\t\t<div class=\"col-lg-6 col-md-4\">\n\t\t\t\t\t\t\t\t\t\t<div class=\"volunteer-popup-img\">\n\t\t\t\t\t\t\t\t\t\t\t<img decoding=\"async\" src=\"https:\/\/congreso.autismosevilla.org\/wp-content\/uploads\/2021\/11\/Raquel-ayuda.jpg\" alt=\"Raquel Ayuda\">\n\t\t\t\t\t\t\t\t\t\t<\/div>\n\t\t\t\t\t\t\t\t\t<\/div>\n\t\t\t\t\t\t\t\t\t<div class=\"col-lg-6 col-md-8\">\n\t\t\t\t\t\t\t\t\t\t<div class=\"volunteer-popup-content\">\n\t\t\t\t\t\t\t\t\t\t\t<h3 class=\"second_font\">Raquel Ayuda<\/h3>\n\t\t\t\t\t\t\t\t\t\t\t<span class=\"job\">Licenciada en Psicolog\u00eda y socia fundadora del Centro Deletrea<\/span>\n\t\t\t\t\t\t\t\t\t\t\t<p>Socia fundadora del Centro Deletrea que atiende a personas con TEA y a sus familias. Desde hace m\u00e1s de veinte a\u00f1os se dedica a la evaluaci\u00f3n y diagn\u00f3stico diferencial, asesoramiento y orientaci\u00f3n a familias, estimulaci\u00f3n y tratamiento de personas con TEA. De forma paralela y desde el inicio de su formaci\u00f3n acad\u00e9mica y profesional, se ha centrado especialmente en las alteraciones del lenguaje que acompa\u00f1an a los ni\u00f1os\/as con TEA. En esta l\u00ednea profesional ha participado en estudios sobre caracter\u00edsticas diferenciales entre el desarrollo del lenguaje en TEA y en TEL.\n\nAs\u00ed mismo ha formado parte de diversos programas de formaci\u00f3n a padres y madres de ni\u00f1os con TEA junto con diferentes asociaciones de familiares. Es docente habitual de programas diversos de posgrado como m\u00e1steres y congresos en nuestro pa\u00eds y en Latinoam\u00e9rica.\n\nOtro \u00e1mbito de trabajo ha estado ligado a la publicaci\u00f3n de gu\u00edas pr\u00e1cticas y libros orientados a ofrecer estrategias de estimulaci\u00f3n para personas con TEA.<\/p>\n\t\t\t\t\t\t\t\t\t\t\t<div class=\"list-con\">\n\t\t\t\t\t\t\t\t\t\t\t\t<ul>\n\t\t\t\t\t\t\t\t\t\t\t\t\t\n\t\t\t\t\t\t\t\t\t\t\t\t\t\t\t\t\t\t\t\t\t\t\t\t\t\t\t\t<li><a  target=\"_blank\"  href=\"https:\/\/gatea.org\/equipo-gatea\/raquel-ayuda-pascual\/\"><i class=\"fa fa-globe\"><\/i><\/a><\/li>\n\t\t\t\t\t\t\t\t\t\t\t\t\t\t\t\t\t\t\t\t\t\t\t\t\t<\/ul>\n\t\t\t\t\t\t\t\t\t\t\t<\/div>\n\t\t\t\t\t\t\t\t\t\t<\/div>\n\t\t\t\t\t\t\t\t\t<\/div>\n\t\t\t\t\t\t\t\t<\/div>\n\t\t\t\t\t\t\t<\/div>\n\t\t\t\t\t\t<\/div>\n\t\t\t\t\t<\/div>\n\t\t\t\t\t\t\t\t\n\t\t\t\t<div class=\"ova-content\">\n\t\t\t\t\t<a class=\"name second_font\" href=\"#\">\n\t\t\t\t\t\tRaquel Ayuda\t\t\t\t\t<\/a>\n\t\t\t\t\t\t\t\t\t\t\t<div class=\"skill\"> \n\t\t\t\t\t\t\tLicenciada en Psicolog\u00eda y socia fundadora del Centro Deletrea\t\t\t\t\t\t<\/div>\n\t\t\t\t\t\t\t\t\t\t\t\t\t\t\t\t\t\t\t<\/div>\n\t\t\t\t\n\t\t\t<\/div>\n\t\t<\/div>\n\t\t\t\t<\/div>\n\t\t\t\t<\/div>\n\t\t\t\t<div class=\"elementor-element elementor-element-67d4091 elementor-widget elementor-widget-ova_artist\" data-id=\"67d4091\" data-element_type=\"widget\" data-widget_type=\"ova_artist.default\">\n\t\t\t\t<div class=\"elementor-widget-container\">\n\t\t\t\t\t<div class=\"ova-speakers\">\n\t\t\t<div class=\"items-speakers version_1\">\n\t\t\t\t<div class=\"ova-media pop-media\">\n\t\t\t\t\t<a class=\"img\" href=\"#\">\n\t\t\t\t\t\t<img decoding=\"async\" src=\"https:\/\/congreso.autismosevilla.org\/wp-content\/uploads\/2021\/12\/jaime.jpg\" alt=\"\">\n\t\t\t\t\t<\/a>\n\t\t\t\t<\/div>\n\n\t\t\t\t\t\t\t\t\t<div class=\"popup_volunteer\">\t\t\t\t\t\n\t\t\t\t\t\t<a class=\"view_volunteer\"><i class=\"icon_plus\"><\/i><\/a>\n\t\t\t\t\t\t<div class=\"content_popup\">\n\t\t\t\t\t\t\t<div class=\"container bgr-popup\">\n\t\t\t\t\t\t\t\t<span class=\"btn_close icon_close\"><\/span>\n\t\t\t\t\t\t\t\t<div class=\"row\">\n\t\t\t\t\t\t\t\t\t<div class=\"col-lg-6 col-md-4\">\n\t\t\t\t\t\t\t\t\t\t<div class=\"volunteer-popup-img\">\n\t\t\t\t\t\t\t\t\t\t\t<img decoding=\"async\" src=\"https:\/\/congreso.autismosevilla.org\/wp-content\/uploads\/2021\/12\/jaime.jpg\" alt=\"Jaime de la Fuente\">\n\t\t\t\t\t\t\t\t\t\t<\/div>\n\t\t\t\t\t\t\t\t\t<\/div>\n\t\t\t\t\t\t\t\t\t<div class=\"col-lg-6 col-md-8\">\n\t\t\t\t\t\t\t\t\t\t<div class=\"volunteer-popup-content\">\n\t\t\t\t\t\t\t\t\t\t\t<h3 class=\"second_font\">Jaime de la Fuente<\/h3>\n\t\t\t\t\t\t\t\t\t\t\t<span class=\"job\">Psic\u00f3logo de los servicios de adultos de Autismo Sevilla<\/span>\n\t\t\t\t\t\t\t\t\t\t\t<p>Licenciado en Psicolog\u00eda por la Universidad de Sevilla. Especializado en personas con Autismo en la etapa adulta con m\u00e1s de 20 a\u00f1os de experiencia. Psic\u00f3logo de los servicios de adultos de Autismo Sevilla. Docente en cursos organizados por la Asociaci\u00f3n Autismo Sevilla y por otras entidades del sector. Miembro de la Asociaci\u00f3n Espa\u00f1ola AETAPI.\n<\/p>\n\t\t\t\t\t\t\t\t\t\t\t<div class=\"list-con\">\n\t\t\t\t\t\t\t\t\t\t\t\t<ul>\n\t\t\t\t\t\t\t\t\t\t\t\t\t\n\t\t\t\t\t\t\t\t\t\t\t\t\t\t\t\t\t\t\t\t\t\t\t\t\t\t\t\t<li><a  target=\"_blank\"  href=\"https:\/\/autismosevilla.org\/\"><i class=\"fa fa-globe\"><\/i><\/a><\/li>\n\t\t\t\t\t\t\t\t\t\t\t\t\t\t\t\t\t\t\t\t\t\t\t\t\t<\/ul>\n\t\t\t\t\t\t\t\t\t\t\t<\/div>\n\t\t\t\t\t\t\t\t\t\t<\/div>\n\t\t\t\t\t\t\t\t\t<\/div>\n\t\t\t\t\t\t\t\t<\/div>\n\t\t\t\t\t\t\t<\/div>\n\t\t\t\t\t\t<\/div>\n\t\t\t\t\t<\/div>\n\t\t\t\t\t\t\t\t\n\t\t\t\t<div class=\"ova-content\">\n\t\t\t\t\t<a class=\"name second_font\" href=\"#\">\n\t\t\t\t\t\tJaime de la Fuente\t\t\t\t\t<\/a>\n\t\t\t\t\t\t\t\t\t\t\t<div class=\"skill\"> \n\t\t\t\t\t\t\tPsic\u00f3logo de los servicios de adultos de Autismo Sevilla\t\t\t\t\t\t<\/div>\n\t\t\t\t\t\t\t\t\t\t\t\t\t\t\t\t\t\t\t<\/div>\n\t\t\t\t\n\t\t\t<\/div>\n\t\t<\/div>\n\t\t\t\t<\/div>\n\t\t\t\t<\/div>\n\t\t\t\t<div class=\"elementor-element elementor-element-b7d1c34 elementor-widget elementor-widget-ova_artist\" data-id=\"b7d1c34\" data-element_type=\"widget\" data-widget_type=\"ova_artist.default\">\n\t\t\t\t<div class=\"elementor-widget-container\">\n\t\t\t\t\t<div class=\"ova-speakers\">\n\t\t\t<div class=\"items-speakers version_1\">\n\t\t\t\t<div class=\"ova-media pop-media\">\n\t\t\t\t\t<a class=\"img\" href=\"#\">\n\t\t\t\t\t\t<img decoding=\"async\" src=\"https:\/\/congreso.autismosevilla.org\/wp-content\/uploads\/2022\/01\/Foto_RubenPalomo_2022.jpg\" alt=\"\">\n\t\t\t\t\t<\/a>\n\t\t\t\t<\/div>\n\n\t\t\t\t\t\t\t\t\t<div class=\"popup_volunteer\">\t\t\t\t\t\n\t\t\t\t\t\t<a class=\"view_volunteer\"><i class=\"icon_plus\"><\/i><\/a>\n\t\t\t\t\t\t<div class=\"content_popup\">\n\t\t\t\t\t\t\t<div class=\"container bgr-popup\">\n\t\t\t\t\t\t\t\t<span class=\"btn_close icon_close\"><\/span>\n\t\t\t\t\t\t\t\t<div class=\"row\">\n\t\t\t\t\t\t\t\t\t<div class=\"col-lg-6 col-md-4\">\n\t\t\t\t\t\t\t\t\t\t<div class=\"volunteer-popup-img\">\n\t\t\t\t\t\t\t\t\t\t\t<img decoding=\"async\" src=\"https:\/\/congreso.autismosevilla.org\/wp-content\/uploads\/2022\/01\/Foto_RubenPalomo_2022.jpg\" alt=\"Jaime de la Fuente\">\n\t\t\t\t\t\t\t\t\t\t<\/div>\n\t\t\t\t\t\t\t\t\t<\/div>\n\t\t\t\t\t\t\t\t\t<div class=\"col-lg-6 col-md-8\">\n\t\t\t\t\t\t\t\t\t\t<div class=\"volunteer-popup-content\">\n\t\t\t\t\t\t\t\t\t\t\t<h3 class=\"second_font\">Jaime de la Fuente<\/h3>\n\t\t\t\t\t\t\t\t\t\t\t<span class=\"job\">Psic\u00f3logo Universidad Complutense de Madrid<\/span>\n\t\t\t\t\t\t\t\t\t\t\t<p>Actualmente trabaja en el Dto. de Psicolog\u00eda Experimental, Procesos Cognitivos y Logopedia en la Facultad de Psicolog\u00eda de la Universidad Complutense de Madrid. Lleva algo m\u00e1s de 20 a\u00f1os trabajando en el \u00e1mbito del autismo. Concretamente se ha especializado en el desarrollo social y comunicativo t\u00edpico y at\u00edpico y en varios campos afines, como son la detecci\u00f3n , la evaluaci\u00f3n y la intervenci\u00f3n temprana en los trastornos del neurodesarrollo, as\u00ed como en la explicaci\u00f3n te\u00f3rica del autismo. Su carrera profesional se vincula tanto al \u00e1mbito aplicado como a la investigaci\u00f3n y docencia Universitaria. En el \u00e1mbito aplicado, ha trabajado para varias asociaciones de familiares de personas con TEA (Cepri, PAUTA, Fund. Miradas) y en el Equipo IRIDIA. Desde 2012 es Vocal en la Junta Directiva de la Asociaci\u00f3n Espa\u00f1ola de Profesionales del Autismo (AETAPI). Ha participado en m\u00faltiples proyectos de investigaci\u00f3n, todos ellos con tem\u00e1ticas vinculadas al desarrollo temprano del autismo, a su detecci\u00f3n o a la intervenci\u00f3n temprana. Actualmente dirige el proyecto de investigaci\u00f3n \u201cLa detecci\u00f3n de Autismo en ni\u00f1os menores de 18 meses: validaci\u00f3n del First Year Inventory y an\u00e1lisis de diferentes estrategias de detecci\u00f3n\u201d y es miembro del grupo de investigaci\u00f3n Trayectorias de desarrollo de beb\u00e9s en riesgo de presentar autismo (TRABERITEA). Ha publicado diversos art\u00edculos en revistas nacionales e internacionales de prestigio, as\u00ed como divulgativas sobre autismo y es autor del libro \u201cAutismo: teor\u00edas explicativas actuales\u201d.<\/p>\n\t\t\t\t\t\t\t\t\t\t\t<div class=\"list-con\">\n\t\t\t\t\t\t\t\t\t\t\t\t<ul>\n\t\t\t\t\t\t\t\t\t\t\t\t\t\n\t\t\t\t\t\t\t\t\t\t\t\t\t\t\t\t\t\t\t\t\t\t\t\t\t\t\t\t<li><a  target=\"_blank\"  href=\"https:\/\/www.ucm.es\/directorio?id=28022\"><i class=\"fa fa-globe\"><\/i><\/a><\/li>\n\t\t\t\t\t\t\t\t\t\t\t\t\t\t\t\t\t\t\t\t\t\t\t\t\t<\/ul>\n\t\t\t\t\t\t\t\t\t\t\t<\/div>\n\t\t\t\t\t\t\t\t\t\t<\/div>\n\t\t\t\t\t\t\t\t\t<\/div>\n\t\t\t\t\t\t\t\t<\/div>\n\t\t\t\t\t\t\t<\/div>\n\t\t\t\t\t\t<\/div>\n\t\t\t\t\t<\/div>\n\t\t\t\t\t\t\t\t\n\t\t\t\t<div class=\"ova-content\">\n\t\t\t\t\t<a class=\"name second_font\" href=\"#\">\n\t\t\t\t\t\tRub\u00e9n Palomo\t\t\t\t\t<\/a>\n\t\t\t\t\t\t\t\t\t\t\t<div class=\"skill\"> \n\t\t\t\t\t\t\tPsic\u00f3logo Universidad Complutense de Madrid\t\t\t\t\t\t<\/div>\n\t\t\t\t\t\t\t\t\t\t\t\t\t\t\t\t\t\t\t<\/div>\n\t\t\t\t\n\t\t\t<\/div>\n\t\t<\/div>\n\t\t\t\t<\/div>\n\t\t\t\t<\/div>\n\t\t\t\t<div class=\"elementor-element elementor-element-f6fb824 elementor-widget elementor-widget-ova_artist\" data-id=\"f6fb824\" data-element_type=\"widget\" data-widget_type=\"ova_artist.default\">\n\t\t\t\t<div class=\"elementor-widget-container\">\n\t\t\t\t\t<div class=\"ova-speakers\">\n\t\t\t<div class=\"items-speakers version_1\">\n\t\t\t\t<div class=\"ova-media pop-media\">\n\t\t\t\t\t<a class=\"img\" href=\"#\">\n\t\t\t\t\t\t<img decoding=\"async\" src=\"https:\/\/congreso.autismosevilla.org\/wp-content\/uploads\/2021\/12\/teapolis.jpeg\" alt=\"\">\n\t\t\t\t\t<\/a>\n\t\t\t\t<\/div>\n\n\t\t\t\t\t\t\t\t\t<div class=\"popup_volunteer\">\t\t\t\t\t\n\t\t\t\t\t\t<a class=\"view_volunteer\"><i class=\"icon_plus\"><\/i><\/a>\n\t\t\t\t\t\t<div class=\"content_popup\">\n\t\t\t\t\t\t\t<div class=\"container bgr-popup\">\n\t\t\t\t\t\t\t\t<span class=\"btn_close icon_close\"><\/span>\n\t\t\t\t\t\t\t\t<div class=\"row\">\n\t\t\t\t\t\t\t\t\t<div class=\"col-lg-6 col-md-4\">\n\t\t\t\t\t\t\t\t\t\t<div class=\"volunteer-popup-img\">\n\t\t\t\t\t\t\t\t\t\t\t<img decoding=\"async\" src=\"https:\/\/congreso.autismosevilla.org\/wp-content\/uploads\/2021\/12\/teapolis.jpeg\" alt=\"TEApolis\">\n\t\t\t\t\t\t\t\t\t\t<\/div>\n\t\t\t\t\t\t\t\t\t<\/div>\n\t\t\t\t\t\t\t\t\t<div class=\"col-lg-6 col-md-8\">\n\t\t\t\t\t\t\t\t\t\t<div class=\"volunteer-popup-content\">\n\t\t\t\t\t\t\t\t\t\t\t<h3 class=\"second_font\">TEApolis<\/h3>\n\t\t\t\t\t\t\t\t\t\t\t<span class=\"job\">Grupo de autogestores<\/span>\n\t\t\t\t\t\t\t\t\t\t\t<p>TEApolis es un grupo de autogestores organizado por y para las personas con Autismo.\nPromueve los valores de la inclusi\u00f3n, la autodeterminaci\u00f3n y la participaci\u00f3n plena de las personas con Autismo y discapacidad dentro de su comunidad.<\/p>\n\t\t\t\t\t\t\t\t\t\t\t<div class=\"list-con\">\n\t\t\t\t\t\t\t\t\t\t\t\t<ul>\n\t\t\t\t\t\t\t\t\t\t\t\t\t\n\t\t\t\t\t\t\t\t\t\t\t\t\t\t\t\t\t\t\t\t\t\t\t\t\t\t\t\t<li><a  target=\"_blank\"  href=\"https:\/\/www.apoyoautismochileepaa.cl\/\"><i class=\"fa fa-globe\"><\/i><\/a><\/li>\n\t\t\t\t\t\t\t\t\t\t\t\t\t\t\t\t\t\t\t\t\t\t\t\t\t<\/ul>\n\t\t\t\t\t\t\t\t\t\t\t<\/div>\n\t\t\t\t\t\t\t\t\t\t<\/div>\n\t\t\t\t\t\t\t\t\t<\/div>\n\t\t\t\t\t\t\t\t<\/div>\n\t\t\t\t\t\t\t<\/div>\n\t\t\t\t\t\t<\/div>\n\t\t\t\t\t<\/div>\n\t\t\t\t\t\t\t\t\n\t\t\t\t<div class=\"ova-content\">\n\t\t\t\t\t<a class=\"name second_font\" href=\"#\">\n\t\t\t\t\t\tTEApolis\t\t\t\t\t<\/a>\n\t\t\t\t\t\t\t\t\t\t\t<div class=\"skill\"> \n\t\t\t\t\t\t\tGrupo de autogestores\t\t\t\t\t\t<\/div>\n\t\t\t\t\t\t\t\t\t\t\t\t\t\t\t\t\t\t\t<\/div>\n\t\t\t\t\n\t\t\t<\/div>\n\t\t<\/div>\n\t\t\t\t<\/div>\n\t\t\t\t<\/div>\n\t\t\t\t\t<\/div>\n\t\t<\/div>\n\t\t\t\t\t\t\t<\/div>\n\t\t<\/section>\n\t\t\t\t<section class=\"elementor-section elementor-top-section elementor-element elementor-element-cb49c87 elementor-section-boxed elementor-section-height-default elementor-section-height-default\" data-id=\"cb49c87\" data-element_type=\"section\">\n\t\t\t\t\t\t<div class=\"elementor-container elementor-column-gap-default\">\n\t\t\t\t\t<div class=\"elementor-column elementor-col-50 elementor-top-column elementor-element elementor-element-7f4ce80\" data-id=\"7f4ce80\" data-element_type=\"column\">\n\t\t\t<div class=\"elementor-widget-wrap elementor-element-populated\">\n\t\t\t\t\t\t\t\t<div class=\"elementor-element elementor-element-1f45708 elementor-widget elementor-widget-ova_heading\" data-id=\"1f45708\" data-element_type=\"widget\" data-widget_type=\"ova_heading.default\">\n\t\t\t\t<div class=\"elementor-widget-container\">\n\t\t\t\t\t<div class=\"ova_heading\">\n\t\t\t\t\t\t\t<h1 class=\"heading_title second_font\">Direcci\u00f3n del Congreso<\/h1>\n\t\t\t\t\t\t\t\t<\/div>\n\t\t\t\t<\/div>\n\t\t\t\t<\/div>\n\t\t\t\t<div class=\"elementor-element elementor-element-faf0b5f lifevent-tab-contact elementor-tabs-view-horizontal elementor-widget elementor-widget-tabs\" data-id=\"faf0b5f\" data-element_type=\"widget\" data-widget_type=\"tabs.default\">\n\t\t\t\t<div class=\"elementor-widget-container\">\n\t\t\t\t\t<div class=\"elementor-tabs\">\n\t\t\t<div class=\"elementor-tabs-wrapper\" role=\"tablist\" >\n\t\t\t\t\t\t\t\t\t<div id=\"elementor-tab-title-2631\" class=\"elementor-tab-title elementor-tab-desktop-title\" aria-selected=\"true\" data-tab=\"1\" role=\"tab\" tabindex=\"0\" aria-controls=\"elementor-tab-content-2631\" aria-expanded=\"false\">Lugar y horario<\/div>\n\t\t\t\t\t\t\t\t\t<div id=\"elementor-tab-title-2632\" class=\"elementor-tab-title elementor-tab-desktop-title\" aria-selected=\"false\" data-tab=\"2\" role=\"tab\" tabindex=\"-1\" aria-controls=\"elementor-tab-content-2632\" aria-expanded=\"false\">Transporte y alojamiento. <\/div>\n\t\t\t\t\t\t\t<\/div>\n\t\t\t<div class=\"elementor-tabs-content-wrapper\" role=\"tablist\" aria-orientation=\"vertical\">\n\t\t\t\t\t\t\t\t\t<div class=\"elementor-tab-title elementor-tab-mobile-title\" aria-selected=\"true\" data-tab=\"1\" role=\"tab\" tabindex=\"0\" aria-controls=\"elementor-tab-content-2631\" aria-expanded=\"false\">Lugar y horario<\/div>\n\t\t\t\t\t<div id=\"elementor-tab-content-2631\" class=\"elementor-tab-content elementor-clearfix\" data-tab=\"1\" role=\"tabpanel\" aria-labelledby=\"elementor-tab-title-2631\" tabindex=\"0\" hidden=\"false\"><p><b>Fecha<\/b>: 12 y 13 de Mayo de 2022.<br><b>Horario<\/b>: Por determinar (Jueves a partir de mediod\u00eda y Viernes el d\u00eda completo)<br><b>Location<\/b>:<b> <\/b>Sal\u00f3n de Actos de la Facultad de Psicolog\u00eda. Universidad de Sevilla,<\/p><\/div>\n\t\t\t\t\t\t\t\t\t<div class=\"elementor-tab-title elementor-tab-mobile-title\" aria-selected=\"false\" data-tab=\"2\" role=\"tab\" tabindex=\"-1\" aria-controls=\"elementor-tab-content-2632\" aria-expanded=\"false\">Transporte y alojamiento. <\/div>\n\t\t\t\t\t<div id=\"elementor-tab-content-2632\" class=\"elementor-tab-content elementor-clearfix\" data-tab=\"2\" role=\"tabpanel\" aria-labelledby=\"elementor-tab-title-2632\" tabindex=\"0\" hidden=\"hidden\"><p>Pr\u00f3ximamente&#8230;<\/p><\/div>\n\t\t\t\t\t\t\t<\/div>\n\t\t<\/div>\n\t\t\t\t<\/div>\n\t\t\t\t<\/div>\n\t\t\t\t\t<\/div>\n\t\t<\/div>\n\t\t\t\t<div class=\"elementor-column elementor-col-50 elementor-top-column elementor-element elementor-element-bbced81\" data-id=\"bbced81\" data-element_type=\"column\">\n\t\t\t<div class=\"elementor-widget-wrap elementor-element-populated\">\n\t\t\t\t\t\t\t\t<div class=\"elementor-element elementor-element-4ea5187 elementor-widget elementor-widget-google_maps\" data-id=\"4ea5187\" data-element_type=\"widget\" data-widget_type=\"google_maps.default\">\n\t\t\t\t<div class=\"elementor-widget-container\">\n\t\t\t\t\t<div class=\"elementor-custom-embed\">\n\t\t\t<iframe frameborder=\"0\" scrolling=\"no\" marginheight=\"0\" marginwidth=\"0\"\n\t\t\t\t\tsrc=\"https:\/\/www.google.com\/maps\/embed\/v1\/place?key=AIzaSyBaXINffNPnmrub5eVWc4ggT9PVTzL8NB4&#038;q=Facultad%20Psisoclog%C3%ADa%20Universidad%20de%20Sevilla&#038;zoom=19\"\n\t\t\t\t\ttitle=\"Facultad Psisoclog\u00eda Universidad de Sevilla\"\n\t\t\t\t\taria-label=\"Facultad Psisoclog\u00eda Universidad de Sevilla\"\n\t\t\t><\/iframe>\n\t\t<\/div>\n\t\t\t\t<\/div>\n\t\t\t\t<\/div>\n\t\t\t\t\t<\/div>\n\t\t<\/div>\n\t\t\t\t\t\t\t<\/div>\n\t\t<\/section>\n\t\t\t\t\t\t<\/div>\n\t\t\t\t\t<\/div>\n\t\t","protected":false},"excerpt":{"rendered":"<p>Slide 1 \u00ab> 12 y 13 de Mayo, 2022SevillaII Congreso Internacional Autismo SevillaInscripciones Colaboradores II Congreso Internacional Autismo Sevilla celebra su II Congreso Internacional con la presencia de ponentes de gran renombre. Los d\u00edas 12 y 13 de mayo y celebrado desde el Sal\u00f3n de Actos de la Facultad de Psicolog\u00eda de Sevilla, se emitir\u00e1 [&hellip;]<\/p>\n","protected":false},"author":1,"featured_media":0,"parent":0,"menu_order":0,"comment_status":"closed","ping_status":"closed","template":"elementor_header_footer","meta":[],"_links":{"self":[{"href":"https:\/\/congreso.autismosevilla.org\/index.php?rest_route=\/wp\/v2\/pages\/5063"}],"collection":[{"href":"https:\/\/congreso.autismosevilla.org\/index.php?rest_route=\/wp\/v2\/pages"}],"about":[{"href":"https:\/\/congreso.autismosevilla.org\/index.php?rest_route=\/wp\/v2\/types\/page"}],"author":[{"embeddable":true,"href":"https:\/\/congreso.autismosevilla.org\/index.php?rest_route=\/wp\/v2\/users\/1"}],"replies":[{"embeddable":true,"href":"https:\/\/congreso.autismosevilla.org\/index.php?rest_route=%2Fwp%2Fv2%2Fcomments&post=5063"}],"version-history":[{"count":470,"href":"https:\/\/congreso.autismosevilla.org\/index.php?rest_route=\/wp\/v2\/pages\/5063\/revisions"}],"predecessor-version":[{"id":6874,"href":"https:\/\/congreso.autismosevilla.org\/index.php?rest_route=\/wp\/v2\/pages\/5063\/revisions\/6874"}],"wp:attachment":[{"href":"https:\/\/congreso.autismosevilla.org\/index.php?rest_route=%2Fwp%2Fv2%2Fmedia&parent=5063"}],"curies":[{"name":"wp","href":"https:\/\/api.w.org\/{rel}","templated":true}]}}